{"id":48121,"date":"2024-11-05T13:47:12","date_gmt":"2024-11-05T11:47:12","guid":{"rendered":"https:\/\/www.isolena.com\/?post_type=thegem_pf_item&#038;p=48121"},"modified":"2026-02-18T10:49:01","modified_gmt":"2026-02-18T08:49:01","slug":"materska-skola-atzenbrugg","status":"publish","type":"thegem_pf_item","link":"https:\/\/www.isolena.com\/cs\/pf\/kindergarten-atzenbrugg\/","title":{"rendered":"Mate\u0159sk\u00e1 \u0161kola Atzenbrugg, AT"},"content":{"rendered":"\t\t<div data-elementor-type=\"wp-post\" data-elementor-id=\"48121\" class=\"elementor elementor-48121\" data-elementor-post-type=\"thegem_pf_item\">\n\t\t\t\t<div class=\"elementor-element elementor-element-1c3f52b1 thegem-e-con-layout-elementor e-flex e-con-boxed e-con e-parent\" data-id=\"1c3f52b1\" data-element_type=\"container\" data-e-type=\"container\" data-settings=\"{&quot;thegem_container_layout&quot;:&quot;elementor&quot;}\">\r\n\t\t\t\t\t<div class=\"e-con-inner\">\r\n\t\t\t\t<div class=\"elementor-element elementor-element-165de4c5 flex-horizontal-align-default flex-horizontal-align-tablet-default flex-horizontal-align-mobile-default flex-vertical-align-default flex-vertical-align-tablet-default flex-vertical-align-mobile-default elementor-invisible elementor-widget elementor-widget-heading\" data-id=\"165de4c5\" data-element_type=\"widget\" data-e-type=\"widget\" data-settings=\"{&quot;_animation&quot;:&quot;fadeInUp&quot;}\" data-widget_type=\"heading.default\">\n\t\t\t\t<div class=\"elementor-widget-container\">\n\t\t\t\t\t<div class=\"default elementor-heading-title elementor-size-default\">Landeskindergarten und Tagesbetreuungseinrichtung, AT-3452 Atzenbrugg<\/div>\t\t\t\t<\/div>\n\t\t\t\t<\/div>\n\t\t\t\t<div class=\"elementor-element elementor-element-fae0974 flex-horizontal-align-default flex-horizontal-align-tablet-default flex-horizontal-align-mobile-default flex-vertical-align-default flex-vertical-align-tablet-default flex-vertical-align-mobile-default elementor-widget elementor-widget-heading\" data-id=\"fae0974\" data-element_type=\"widget\" data-e-type=\"widget\" data-widget_type=\"heading.default\">\n\t\t\t\t<div class=\"elementor-widget-container\">\n\t\t\t\t\t<h1 class=\"elementor-heading-title elementor-size-default\">Kindergarten Atzenbrugg<\/h1>\t\t\t\t<\/div>\n\t\t\t\t<\/div>\n\t\t\t\t\t<\/div>\n\t\t\t\t<\/div>\n\t\t<div class=\"elementor-element elementor-element-1d2b87b6 thegem-e-con-layout-elementor e-flex e-con-boxed e-con e-parent\" data-id=\"1d2b87b6\" data-element_type=\"container\" data-e-type=\"container\" data-settings=\"{&quot;thegem_container_layout&quot;:&quot;elementor&quot;}\">\r\n\t\t\t\t\t<div class=\"e-con-inner\">\r\n\t\t\t\t<div class=\"elementor-element elementor-element-7c665bd3 elementor-arrows-position-inside elementor-pagination-position-outside flex-horizontal-align-default flex-horizontal-align-tablet-default flex-horizontal-align-mobile-default flex-vertical-align-default flex-vertical-align-tablet-default flex-vertical-align-mobile-default elementor-invisible elementor-widget elementor-widget-image-carousel\" data-id=\"7c665bd3\" data-element_type=\"widget\" data-e-type=\"widget\" data-settings=\"{&quot;slides_to_show&quot;:&quot;1&quot;,&quot;autoplay_speed&quot;:&quot;4000&quot;,&quot;_animation&quot;:&quot;fadeInUp&quot;,&quot;navigation&quot;:&quot;both&quot;,&quot;autoplay&quot;:&quot;yes&quot;,&quot;pause_on_hover&quot;:&quot;yes&quot;,&quot;pause_on_interaction&quot;:&quot;yes&quot;,&quot;infinite&quot;:&quot;yes&quot;,&quot;effect&quot;:&quot;slide&quot;,&quot;speed&quot;:500}\" data-widget_type=\"image-carousel.default\">\n\t\t\t\t<div class=\"elementor-widget-container\">\n\t\t\t\t\t\t\t<div class=\"elementor-image-carousel-wrapper swiper\" role=\"region\" aria-roledescription=\"carousel\" aria-label=\"Image Carousel\" dir=\"ltr\">\n\t\t\t<div class=\"elementor-image-carousel swiper-wrapper\" aria-live=\"off\">\n\t\t\t\t\t\t\t\t<div class=\"swiper-slide\" role=\"group\" aria-roledescription=\"slide\" aria-label=\"1 z 4\"><figure class=\"swiper-slide-inner\"><img class=\"swiper-slide-image\" src=\"https:\/\/www.isolena.com\/wp-content\/uploads\/2024\/12\/lm-4320_referenz_atzenbrugg_image_slider_1.jpg\" alt=\"Kindergarten Atzenbrugg\" \/><figcaption class=\"elementor-image-carousel-caption\">Kindergarten Atzenbrugg<\/figcaption><\/figure><\/div><div class=\"swiper-slide\" role=\"group\" aria-roledescription=\"slide\" aria-label=\"2 z 4\"><figure class=\"swiper-slide-inner\"><img class=\"swiper-slide-image\" src=\"https:\/\/www.isolena.com\/wp-content\/uploads\/2024\/12\/lm-4320_referenz_atzenbrugg_image_slider_2.jpg\" alt=\"Kindergarten Atzenbrugg\" \/><figcaption class=\"elementor-image-carousel-caption\">Einsatz von ISOLENA Schafwolld\u00e4mmung in der Au\u00dfenfassade<\/figcaption><\/figure><\/div><div class=\"swiper-slide\" role=\"group\" aria-roledescription=\"slide\" aria-label=\"3 z 4\"><figure class=\"swiper-slide-inner\"><img class=\"swiper-slide-image\" src=\"https:\/\/www.isolena.com\/wp-content\/uploads\/2024\/12\/lm-4320_referenz_atzenbrugg_image_slider_3.jpg\" alt=\"Bau im Jahre 2022\" \/><figcaption class=\"elementor-image-carousel-caption\">Au\u00dfend\u00e4mmung mit ISOLENA Premium<\/figcaption><\/figure><\/div><div class=\"swiper-slide\" role=\"group\" aria-roledescription=\"slide\" aria-label=\"4 z 4\"><figure class=\"swiper-slide-inner\"><img class=\"swiper-slide-image\" src=\"https:\/\/www.isolena.com\/wp-content\/uploads\/2024\/12\/lm-4320_referenz_atzenbrugg_image_slider_6.jpg\" alt=\"trockene Schafwolld\u00e4mmung\" \/><figcaption class=\"elementor-image-carousel-caption\">Getrocknete Schafwolle aus der Au\u00dfenfassade<\/figcaption><\/figure><\/div>\t\t\t<\/div>\n\t\t\t\t\t\t\t\t\t\t\t\t<div class=\"elementor-swiper-button elementor-swiper-button-prev\" role=\"button\" tabindex=\"0\">\n\t\t\t\t\t\t<svg aria-hidden=\"true\" class=\"e-font-icon-svg e-eicon-chevron-left\" viewBox=\"0 0 1000 1000\" xmlns=\"http:\/\/www.w3.org\/2000\/svg\"><path d=\"M646 125C629 125 613 133 604 142L308 442C296 454 292 471 292 487 292 504 296 521 308 533L604 854C617 867 629 875 646 875 663 875 679 871 692 858 704 846 713 829 713 812 713 796 708 779 692 767L438 487 692 225C700 217 708 204 708 187 708 171 704 154 692 142 675 129 663 125 646 125Z\"><\/path><\/svg>\t\t\t\t\t<\/div>\n\t\t\t\t\t<div class=\"elementor-swiper-button elementor-swiper-button-next\" role=\"button\" tabindex=\"0\">\n\t\t\t\t\t\t<svg aria-hidden=\"true\" class=\"e-font-icon-svg e-eicon-chevron-right\" viewBox=\"0 0 1000 1000\" xmlns=\"http:\/\/www.w3.org\/2000\/svg\"><path d=\"M696 533C708 521 713 504 713 487 713 471 708 454 696 446L400 146C388 133 375 125 354 125 338 125 325 129 313 142 300 154 292 171 292 187 292 204 296 221 308 233L563 492 304 771C292 783 288 800 288 817 288 833 296 850 308 863 321 871 338 875 354 875 371 875 388 867 400 854L696 533Z\"><\/path><\/svg>\t\t\t\t\t<\/div>\n\t\t\t\t\n\t\t\t\t\t\t\t\t\t<div class=\"swiper-pagination\"><\/div>\n\t\t\t\t\t\t\t\t\t<\/div>\n\t\t\t\t\t\t<\/div>\n\t\t\t\t<\/div>\n\t\t\t\t\t<\/div>\n\t\t\t\t<\/div>\n\t\t<div class=\"elementor-element elementor-element-55ac96d3 thegem-e-con-layout-elementor e-flex e-con-boxed e-con e-parent\" data-id=\"55ac96d3\" data-element_type=\"container\" data-e-type=\"container\" data-settings=\"{&quot;thegem_container_layout&quot;:&quot;elementor&quot;}\">\r\n\t\t\t\t\t<div class=\"e-con-inner\">\r\n\t\t<div class=\"elementor-element elementor-element-521c3ea e-con-full thegem-e-con-layout-elementor e-flex e-con e-child\" data-id=\"521c3ea\" data-element_type=\"container\" data-e-type=\"container\" data-settings=\"{&quot;thegem_container_layout&quot;:&quot;elementor&quot;}\">\r\n\t\t\t\t<div class=\"elementor-element elementor-element-6b923ef2 flex-horizontal-align-default flex-horizontal-align-tablet-default flex-horizontal-align-mobile-default flex-vertical-align-default flex-vertical-align-tablet-default flex-vertical-align-mobile-default elementor-widget elementor-widget-text-editor\" data-id=\"6b923ef2\" data-element_type=\"widget\" data-e-type=\"widget\" data-widget_type=\"text-editor.default\">\n\t\t\t\t<div class=\"elementor-widget-container\">\n\t\t\t\t\t\t\t\t\t\t\t\t<div class=\"elementor-text-editor elementor-clearfix\">\r\n\t\t\t\t\t\t<p><strong>Im Jahr 2022 wurde das Gemeindeprojekt des neuen Kindergartens in Atzenbrugg erfolgreich abgeschlossen, wobei ein besonderer Fokus auf eine nachhaltige, gesunde und regionale Bauweise gelegt wurde.<\/strong><\/p><p>Durch den <strong>hohen Holzanteil<\/strong> der verwendeten Materialien konnte eine <strong>Einsparung von 581 t CO\u2082<\/strong>\u00a0erzielt werden, was einen erheblichen Beitrag zum Umweltschutz leistet.<\/p><p>Ein weiteres zentrales Element dieses Projekts war der Einsatz von <a href=\"https:\/\/www.isolena.com\/de\/schafwolldaemmung-premium\/\"><strong>ISOLENA Premium<\/strong><\/a>, unserer hochwertigen Schafwolld\u00e4mmung, f\u00fcr die <strong>Au\u00dfend\u00e4mmung<\/strong> des Geb\u00e4udes. Dieses nat\u00fcrliche D\u00e4mmmaterial wurde bewusst gew\u00e4hlt, da es zahlreiche Vorteile bietet, die herk\u00f6mmliche Materialien oft nicht leisten k\u00f6nnen. Besonders eindrucksvoll war die <strong>Widerstandsf\u00e4higkeit der D\u00e4mmung<\/strong> bei einem unerwarteten Hochwasserereignis, dass den Kindergarten mit enormen Wassermassen konfrontierte und im Innenbereich des Geb\u00e4udes schwere Sch\u00e4den verursachte.<\/p><p>W\u00e4hrend die verbaute Mineralfaserd\u00e4mmung im Innenbereich vollst\u00e4ndig entfernt und ersetzt werden musste, zeigte die <strong>ISOLENA Schafwolld\u00e4mmung<\/strong> im Au\u00dfenbereich eine beeindruckende Best\u00e4ndigkeit. Dank ihrer nat\u00fcrlichen Eigenschaften trocknete die Schafwolle nach dem intensiven Wasserkontakt selbstst\u00e4ndig aus, ohne dabei ihre hervorragenden Eigenschaften einzub\u00fc\u00dfen. Die D\u00e4mmung behielt ihre W\u00e4rmeleitf\u00e4higkeit und trug dazu bei, das Geb\u00e4ude weiterhin effektiv zu isolieren. Zudem kam es weder zu Schimmelbildung noch zu unangenehmen Ger\u00fcchen.<\/p><p>Die Vorteile des Materials gehen weit \u00fcber die reine Widerstandsf\u00e4higkeit hinaus. Durch den Verzicht auf einen Austausch der Au\u00dfend\u00e4mmung konnten erhebliche <strong>Kosten, Zeit und Material<\/strong> eingespart werden. Dies zeigt, dass nachhaltige Materialien nicht nur \u00f6kologische, sondern auch wirtschaftliche Vorteile mit sich bringen. Die Investition in nat\u00fcrliche D\u00e4mmstoffe wie Schafwolle zahlt sich langfristig aus und bietet Sicherheit, <strong>selbst in Extremsituationen<\/strong>.<br \/><br \/><a href=\"https:\/\/elisabethschuh.com\/2023\/06\/01\/kindergarten-atzenbrugg\/\" target=\"_blank\" rel=\"noopener\">Hier findest du weitere Eindr\u00fccke der Referenz \u00bb<\/a><\/p>\t\t\t\t\t\t\t<\/div>\r\n\t\t\t\t\t\t\t\t\t\t<\/div>\n\t\t\t\t<\/div>\n\t\t\t\t<\/div>\n\t\t<div class=\"elementor-element elementor-element-3e3dc104 e-con-full thegem-e-con-layout-elementor e-flex e-con e-child\" data-id=\"3e3dc104\" data-element_type=\"container\" data-e-type=\"container\" data-settings=\"{&quot;background_background&quot;:&quot;classic&quot;,&quot;thegem_container_layout&quot;:&quot;elementor&quot;}\">\r\n\t\t\t\t<div class=\"elementor-element elementor-element-5bdaebdb flex-horizontal-align-default flex-horizontal-align-tablet-default flex-horizontal-align-mobile-default flex-vertical-align-default flex-vertical-align-tablet-default flex-vertical-align-mobile-default elementor-widget elementor-widget-text-editor\" data-id=\"5bdaebdb\" data-element_type=\"widget\" data-e-type=\"widget\" data-widget_type=\"text-editor.default\">\n\t\t\t\t<div class=\"elementor-widget-container\">\n\t\t\t\t\t\t\t\t\t\t\t\t<div class=\"elementor-text-editor elementor-clearfix\">\r\n\t\t\t\t\t\t<div><p><strong>Umgesetzt von:<\/strong><\/p><\/div>\t\t\t\t\t\t\t<\/div>\r\n\t\t\t\t\t\t\t\t\t\t<\/div>\n\t\t\t\t<\/div>\n\t\t\t\t<div class=\"elementor-element elementor-element-3a2f8034 flex-horizontal-align-default flex-horizontal-align-tablet-default flex-horizontal-align-mobile-default flex-vertical-align-default flex-vertical-align-tablet-default flex-vertical-align-mobile-default elementor-widget elementor-widget-text-editor\" data-id=\"3a2f8034\" data-element_type=\"widget\" data-e-type=\"widget\" data-widget_type=\"text-editor.default\">\n\t\t\t\t<div class=\"elementor-widget-container\">\n\t\t\t\t\t\t\t\t\t\t\t\t<div class=\"elementor-text-editor elementor-clearfix\">\r\n\t\t\t\t\t\t<p><strong>Bauherr \/ Auftraggeber<\/strong><br \/>Marktgemeinde Atzenbrugg<br \/>Beate Jilch<br \/><a href=\"https:\/\/www.atzenbrugg.at\/\" target=\"_blank\" rel=\"noopener\">www.atzenbrugg.at<\/a><\/p><p><strong>Architekten<br \/><\/strong>Architektin DI Elisabeth Schuh ZT GmbH<br \/>Elisabeth Schuh<br \/><a href=\"https:\/\/elisabethschuh.com\/\" target=\"_blank\" rel=\"noopener\">www.elisabethschuh.com<\/a><\/p><p><b>Produkt<br \/><\/b><a href=\"https:\/\/www.isolena.com\/de\/schafwolldaemmung-premium\/\">ISOLENA Premium<\/a><\/p>\t\t\t\t\t\t\t<\/div>\r\n\t\t\t\t\t\t\t\t\t\t<\/div>\n\t\t\t\t<\/div>\n\t\t\t\t<\/div>\n\t\t\t\t\t<\/div>\n\t\t\t\t<\/div>\n\t\t<div class=\"elementor-element elementor-element-55a0d11d thegem-e-con-layout-elementor e-flex e-con-boxed e-con e-parent\" data-id=\"55a0d11d\" data-element_type=\"container\" data-e-type=\"container\" data-settings=\"{&quot;thegem_container_layout&quot;:&quot;elementor&quot;}\">\r\n\t\t\t\t\t<div class=\"e-con-inner\">\r\n\t\t\t\t<div class=\"elementor-element elementor-element-450de234 flex-horizontal-align-default flex-horizontal-align-tablet-default flex-horizontal-align-mobile-default flex-vertical-align-default flex-vertical-align-tablet-default flex-vertical-align-mobile-default elementor-widget elementor-widget-heading\" data-id=\"450de234\" data-element_type=\"widget\" data-e-type=\"widget\" data-widget_type=\"heading.default\">\n\t\t\t\t<div class=\"elementor-widget-container\">\n\t\t\t\t\t<div class=\"default elementor-heading-title elementor-size-default\">Wissbegierig?<\/div>\t\t\t\t<\/div>\n\t\t\t\t<\/div>\n\t\t\t\t<div class=\"elementor-element elementor-element-57f70dfc flex-horizontal-align-default flex-horizontal-align-tablet-default flex-horizontal-align-mobile-default flex-vertical-align-default flex-vertical-align-tablet-default flex-vertical-align-mobile-default elementor-widget elementor-widget-heading\" data-id=\"57f70dfc\" data-element_type=\"widget\" data-e-type=\"widget\" data-widget_type=\"heading.default\">\n\t\t\t\t<div class=\"elementor-widget-container\">\n\t\t\t\t\t<h2 class=\"elementor-heading-title elementor-size-default\">Mehr zum Thema<\/h2>\t\t\t\t<\/div>\n\t\t\t\t<\/div>\n\t\t\t\t<div class=\"elementor-element elementor-element-6a78ff73 flex-horizontal-align-default flex-horizontal-align-tablet-default flex-horizontal-align-mobile-default flex-vertical-align-default flex-vertical-align-tablet-default flex-vertical-align-mobile-default elementor-widget elementor-widget-thegem-posts-carousel\" data-id=\"6a78ff73\" data-element_type=\"widget\" data-e-type=\"widget\" data-settings=\"{&quot;columns_desktop&quot;:&quot;3x&quot;,&quot;image_size&quot;:&quot;full&quot;,&quot;query_type&quot;:&quot;manual&quot;,&quot;select_posts_manual&quot;:[&quot;48041&quot;,&quot;37577&quot;,&quot;42992&quot;],&quot;additional_meta_click_behavior&quot;:&quot;disabled&quot;,&quot;blog_show_readmore_button&quot;:&quot;yes&quot;,&quot;blog_readmore_button_text&quot;:&quot;Mehr lesen&quot;,&quot;items_per_page&quot;:&quot;3&quot;,&quot;image_gaps&quot;:{&quot;unit&quot;:&quot;px&quot;,&quot;size&quot;:&quot;30&quot;,&quot;sizes&quot;:[]},&quot;blog_title_preset&quot;:&quot;text-body&quot;,&quot;caption_container_preset&quot;:&quot;white&quot;,&quot;readmore_button_size&quot;:&quot;small&quot;,&quot;readmore_button_border_type&quot;:&quot;solid&quot;,&quot;arrows_navigation_position&quot;:&quot;on&quot;,&quot;arrows_navigation_visibility&quot;:&quot;always&quot;,&quot;image_ratio&quot;:{&quot;unit&quot;:&quot;px&quot;,&quot;size&quot;:&quot;0.9&quot;,&quot;sizes&quot;:[]},&quot;skin_source&quot;:&quot;default&quot;,&quot;columns_tablet&quot;:&quot;2x&quot;,&quot;columns_mobile&quot;:&quot;1x&quot;,&quot;exclude_posts&quot;:&quot;manual&quot;,&quot;order_by&quot;:&quot;default&quot;,&quot;order&quot;:&quot;default&quot;,&quot;caption_position&quot;:&quot;page&quot;,&quot;image_hover_effect&quot;:&quot;default&quot;,&quot;blog_show_featured_image&quot;:&quot;yes&quot;,&quot;blog_show_title&quot;:&quot;yes&quot;,&quot;blog_show_description&quot;:&quot;yes&quot;,&quot;blog_show_categories&quot;:&quot;yes&quot;,&quot;additional_meta_type&quot;:&quot;taxonomies&quot;,&quot;additional_meta_taxonomies&quot;:&quot;category&quot;,&quot;readmore_button_link&quot;:&quot;default&quot;,&quot;show_arrows_navigation&quot;:&quot;yes&quot;,&quot;arrows_navigation_left_icon&quot;:{&quot;value&quot;:&quot;&quot;,&quot;library&quot;:&quot;&quot;},&quot;arrows_navigation_right_icon&quot;:{&quot;value&quot;:&quot;&quot;,&quot;library&quot;:&quot;&quot;},&quot;ignore_sticky_posts&quot;:&quot;yes&quot;,&quot;sliding_animation&quot;:&quot;default&quot;,&quot;autoscroll&quot;:&quot;no&quot;,&quot;skeleton_loader&quot;:&quot;yes&quot;,&quot;image_gaps_tablet&quot;:{&quot;unit&quot;:&quot;px&quot;,&quot;size&quot;:&quot;&quot;,&quot;sizes&quot;:[]},&quot;image_gaps_mobile&quot;:{&quot;unit&quot;:&quot;px&quot;,&quot;size&quot;:&quot;&quot;,&quot;sizes&quot;:[]},&quot;icon_hover_show&quot;:&quot;yes&quot;,&quot;icon_hover_icon&quot;:{&quot;value&quot;:&quot;&quot;,&quot;library&quot;:&quot;&quot;},&quot;title_tag&quot;:&quot;div&quot;,&quot;blog_description_preset&quot;:&quot;text-body&quot;,&quot;readmore_button_type&quot;:&quot;outline&quot;}\" data-widget_type=\"thegem-posts-carousel.default\">\n\t\t\t\t<div class=\"elementor-widget-container\">\n\t\t\t\t\t\t\t\t\t\t<div class=\"preloader skeleton-carousel\">\n\t\t\t\t\t\t<div class=\"skeleton\">\n\t\t\t\t\t\t\t<div class=\"skeleton-posts row portfolio-row\">\n\t\t\t\t\t\t\t\t\t<div class=\"portfolio-item col-xs-12 col-sm-6 col-md-4 owl-item post-hide-date post-has-author post-48121 thegem_pf_item type-thegem_pf_item status-publish has-post-thumbnail\">\r\n\t\t\t<\/div>\r\n\t<div class=\"portfolio-item col-xs-12 col-sm-6 col-md-4 owl-item post-hide-date post-has-author post-48121 thegem_pf_item type-thegem_pf_item status-publish has-post-thumbnail\">\r\n\t\t\t<\/div>\r\n\t<div class=\"portfolio-item col-xs-12 col-sm-6 col-md-4 owl-item post-hide-date post-has-author post-48121 thegem_pf_item type-thegem_pf_item status-publish has-post-thumbnail\">\r\n\t\t\t<\/div>\r\n\t\t\t\t\t\t\t<\/div>\n\t\t\t\t\t\t<\/div>\n\t\t\t\t\t<\/div>\n\t\t\t\t\t\t\t<div class=\"portfolio-preloader-wrapper\">\n\n\t\t\t\t\n\t\t\t\t<div class=\"portfolio portfolio-grid extended-portfolio-grid news-grid extended-posts-carousel extended-carousel-grid no-padding disable-isotope portfolio-style-justified background-style-white hover-new-default title-on-page caption-position-page version-new arrows-position-on         columns-tablet-2 columns-mobile-1  columns-3      \" data-style-uid=\"6a78ff73\" data-portfolio-uid=\"6a78ff73\" data-columns-mobile=\"1\" data-columns-tablet=\"2\" data-columns-desktop=\"3\" data-margin-mobile=\"30\" data-margin-tablet=\"30\" data-margin-desktop=\"30\" data-hover=\"default\" data-dots=\"0\" data-arrows=\"1\" data-loop=\"0\" data-sliding-animation=\"default\" data-autoscroll-speed=\"0\">\n\n\t\t\t\t\t<div class=\"portfolio-row-outer \">\n\t\t\t\t\t\t<div class=\"portfolio-row clearfix\">\n\t\t\t\t\t\t\t<div class=\"portfolio-set\">\n\t\t\t\t\t\t\t\t<div class=\"extended-carousel-wrap\">\n\t\t\t\t\t\t\t\t\t<div class=\"extended-carousel-item owl-carousel owl-theme owl-loaded\">\n\t\t\t\t\t\t\t\t\t\t<div class=\"owl-stage-outer\">\n\t\t\t\t\t\t\t\t\t\t\t<div class=\"owl-stage\">\n\t\t\t\t\t\t\t\t\t\t\t\t\t<div class=\"portfolio-item col-xs-12 col-sm-6 col-md-4 owl-item post-hide-date post-has-author appearance-type-featured_image post-48041 thegem_pf_item type-thegem_pf_item status-publish has-post-thumbnail\" style=\"padding: calc(30px\/2)\" data-default-sort=\"15\" data-sort-date=\"1730927662\">\r\n\t\t\t\t\t\r\n\t\t\t<div class=\"wrap clearfix\">\r\n\t\t\t\t\t\t\t\t\t\t\t\t\t<div class=\"image post-48041 thegem_pf_item type-thegem_pf_item status-publish has-post-thumbnail\">\r\n\t\t\t\t\t\t<div class=\"image-inner \">\r\n\r\n\t\t\t\t\t\t\t<div class=\"post-featured-content\"><a href=\"https:\/\/www.isolena.com\/cs\/pf\/arztezentrum-humanum\/\">\t\t<picture>\n\t\t\t\t\t\t<img fetchpriority=\"high\" src=\"https:\/\/www.isolena.com\/wp-content\/uploads\/2024\/11\/lm-4259_referenz_humanum_image_uebersichtsseite.jpg\" width=\"370\" height=\"425\"  class=\"img-responsive\" alt=\"\u00c4rztezentrum Humanum\" \/>\n\t\t<\/picture>\n\t\t<\/a><\/div>\t\t\t\t\t\t<\/div>\r\n\r\n\t\t\t\t\t\t\t\t\t\t\t\t\t<div class=\"overlay\">\r\n\t\t\t\t\t\t\t\t<div class=\"overlay-circle\"><\/div>\r\n\r\n\t\t\t\t\t\t\t\t<div class=\"links-wrapper\">\r\n\t\t\t\t\t\t\t\t\t<div class=\"links\">\r\n\t\t\t\t\t\t\t\t\t\t<div class=\"caption\">\r\n\t\t\t\t\t\t\t\t\t\t\t<a href=\"https:\/\/www.isolena.com\/cs\/pf\/arztezentrum-humanum\/\" class=\"portfolio-item-link\">\r\n\t\t\t\t\t\t\t\t\t\t\t\t<span class=\"screen-reader-text\">\u00c4rztezentrum \u201eHumanum\u201c, AT<\/span>\r\n\t\t\t\t\t\t\t\t\t\t\t<\/a>\r\n\r\n\t\t\t\t\t\t\t\t\t\t\t\t\t\t\t\t\t\t\t\t\t\t\t\t\t\t\t\t\t\t\t\t\t\t\t\t\t<div class=\"portfolio-icons\">\r\n\t\t\t\t\t\t\t\t\t\t\t\t\t\t\t<a href=\"javascript: void(0);\" class=\"icon self-link\" aria-label=\"\u00c4rztezentrum \u201eHumanum\u201c, AT\">\r\n\t\t\t\t\t\t\t\t\t\t\t\t\t\t\t\t\t\t\t\t\t\t\t\t\t\t\t\t\t\t\t\t\t<i class=\"default\"><\/i>\r\n\t\t\t\t\t\t\t\t\t\t\t\t\t\t\t\t\t\t\t\t\t\t\t\t\t\t\t\t\t\t\t<\/a>\r\n\t\t\t\t\t\t\t\t\t\t\t\t\t\t<\/div>\r\n\t\t\t\t\t\t\t\t\t\t\t\t\t\t\t\t\t\t\t\t\t\t\t\t\t\r\n\t\t\t\t\t\t\t\t\t\t\t\t\r\n\t\t\t\t\t\t\t\t\t\t\t\t\t\t\t\t\t\t\t\t\t\t\t\r\n\t\t\t\t\t\t\t\t\t\t\t\r\n\t\t\t\t\t\t\t\t\t\t\t\t\t\t\t\t\t\t\t\t\t<\/div>\r\n\t\t\t\t\t\t\t\t\t<\/div>\r\n\t\t\t\t\t\t\t\t<\/div>\r\n\t\t\t\t\t\t\t<\/div>\r\n\t\t\t\t\t\t\t\t\t\t\t<\/div>\r\n\t\t\t\t\r\n\t\t\t\t\t\t\t\t\t<div class=\"caption post-48041 thegem_pf_item type-thegem_pf_item status-publish has-post-thumbnail\">\r\n\r\n\t\t\t\t\t\t\r\n\t\t\t\t\t\t\t\t\r\n\t\t\t\t\t\t\t\t\t\t\t\t\t\t\t<div class=\"title\">\r\n\t\t\t\t\t\t\t\t<span class=\"text-body \"><a href=\"https:\/\/www.isolena.com\/cs\/pf\/arztezentrum-humanum\/\" rel=\"bookmark\">\u00c4rztezentrum \u201eHumanum\u201c, AT<\/a><\/span>\t\t\t\t\t\t\t<\/div>\r\n\t\t\t\t\t\t\r\n\t\t\t\t\t\t\r\n\t\t\t\t\t\t\t\t\t\t\t\t\t\t\t\t\t\t\t\t\t<div class=\"description text-body\">\r\n\t\t\t\t\t\t\t\t\t<p>Das \u00c4rzte- und Therapiezentrum \u201ehumanum\u201c in Alkoven verbindet Nachhaltigkeit mit moderner Gesundheitsversorgung: Als Innend\u00e4mmung wurde <u>nat\u00fcrliche Schafwolle<\/u> eingesetzt. Die D\u00e4mmung sorgt f\u00fcr angenehmes Raumklima und exzellente Energieeffizienz.<\/p>\n<div style=\"margin-top: 15px\"><a href=\"\/pf\/arztezentrum-humanum\/\" class=\"iw-refereces-button\">Zum Humanum-Projekt<\/a><\/div>\n\t\t\t\t\t\t\t\t<\/div>\r\n\t\t\t\t\t\t\t\t\t\t\t\t\t\t\t<div class=\"read-more-button\">\n<div class=\"gem-button-container gem-widget-button gem-button-position-inline\">\n\t<a id=\"\"\n\t   class=\"gem-button gem-button-size-small gem-button-style-outline\"\n\t   href=\"https:\/\/www.isolena.com\/cs\/pf\/arztezentrum-humanum\/\">\n\t\t<span class=\"gem-inner-wrapper-btn\">\n\t\t\t<span class=\"gem-text-button\">\n\t\t\t\tMehr lesen\t\t\t<\/span>\n\t\t<\/span>\n\t<\/a>\n<\/div>\n<\/div>\r\n\t\t\t\t\t\t\t\t\t\t\t\t\t\t\t\t\t\t<\/div>\r\n\t\t\t\t\t\t\t<\/div>\r\n\t\t\t\t<\/div>\r\n\t<div class=\"portfolio-item col-xs-12 col-sm-6 col-md-4 owl-item post-hide-date post-has-author appearance-type-featured_image post-37577 thegem_pf_item type-thegem_pf_item status-publish has-post-thumbnail\" style=\"padding: calc(30px\/2)\" data-default-sort=\"20\" data-sort-date=\"1730678444\">\r\n\t\t\t\t\t\r\n\t\t\t<div class=\"wrap clearfix\">\r\n\t\t\t\t\t\t\t\t\t\t\t\t\t<div class=\"image post-37577 thegem_pf_item type-thegem_pf_item status-publish has-post-thumbnail\">\r\n\t\t\t\t\t\t<div class=\"image-inner \">\r\n\r\n\t\t\t\t\t\t\t<div class=\"post-featured-content\"><a href=\"https:\/\/www.isolena.com\/cs\/pf\/firmenzentrale-team-7\/\">\t\t<picture>\n\t\t\t\t\t\t<img src=\"https:\/\/www.isolena.com\/wp-content\/uploads\/2023\/06\/team7-gross-01-LM-3575.png\" width=\"370\" height=\"425\"  class=\"img-responsive\" alt=\"Firmenzentrale TEAM7\" \/>\n\t\t<\/picture>\n\t\t<\/a><\/div>\t\t\t\t\t\t<\/div>\r\n\r\n\t\t\t\t\t\t\t\t\t\t\t\t\t<div class=\"overlay\">\r\n\t\t\t\t\t\t\t\t<div class=\"overlay-circle\"><\/div>\r\n\r\n\t\t\t\t\t\t\t\t<div class=\"links-wrapper\">\r\n\t\t\t\t\t\t\t\t\t<div class=\"links\">\r\n\t\t\t\t\t\t\t\t\t\t<div class=\"caption\">\r\n\t\t\t\t\t\t\t\t\t\t\t<a href=\"https:\/\/www.isolena.com\/cs\/pf\/firmenzentrale-team-7\/\" class=\"portfolio-item-link\">\r\n\t\t\t\t\t\t\t\t\t\t\t\t<span class=\"screen-reader-text\">TEAM 7 Welt, AT<\/span>\r\n\t\t\t\t\t\t\t\t\t\t\t<\/a>\r\n\r\n\t\t\t\t\t\t\t\t\t\t\t\t\t\t\t\t\t\t\t\t\t\t\t\t\t\t\t\t\t\t\t\t\t\t\t\t\t<div class=\"portfolio-icons\">\r\n\t\t\t\t\t\t\t\t\t\t\t\t\t\t\t<a href=\"javascript: void(0);\" class=\"icon self-link\" aria-label=\"TEAM 7 Welt, AT\">\r\n\t\t\t\t\t\t\t\t\t\t\t\t\t\t\t\t\t\t\t\t\t\t\t\t\t\t\t\t\t\t\t\t\t<i class=\"default\"><\/i>\r\n\t\t\t\t\t\t\t\t\t\t\t\t\t\t\t\t\t\t\t\t\t\t\t\t\t\t\t\t\t\t\t<\/a>\r\n\t\t\t\t\t\t\t\t\t\t\t\t\t\t<\/div>\r\n\t\t\t\t\t\t\t\t\t\t\t\t\t\t\t\t\t\t\t\t\t\t\t\t\t\r\n\t\t\t\t\t\t\t\t\t\t\t\t\r\n\t\t\t\t\t\t\t\t\t\t\t\t\t\t\t\t\t\t\t\t\t\t\t\r\n\t\t\t\t\t\t\t\t\t\t\t\r\n\t\t\t\t\t\t\t\t\t\t\t\t\t\t\t\t\t\t\t\t\t<\/div>\r\n\t\t\t\t\t\t\t\t\t<\/div>\r\n\t\t\t\t\t\t\t\t<\/div>\r\n\t\t\t\t\t\t\t<\/div>\r\n\t\t\t\t\t\t\t\t\t\t\t<\/div>\r\n\t\t\t\t\r\n\t\t\t\t\t\t\t\t\t<div class=\"caption post-37577 thegem_pf_item type-thegem_pf_item status-publish has-post-thumbnail\">\r\n\r\n\t\t\t\t\t\t\r\n\t\t\t\t\t\t\t\t\r\n\t\t\t\t\t\t\t\t\t\t\t\t\t\t\t<div class=\"title\">\r\n\t\t\t\t\t\t\t\t<span class=\"text-body \"><a href=\"https:\/\/www.isolena.com\/cs\/pf\/firmenzentrale-team-7\/\" rel=\"bookmark\">TEAM 7 Welt, AT<\/a><\/span>\t\t\t\t\t\t\t<\/div>\r\n\t\t\t\t\t\t\r\n\t\t\t\t\t\t\r\n\t\t\t\t\t\t\t\t\t\t\t\t\t\t\t\t\t\t\t\t\t<div class=\"description text-body\">\r\n\t\t\t\t\t\t\t\t\t<p>Ein nachhaltiges und zukunftsweisendes Geb\u00e4ude ist mit der TEAM 7 Markenwelt entstanden. F\u00fcr <u>Schalld\u00e4mmung und Schalld\u00e4mpfung<\/u> sorgen ISOLENA und Silentum Produkte.<\/p>\n<div style=\"margin-top: 20px\"><a href=\"\/pf\/firmenzentrale-team-7\/\" class=\"iw-refereces-button\">Projektdetails<\/a><\/div>\n\t\t\t\t\t\t\t\t<\/div>\r\n\t\t\t\t\t\t\t\t\t\t\t\t\t\t\t<div class=\"read-more-button\">\n<div class=\"gem-button-container gem-widget-button gem-button-position-inline\">\n\t<a id=\"\"\n\t   class=\"gem-button gem-button-size-small gem-button-style-outline\"\n\t   href=\"https:\/\/www.isolena.com\/cs\/pf\/firmenzentrale-team-7\/\">\n\t\t<span class=\"gem-inner-wrapper-btn\">\n\t\t\t<span class=\"gem-text-button\">\n\t\t\t\tMehr lesen\t\t\t<\/span>\n\t\t<\/span>\n\t<\/a>\n<\/div>\n<\/div>\r\n\t\t\t\t\t\t\t\t\t\t\t\t\t\t\t\t\t\t<\/div>\r\n\t\t\t\t\t\t\t<\/div>\r\n\t\t\t\t<\/div>\r\n\t<div class=\"portfolio-item col-xs-12 col-sm-6 col-md-4 owl-item post-hide-date post-has-author appearance-type-featured_image post-42992 thegem_pf_item type-thegem_pf_item status-publish has-post-thumbnail\" style=\"padding: calc(30px\/2)\" data-default-sort=\"15\" data-sort-date=\"1673222454\">\r\n\t\t\t\t\t\r\n\t\t\t<div class=\"wrap clearfix\">\r\n\t\t\t\t\t\t\t\t\t\t\t\t\t<div class=\"image post-42992 thegem_pf_item type-thegem_pf_item status-publish has-post-thumbnail\">\r\n\t\t\t\t\t\t<div class=\"image-inner \">\r\n\r\n\t\t\t\t\t\t\t<div class=\"post-featured-content\"><a href=\"https:\/\/www.isolena.com\/cs\/pf\/scandinavian-blockhaus\/\">\t\t<picture>\n\t\t\t\t\t\t<img src=\"https:\/\/www.isolena.com\/wp-content\/uploads\/2023\/06\/scandinavian-blockhaus-gross-LM-3575.png\" width=\"370\" height=\"425\"  class=\"img-responsive\" alt=\"Blockhaus &#039;Abendrot&#039;\" \/>\n\t\t<\/picture>\n\t\t<\/a><\/div>\t\t\t\t\t\t<\/div>\r\n\r\n\t\t\t\t\t\t\t\t\t\t\t\t\t<div class=\"overlay\">\r\n\t\t\t\t\t\t\t\t<div class=\"overlay-circle\"><\/div>\r\n\r\n\t\t\t\t\t\t\t\t<div class=\"links-wrapper\">\r\n\t\t\t\t\t\t\t\t\t<div class=\"links\">\r\n\t\t\t\t\t\t\t\t\t\t<div class=\"caption\">\r\n\t\t\t\t\t\t\t\t\t\t\t<a href=\"https:\/\/www.isolena.com\/cs\/pf\/scandinavian-blockhaus\/\" class=\"portfolio-item-link\">\r\n\t\t\t\t\t\t\t\t\t\t\t\t<span class=\"screen-reader-text\">Scandinavian Blockhaus, AT<\/span>\r\n\t\t\t\t\t\t\t\t\t\t\t<\/a>\r\n\r\n\t\t\t\t\t\t\t\t\t\t\t\t\t\t\t\t\t\t\t\t\t\t\t\t\t\t\t\t\t\t\t\t\t\t\t\t\t<div class=\"portfolio-icons\">\r\n\t\t\t\t\t\t\t\t\t\t\t\t\t\t\t<a href=\"javascript: void(0);\" class=\"icon self-link\" aria-label=\"Scandinavian Blockhaus, AT\">\r\n\t\t\t\t\t\t\t\t\t\t\t\t\t\t\t\t\t\t\t\t\t\t\t\t\t\t\t\t\t\t\t\t\t<i class=\"default\"><\/i>\r\n\t\t\t\t\t\t\t\t\t\t\t\t\t\t\t\t\t\t\t\t\t\t\t\t\t\t\t\t\t\t\t<\/a>\r\n\t\t\t\t\t\t\t\t\t\t\t\t\t\t<\/div>\r\n\t\t\t\t\t\t\t\t\t\t\t\t\t\t\t\t\t\t\t\t\t\t\t\t\t\r\n\t\t\t\t\t\t\t\t\t\t\t\t\r\n\t\t\t\t\t\t\t\t\t\t\t\t\t\t\t\t\t\t\t\t\t\t\t\r\n\t\t\t\t\t\t\t\t\t\t\t\r\n\t\t\t\t\t\t\t\t\t\t\t\t\t\t\t\t\t\t\t\t\t<\/div>\r\n\t\t\t\t\t\t\t\t\t<\/div>\r\n\t\t\t\t\t\t\t\t<\/div>\r\n\t\t\t\t\t\t\t<\/div>\r\n\t\t\t\t\t\t\t\t\t\t\t<\/div>\r\n\t\t\t\t\r\n\t\t\t\t\t\t\t\t\t<div class=\"caption post-42992 thegem_pf_item type-thegem_pf_item status-publish has-post-thumbnail\">\r\n\r\n\t\t\t\t\t\t\r\n\t\t\t\t\t\t\t\t\r\n\t\t\t\t\t\t\t\t\t\t\t\t\t\t\t<div class=\"title\">\r\n\t\t\t\t\t\t\t\t<span class=\"text-body \"><a href=\"https:\/\/www.isolena.com\/cs\/pf\/scandinavian-blockhaus\/\" rel=\"bookmark\">Scandinavian Blockhaus, AT<\/a><\/span>\t\t\t\t\t\t\t<\/div>\r\n\t\t\t\t\t\t\r\n\t\t\t\t\t\t\r\n\t\t\t\t\t\t\t\t\t\t\t\t\t\t\t\t\t\t\t\t\t<div class=\"description text-body\">\r\n\t\t\t\t\t\t\t\t\t<p>Ob modern, verwinkelt oder klassisch, ob als Bungalow oder mehrst\u00f6ckig: Die Truppe von &#8218;Scandinavian Blockhaus&#8216; fertigt Blockh\u00e4user f\u00fcr jeden Geschmack, gut ged\u00e4mmt mit <u>ISOLENA Schafwolld\u00e4mmung<\/u> gegriffen. <\/p>\n<div style=\"margin-top: 20px\"><a href=\"\/pf\/scandinavian-blockhaus\/\" class=\"iw-refereces-button\">Interview zur Zusammenarbeit<\/a><\/div>\n\t\t\t\t\t\t\t\t<\/div>\r\n\t\t\t\t\t\t\t\t\t\t\t\t\t\t\t<div class=\"read-more-button\">\n<div class=\"gem-button-container gem-widget-button gem-button-position-inline\">\n\t<a id=\"\"\n\t   class=\"gem-button gem-button-size-small gem-button-style-outline\"\n\t   href=\"https:\/\/www.isolena.com\/cs\/pf\/scandinavian-blockhaus\/\">\n\t\t<span class=\"gem-inner-wrapper-btn\">\n\t\t\t<span class=\"gem-text-button\">\n\t\t\t\tMehr lesen\t\t\t<\/span>\n\t\t<\/span>\n\t<\/a>\n<\/div>\n<\/div>\r\n\t\t\t\t\t\t\t\t\t\t\t\t\t\t\t\t\t\t<\/div>\r\n\t\t\t\t\t\t\t<\/div>\r\n\t\t\t\t<\/div>\r\n\t\t\t\t\t\t\t\t\t\t\t<\/div>\n\t\t\t\t\t\t\t\t\t\t<\/div>\n\t\t\t\t\t\t\t\t\t<\/div>\n\t\t\t\t\t\t\t\t<\/div>\n\n\t\t\t\t\t\t\t<\/div><!-- .portflio-set -->\n\t\t\t\t\t\t<\/div><!-- .row-->\n\t\t\t\t\t\t\t\t\t\t\t\t\t<div class=\"slider-prev-icon position-on\">\n\t\t\t\t\t\t\t\t\t\t\t\t\t\t\t\t\t<i class=\"default\"><\/i>\n\t\t\t\t\t\t\t\t\t\t\t\t\t\t\t<\/div>\n\t\t\t\t\t\t\t<div class=\"slider-next-icon position-on\">\n\t\t\t\t\t\t\t\t\t\t\t\t\t\t\t\t\t<i class=\"default\"><\/i>\n\t\t\t\t\t\t\t\t\t\t\t\t\t\t\t<\/div>\n\t\t\t\t\t\t\n\t\t\t\t\t<\/div><!-- .full-width -->\n\t\t\t\t<\/div><!-- .portfolio-->\n\t\t\t<\/div><!-- .portfolio-preloader-wrapper-->\n\t\t\t\t\t\t<\/div>\n\t\t\t\t<\/div>\n\t\t\t\t\t<\/div>\n\t\t\t\t<\/div>\n\t\t\t\t<\/div>\n\t\t","protected":false},"excerpt":{"rendered":"<p>Mate\u0159sk\u00e1 \u0161kola Atzenbrugg se vyzna\u010duje udr\u017eitelnou architekturou a flexibiln\u00edm vyu\u017eit\u00edm. S izolac\u00ed z ov\u010d\u00ed vlny ISOLENA jako vn\u011bj\u0161\u00ed izolac\u00ed nab\u00edz\u00ed budova vysokou odolnost a energetickou efektivitu i p\u0159i extr\u00e9mn\u00edch podm\u00ednk\u00e1ch povodn\u00ed.<\/p>\n<div style=\"margin-top: 15px\"><a href=\"\/cs\/pf\/materska-skola-atzenbrugg\/\" class=\"iw-refereces-button\">O projektu<\/a><\/div>","protected":false},"featured_media":50262,"menu_order":15,"comment_status":"closed","ping_status":"closed","template":"","meta":[],"thegem_portfolios":[205],"class_list":["post-48121","thegem_pf_item","type-thegem_pf_item","status-publish","has-post-thumbnail"],"yoast_head":"<!-- This site is optimized with the Yoast SEO plugin v27.1.1 - https:\/\/yoast.com\/product\/yoast-seo-wordpress\/ -->\n<title>Referenz: Kindergarten Atzenbrugg, AT | ISOLENA<\/title>\n<meta name=\"description\" content=\"Der Kindergarten Atzenbrugg setzt auf nachhaltige Architektur und ISOLENA Schafwolld\u00e4mmung f\u00fcr flexible Nutzung und hohe Widerstandsf\u00e4higkeit.\" \/>\n<meta name=\"robots\" content=\"index, follow, max-snippet:-1, max-image-preview:large, max-video-preview:-1\" \/>\n<link rel=\"canonical\" href=\"https:\/\/www.isolena.com\/cs\/pf\/materska-skola-atzenbrugg\/\" \/>\n<meta property=\"og:locale\" content=\"cs_CZ\" \/>\n<meta property=\"og:type\" content=\"article\" \/>\n<meta property=\"og:title\" content=\"Referenz: Kindergarten Atzenbrugg, AT | ISOLENA\" \/>\n<meta property=\"og:description\" content=\"Der Kindergarten Atzenbrugg setzt auf nachhaltige Architektur und ISOLENA Schafwolld\u00e4mmung f\u00fcr flexible Nutzung und hohe Widerstandsf\u00e4higkeit.\" \/>\n<meta property=\"og:url\" content=\"https:\/\/www.isolena.com\/cs\/pf\/materska-skola-atzenbrugg\/\" \/>\n<meta property=\"og:site_name\" content=\"www.isolena.com\" \/>\n<meta property=\"article:publisher\" content=\"https:\/\/www.facebook.com\/lehnerwool\/\" \/>\n<meta property=\"article:modified_time\" content=\"2026-02-18T08:49:01+00:00\" \/>\n<meta property=\"og:image\" content=\"https:\/\/www.isolena.com\/wp-content\/uploads\/2024\/12\/lm-4320_referenz_kindergarten_atzenbrugg_image_uebersichtsseite.jpg\" \/>\n\t<meta property=\"og:image:width\" content=\"370\" \/>\n\t<meta property=\"og:image:height\" content=\"425\" \/>\n\t<meta property=\"og:image:type\" content=\"image\/jpeg\" \/>\n<meta name=\"twitter:card\" content=\"summary_large_image\" \/>\n<meta name=\"twitter:label1\" content=\"Odhadovan\u00e1 doba \u010dten\u00ed\" \/>\n\t<meta name=\"twitter:data1\" content=\"4 minuty\" \/>\n<script type=\"application\/ld+json\" class=\"yoast-schema-graph\">{\"@context\":\"https:\/\/schema.org\",\"@graph\":[{\"@type\":\"WebPage\",\"@id\":\"https:\/\/www.isolena.com\/pf\/kindergarten-atzenbrugg\/\",\"url\":\"https:\/\/www.isolena.com\/pf\/kindergarten-atzenbrugg\/\",\"name\":\"Referenz: Kindergarten Atzenbrugg, AT | ISOLENA\",\"isPartOf\":{\"@id\":\"https:\/\/www.isolena.com\/de\/#website\"},\"primaryImageOfPage\":{\"@id\":\"https:\/\/www.isolena.com\/pf\/kindergarten-atzenbrugg\/#primaryimage\"},\"image\":{\"@id\":\"https:\/\/www.isolena.com\/pf\/kindergarten-atzenbrugg\/#primaryimage\"},\"thumbnailUrl\":\"https:\/\/www.isolena.com\/wp-content\/uploads\/2024\/12\/lm-4320_referenz_kindergarten_atzenbrugg_image_uebersichtsseite.jpg\",\"datePublished\":\"2024-11-05T11:47:12+00:00\",\"dateModified\":\"2026-02-18T08:49:01+00:00\",\"description\":\"Der Kindergarten Atzenbrugg setzt auf nachhaltige Architektur und ISOLENA Schafwolld\u00e4mmung f\u00fcr flexible Nutzung und hohe Widerstandsf\u00e4higkeit.\",\"breadcrumb\":{\"@id\":\"https:\/\/www.isolena.com\/pf\/kindergarten-atzenbrugg\/#breadcrumb\"},\"inLanguage\":\"cs\",\"potentialAction\":[{\"@type\":\"ReadAction\",\"target\":[\"https:\/\/www.isolena.com\/pf\/kindergarten-atzenbrugg\/\"]}]},{\"@type\":\"ImageObject\",\"inLanguage\":\"cs\",\"@id\":\"https:\/\/www.isolena.com\/pf\/kindergarten-atzenbrugg\/#primaryimage\",\"url\":\"https:\/\/www.isolena.com\/wp-content\/uploads\/2024\/12\/lm-4320_referenz_kindergarten_atzenbrugg_image_uebersichtsseite.jpg\",\"contentUrl\":\"https:\/\/www.isolena.com\/wp-content\/uploads\/2024\/12\/lm-4320_referenz_kindergarten_atzenbrugg_image_uebersichtsseite.jpg\",\"width\":370,\"height\":425,\"caption\":\"Kindergarten Atzenbrugg\"},{\"@type\":\"BreadcrumbList\",\"@id\":\"https:\/\/www.isolena.com\/pf\/kindergarten-atzenbrugg\/#breadcrumb\",\"itemListElement\":[{\"@type\":\"ListItem\",\"position\":1,\"name\":\"Home\",\"item\":\"https:\/\/www.isolena.com\/\"},{\"@type\":\"ListItem\",\"position\":2,\"name\":\"Kindergarten Atzenbrugg, AT\"}]},{\"@type\":\"WebSite\",\"@id\":\"https:\/\/www.isolena.com\/de\/#website\",\"url\":\"https:\/\/www.isolena.com\/de\/\",\"name\":\"ISOLENA - Schafwolld\u00e4mmung\",\"description\":\"\",\"publisher\":{\"@id\":\"https:\/\/www.isolena.com\/de\/#organization\"},\"potentialAction\":[{\"@type\":\"SearchAction\",\"target\":{\"@type\":\"EntryPoint\",\"urlTemplate\":\"https:\/\/www.isolena.com\/de\/?s={search_term_string}\"},\"query-input\":{\"@type\":\"PropertyValueSpecification\",\"valueRequired\":true,\"valueName\":\"search_term_string\"}}],\"inLanguage\":\"cs\"},{\"@type\":\"Organization\",\"@id\":\"https:\/\/www.isolena.com\/de\/#organization\",\"name\":\"ISOLENA Naturfaservliese GmbH\",\"url\":\"https:\/\/www.isolena.com\/de\/\",\"logo\":{\"@type\":\"ImageObject\",\"inLanguage\":\"cs\",\"@id\":\"https:\/\/www.isolena.com\/de\/#\/schema\/logo\/image\/\",\"url\":\"https:\/\/www.isolena.com\/wp-content\/uploads\/2025\/02\/isolena-logo-bubble.png\",\"contentUrl\":\"https:\/\/www.isolena.com\/wp-content\/uploads\/2025\/02\/isolena-logo-bubble.png\",\"width\":400,\"height\":235,\"caption\":\"ISOLENA Naturfaservliese GmbH\"},\"image\":{\"@id\":\"https:\/\/www.isolena.com\/de\/#\/schema\/logo\/image\/\"},\"sameAs\":[\"https:\/\/www.facebook.com\/lehnerwool\/\",\"https:\/\/www.youtube.com\/user\/LehnerWolle3\",\"https:\/\/www.instagram.com\/lehnerwool\/\"]}]}<\/script>\n<!-- \/ Yoast SEO plugin. -->","yoast_head_json":{"title":"Odkaz: Mate\u0159sk\u00e1 \u0161kola Atzenbrugg, AT | ISOLENA","description":"Mate\u0159sk\u00e1 \u0161kola Atzenbrugg s\u00e1z\u00ed na udr\u017eitelnou architekturu a izolaci z ov\u010d\u00ed vlny ISOLENA, kter\u00e1 je flexibiln\u00ed a vysoce odoln\u00e1.","robots":{"index":"index","follow":"follow","max-snippet":"max-snippet:-1","max-image-preview":"max-image-preview:large","max-video-preview":"max-video-preview:-1"},"canonical":"https:\/\/www.isolena.com\/cs\/pf\/materska-skola-atzenbrugg\/","og_locale":"cs_CZ","og_type":"article","og_title":"Referenz: Kindergarten Atzenbrugg, AT | ISOLENA","og_description":"Der Kindergarten Atzenbrugg setzt auf nachhaltige Architektur und ISOLENA Schafwolld\u00e4mmung f\u00fcr flexible Nutzung und hohe Widerstandsf\u00e4higkeit.","og_url":"https:\/\/www.isolena.com\/cs\/pf\/materska-skola-atzenbrugg\/","og_site_name":"www.isolena.com","article_publisher":"https:\/\/www.facebook.com\/lehnerwool\/","article_modified_time":"2026-02-18T08:49:01+00:00","og_image":[{"width":370,"height":425,"url":"https:\/\/www.isolena.com\/wp-content\/uploads\/2024\/12\/lm-4320_referenz_kindergarten_atzenbrugg_image_uebersichtsseite.jpg","type":"image\/jpeg"}],"twitter_card":"summary_large_image","twitter_misc":{"Odhadovan\u00e1 doba \u010dten\u00ed":"4 minuty"},"schema":{"@context":"https:\/\/schema.org","@graph":[{"@type":"WebPage","@id":"https:\/\/www.isolena.com\/pf\/kindergarten-atzenbrugg\/","url":"https:\/\/www.isolena.com\/pf\/kindergarten-atzenbrugg\/","name":"Odkaz: Mate\u0159sk\u00e1 \u0161kola Atzenbrugg, AT | ISOLENA","isPartOf":{"@id":"https:\/\/www.isolena.com\/de\/#website"},"primaryImageOfPage":{"@id":"https:\/\/www.isolena.com\/pf\/kindergarten-atzenbrugg\/#primaryimage"},"image":{"@id":"https:\/\/www.isolena.com\/pf\/kindergarten-atzenbrugg\/#primaryimage"},"thumbnailUrl":"https:\/\/www.isolena.com\/wp-content\/uploads\/2024\/12\/lm-4320_referenz_kindergarten_atzenbrugg_image_uebersichtsseite.jpg","datePublished":"2024-11-05T11:47:12+00:00","dateModified":"2026-02-18T08:49:01+00:00","description":"Mate\u0159sk\u00e1 \u0161kola Atzenbrugg s\u00e1z\u00ed na udr\u017eitelnou architekturu a izolaci z ov\u010d\u00ed vlny ISOLENA, kter\u00e1 je flexibiln\u00ed a vysoce odoln\u00e1.","breadcrumb":{"@id":"https:\/\/www.isolena.com\/pf\/kindergarten-atzenbrugg\/#breadcrumb"},"inLanguage":"cs","potentialAction":[{"@type":"ReadAction","target":["https:\/\/www.isolena.com\/pf\/kindergarten-atzenbrugg\/"]}]},{"@type":"ImageObject","inLanguage":"cs","@id":"https:\/\/www.isolena.com\/pf\/kindergarten-atzenbrugg\/#primaryimage","url":"https:\/\/www.isolena.com\/wp-content\/uploads\/2024\/12\/lm-4320_referenz_kindergarten_atzenbrugg_image_uebersichtsseite.jpg","contentUrl":"https:\/\/www.isolena.com\/wp-content\/uploads\/2024\/12\/lm-4320_referenz_kindergarten_atzenbrugg_image_uebersichtsseite.jpg","width":370,"height":425,"caption":"Kindergarten Atzenbrugg"},{"@type":"BreadcrumbList","@id":"https:\/\/www.isolena.com\/pf\/kindergarten-atzenbrugg\/#breadcrumb","itemListElement":[{"@type":"ListItem","position":1,"name":"Home","item":"https:\/\/www.isolena.com\/"},{"@type":"ListItem","position":2,"name":"Kindergarten Atzenbrugg, AT"}]},{"@type":"WebSite","@id":"https:\/\/www.isolena.com\/de\/#website","url":"https:\/\/www.isolena.com\/de\/","name":"ISOLENA - Izolace z ov\u010d\u00ed vlny","description":"","publisher":{"@id":"https:\/\/www.isolena.com\/de\/#organization"},"potentialAction":[{"@type":"SearchAction","target":{"@type":"EntryPoint","urlTemplate":"https:\/\/www.isolena.com\/de\/?s={search_term_string}"},"query-input":{"@type":"PropertyValueSpecification","valueRequired":true,"valueName":"search_term_string"}}],"inLanguage":"cs"},{"@type":"Organization","@id":"https:\/\/www.isolena.com\/de\/#organization","name":"ISOLENA Naturfaservliese GmbH","url":"https:\/\/www.isolena.com\/de\/","logo":{"@type":"ImageObject","inLanguage":"cs","@id":"https:\/\/www.isolena.com\/de\/#\/schema\/logo\/image\/","url":"https:\/\/www.isolena.com\/wp-content\/uploads\/2025\/02\/isolena-logo-bubble.png","contentUrl":"https:\/\/www.isolena.com\/wp-content\/uploads\/2025\/02\/isolena-logo-bubble.png","width":400,"height":235,"caption":"ISOLENA Naturfaservliese GmbH"},"image":{"@id":"https:\/\/www.isolena.com\/de\/#\/schema\/logo\/image\/"},"sameAs":["https:\/\/www.facebook.com\/lehnerwool\/","https:\/\/www.youtube.com\/user\/LehnerWolle3","https:\/\/www.instagram.com\/lehnerwool\/"]}]}},"_links":{"self":[{"href":"https:\/\/www.isolena.com\/cs\/wp-json\/wp\/v2\/thegem_pf_item\/48121","targetHints":{"allow":["GET"]}}],"collection":[{"href":"https:\/\/www.isolena.com\/cs\/wp-json\/wp\/v2\/thegem_pf_item"}],"about":[{"href":"https:\/\/www.isolena.com\/cs\/wp-json\/wp\/v2\/types\/thegem_pf_item"}],"replies":[{"embeddable":true,"href":"https:\/\/www.isolena.com\/cs\/wp-json\/wp\/v2\/comments?post=48121"}],"version-history":[{"count":81,"href":"https:\/\/www.isolena.com\/cs\/wp-json\/wp\/v2\/thegem_pf_item\/48121\/revisions"}],"predecessor-version":[{"id":58592,"href":"https:\/\/www.isolena.com\/cs\/wp-json\/wp\/v2\/thegem_pf_item\/48121\/revisions\/58592"}],"wp:featuredmedia":[{"embeddable":true,"href":"https:\/\/www.isolena.com\/cs\/wp-json\/wp\/v2\/media\/50262"}],"wp:attachment":[{"href":"https:\/\/www.isolena.com\/cs\/wp-json\/wp\/v2\/media?parent=48121"}],"wp:term":[{"taxonomy":"thegem_portfolios","embeddable":true,"href":"https:\/\/www.isolena.com\/cs\/wp-json\/wp\/v2\/thegem_portfolios?post=48121"}],"curies":[{"name":"wp","href":"https:\/\/api.w.org\/{rel}","templated":true}]}}