{"id":58900,"date":"2024-11-01T10:31:42","date_gmt":"2024-11-01T08:31:42","guid":{"rendered":"https:\/\/www.isolena.com\/pf\/gemeinschaftshaushalt-mit-9-wohneinheiten-2\/"},"modified":"2026-02-25T16:26:12","modified_gmt":"2026-02-25T14:26:12","slug":"skautsky-domov-letzebuerger-scouting","status":"publish","type":"thegem_pf_item","link":"https:\/\/www.isolena.com\/cs\/pf\/pfadfinderheim-letzebuerger-scouten\/","title":{"rendered":"Skautsk\u00e9 st\u0159edisko, LU"},"content":{"rendered":"\t\t<div data-elementor-type=\"wp-post\" data-elementor-id=\"58900\" class=\"elementor elementor-58900\" data-elementor-post-type=\"thegem_pf_item\">\n\t\t\t\t<div class=\"elementor-element elementor-element-bbf6b1c thegem-e-con-layout-elementor e-flex e-con-boxed e-con e-parent\" data-id=\"bbf6b1c\" data-element_type=\"container\" data-e-type=\"container\" data-settings=\"{&quot;thegem_container_layout&quot;:&quot;elementor&quot;}\">\r\n\t\t\t\t\t<div class=\"e-con-inner\">\r\n\t\t\t\t\t<\/div>\n\t\t\t\t<\/div>\n\t\t<div class=\"elementor-element elementor-element-9d637a1 thegem-e-con-layout-elementor e-flex e-con-boxed e-con e-parent\" data-id=\"9d637a1\" data-element_type=\"container\" data-e-type=\"container\" data-settings=\"{&quot;background_background&quot;:&quot;classic&quot;,&quot;thegem_container_layout&quot;:&quot;elementor&quot;}\">\r\n\t\t\t\t\t<div class=\"e-con-inner\">\r\n\t\t<div class=\"elementor-element elementor-element-84a1b08 e-con-full thegem-e-con-layout-elementor e-flex e-con e-child\" data-id=\"84a1b08\" data-element_type=\"container\" data-e-type=\"container\" data-settings=\"{&quot;motion_fx_motion_fx_scrolling&quot;:&quot;yes&quot;,&quot;thegem_container_layout&quot;:&quot;elementor&quot;,&quot;motion_fx_devices&quot;:[&quot;desktop&quot;,&quot;tablet&quot;,&quot;mobile&quot;]}\">\r\n\t\t\t\t<div class=\"elementor-element elementor-element-2eb0fae flex-horizontal-align-default flex-horizontal-align-tablet-default flex-horizontal-align-mobile-default flex-vertical-align-default flex-vertical-align-tablet-default flex-vertical-align-mobile-default elementor-widget elementor-widget-gallery\" data-id=\"2eb0fae\" data-element_type=\"widget\" data-e-type=\"widget\" data-settings=\"{&quot;gallery_layout&quot;:&quot;masonry&quot;,&quot;columns_mobile&quot;:2,&quot;columns&quot;:2,&quot;lazyload&quot;:&quot;yes&quot;,&quot;columns_tablet&quot;:2,&quot;gap&quot;:{&quot;unit&quot;:&quot;px&quot;,&quot;size&quot;:10,&quot;sizes&quot;:[]},&quot;gap_tablet&quot;:{&quot;unit&quot;:&quot;px&quot;,&quot;size&quot;:10,&quot;sizes&quot;:[]},&quot;gap_mobile&quot;:{&quot;unit&quot;:&quot;px&quot;,&quot;size&quot;:10,&quot;sizes&quot;:[]},&quot;link_to&quot;:&quot;file&quot;,&quot;overlay_background&quot;:&quot;yes&quot;,&quot;content_hover_animation&quot;:&quot;fade-in&quot;}\" data-widget_type=\"gallery.default\">\n\t\t\t\t<div class=\"elementor-widget-container\">\n\t\t\t\t\t\t\t<div class=\"elementor-gallery__container\">\n\t\t\t\t\t\t\t<a class=\"e-gallery-item elementor-gallery-item elementor-animated-content\" href=\"https:\/\/www.isolena.com\/wp-content\/uploads\/2026\/02\/01-pfadfinderheim-aussen-LM-5058.jpg\" data-elementor-open-lightbox=\"yes\" data-elementor-lightbox-slideshow=\"2eb0fae\" data-elementor-lightbox-description=\"Pfadfinderheim Au\u00dfenansicht\" data-e-action-hash=\"#elementor-action%3Aaction%3Dlightbox%26settings%3DeyJpZCI6NTg5NjMsInVybCI6Imh0dHBzOlwvXC93d3cuaXNvbGVuYS5jb21cL3dwLWNvbnRlbnRcL3VwbG9hZHNcLzIwMjZcLzAyXC8wMS1wZmFkZmluZGVyaGVpbS1hdXNzZW4tTE0tNTA1OC5qcGciLCJzbGlkZXNob3ciOiIyZWIwZmFlIn0%3D\">\n\t\t\t\t\t<div class=\"e-gallery-image elementor-gallery-item__image\" data-thumbnail=\"https:\/\/www.isolena.com\/wp-content\/uploads\/2026\/02\/01-pfadfinderheim-aussen-LM-5058-1024x684.jpg\" data-width=\"1024\" data-height=\"684\" aria-label=\"Pfadfinderheim Au\u00dfenansicht\" role=\"img\" ><\/div>\n\t\t\t\t\t\t\t\t\t\t\t<div class=\"elementor-gallery-item__overlay\"><\/div>\n\t\t\t\t\t\t\t\t\t\t\t\t\t\t<\/a>\n\t\t\t\t\t\t\t<a class=\"e-gallery-item elementor-gallery-item elementor-animated-content\" href=\"https:\/\/www.isolena.com\/wp-content\/uploads\/2026\/02\/02-schafwolldaemmug-fassade-LM-5058.jpg\" data-elementor-open-lightbox=\"yes\" data-elementor-lightbox-slideshow=\"2eb0fae\" data-elementor-lightbox-description=\"Lieferung und Einbau Schafwolld\u00e4mmug\" data-e-action-hash=\"#elementor-action%3Aaction%3Dlightbox%26settings%3DeyJpZCI6NTg5NjQsInVybCI6Imh0dHBzOlwvXC93d3cuaXNvbGVuYS5jb21cL3dwLWNvbnRlbnRcL3VwbG9hZHNcLzIwMjZcLzAyXC8wMi1zY2hhZndvbGxkYWVtbXVnLWZhc3NhZGUtTE0tNTA1OC5qcGciLCJzbGlkZXNob3ciOiIyZWIwZmFlIn0%3D\">\n\t\t\t\t\t<div class=\"e-gallery-image elementor-gallery-item__image\" data-thumbnail=\"https:\/\/www.isolena.com\/wp-content\/uploads\/2026\/02\/02-schafwolldaemmug-fassade-LM-5058-1024x684.jpg\" data-width=\"1024\" data-height=\"684\" aria-label=\"Lieferung und Einbau Schafwolld\u00e4mmug\" role=\"img\" ><\/div>\n\t\t\t\t\t\t\t\t\t\t\t<div class=\"elementor-gallery-item__overlay\"><\/div>\n\t\t\t\t\t\t\t\t\t\t\t\t\t\t<\/a>\n\t\t\t\t\t\t\t<a class=\"e-gallery-item elementor-gallery-item elementor-animated-content\" href=\"https:\/\/www.isolena.com\/wp-content\/uploads\/2026\/02\/03-pfadfinderheim-aussen-LM-5058.jpg\" data-elementor-open-lightbox=\"yes\" data-elementor-lightbox-slideshow=\"2eb0fae\" data-elementor-lightbox-description=\"Pfadfinderheim Au\u00dfenansicht\" data-e-action-hash=\"#elementor-action%3Aaction%3Dlightbox%26settings%3DeyJpZCI6NTg5NjUsInVybCI6Imh0dHBzOlwvXC93d3cuaXNvbGVuYS5jb21cL3dwLWNvbnRlbnRcL3VwbG9hZHNcLzIwMjZcLzAyXC8wMy1wZmFkZmluZGVyaGVpbS1hdXNzZW4tTE0tNTA1OC5qcGciLCJzbGlkZXNob3ciOiIyZWIwZmFlIn0%3D\">\n\t\t\t\t\t<div class=\"e-gallery-image elementor-gallery-item__image\" data-thumbnail=\"https:\/\/www.isolena.com\/wp-content\/uploads\/2026\/02\/03-pfadfinderheim-aussen-LM-5058-1024x684.jpg\" data-width=\"1024\" data-height=\"684\" aria-label=\"Pfadfinderheim Au\u00dfenansicht\" role=\"img\" ><\/div>\n\t\t\t\t\t\t\t\t\t\t\t<div class=\"elementor-gallery-item__overlay\"><\/div>\n\t\t\t\t\t\t\t\t\t\t\t\t\t\t<\/a>\n\t\t\t\t\t\t\t<a class=\"e-gallery-item elementor-gallery-item elementor-animated-content\" href=\"https:\/\/www.isolena.com\/wp-content\/uploads\/2026\/02\/04-daemmug-decke-LM-5058.jpg\" data-elementor-open-lightbox=\"yes\" data-elementor-lightbox-slideshow=\"2eb0fae\" data-elementor-lightbox-description=\"04-daemmug-decke-LM-5058\" data-e-action-hash=\"#elementor-action%3Aaction%3Dlightbox%26settings%3DeyJpZCI6NTg5NzEsInVybCI6Imh0dHBzOlwvXC93d3cuaXNvbGVuYS5jb21cL3dwLWNvbnRlbnRcL3VwbG9hZHNcLzIwMjZcLzAyXC8wNC1kYWVtbXVnLWRlY2tlLUxNLTUwNTguanBnIiwic2xpZGVzaG93IjoiMmViMGZhZSJ9\">\n\t\t\t\t\t<div class=\"e-gallery-image elementor-gallery-item__image\" data-thumbnail=\"https:\/\/www.isolena.com\/wp-content\/uploads\/2026\/02\/04-daemmug-decke-LM-5058-1024x684.jpg\" data-width=\"1024\" data-height=\"684\" aria-label=\"\" role=\"img\" ><\/div>\n\t\t\t\t\t\t\t\t\t\t\t<div class=\"elementor-gallery-item__overlay\"><\/div>\n\t\t\t\t\t\t\t\t\t\t\t\t\t\t<\/a>\n\t\t\t\t\t\t\t<a class=\"e-gallery-item elementor-gallery-item elementor-animated-content\" href=\"https:\/\/www.isolena.com\/wp-content\/uploads\/2026\/02\/04-daemmug-dach-LM-5058-1.jpg\" data-elementor-open-lightbox=\"yes\" data-elementor-lightbox-slideshow=\"2eb0fae\" data-elementor-lightbox-description=\"Dachd\u00e4mmung mit IOSLENA\" data-e-action-hash=\"#elementor-action%3Aaction%3Dlightbox%26settings%3DeyJpZCI6NTg5NzcsInVybCI6Imh0dHBzOlwvXC93d3cuaXNvbGVuYS5jb21cL3dwLWNvbnRlbnRcL3VwbG9hZHNcLzIwMjZcLzAyXC8wNC1kYWVtbXVnLWRhY2gtTE0tNTA1OC0xLmpwZyIsInNsaWRlc2hvdyI6IjJlYjBmYWUifQ%3D%3D\">\n\t\t\t\t\t<div class=\"e-gallery-image elementor-gallery-item__image\" data-thumbnail=\"https:\/\/www.isolena.com\/wp-content\/uploads\/2026\/02\/04-daemmug-dach-LM-5058-1-1024x684.jpg\" data-width=\"1024\" data-height=\"684\" aria-label=\"\" role=\"img\" ><\/div>\n\t\t\t\t\t\t\t\t\t\t\t<div class=\"elementor-gallery-item__overlay\"><\/div>\n\t\t\t\t\t\t\t\t\t\t\t\t\t\t<\/a>\n\t\t\t\t\t\t\t<a class=\"e-gallery-item elementor-gallery-item elementor-animated-content\" href=\"https:\/\/www.isolena.com\/wp-content\/uploads\/2026\/02\/05-holzbau-innen-LM-5058.jpg\" data-elementor-open-lightbox=\"yes\" data-elementor-lightbox-slideshow=\"2eb0fae\" data-elementor-lightbox-description=\"Innenraum (Bild: Camille Dengler)\" data-e-action-hash=\"#elementor-action%3Aaction%3Dlightbox%26settings%3DeyJpZCI6NTg5NjcsInVybCI6Imh0dHBzOlwvXC93d3cuaXNvbGVuYS5jb21cL3dwLWNvbnRlbnRcL3VwbG9hZHNcLzIwMjZcLzAyXC8wNS1ob2x6YmF1LWlubmVuLUxNLTUwNTguanBnIiwic2xpZGVzaG93IjoiMmViMGZhZSJ9\">\n\t\t\t\t\t<div class=\"e-gallery-image elementor-gallery-item__image\" data-thumbnail=\"https:\/\/www.isolena.com\/wp-content\/uploads\/2026\/02\/05-holzbau-innen-LM-5058-1024x684.jpg\" data-width=\"1024\" data-height=\"684\" aria-label=\"Innenraum (Bild: Camille Dengler)\" role=\"img\" ><\/div>\n\t\t\t\t\t\t\t\t\t\t\t<div class=\"elementor-gallery-item__overlay\"><\/div>\n\t\t\t\t\t\t\t\t\t\t\t\t\t\t<\/a>\n\t\t\t\t\t\t\t<a class=\"e-gallery-item elementor-gallery-item elementor-animated-content\" href=\"https:\/\/www.isolena.com\/wp-content\/uploads\/2026\/02\/06-gemeinschaftsraum-LM-5058.jpg\" data-elementor-open-lightbox=\"yes\" data-elementor-lightbox-slideshow=\"2eb0fae\" data-elementor-lightbox-description=\"Gemeinschaftsraum (Bild: Camille Dengler)\" data-e-action-hash=\"#elementor-action%3Aaction%3Dlightbox%26settings%3DeyJpZCI6NTg5NjgsInVybCI6Imh0dHBzOlwvXC93d3cuaXNvbGVuYS5jb21cL3dwLWNvbnRlbnRcL3VwbG9hZHNcLzIwMjZcLzAyXC8wNi1nZW1laW5zY2hhZnRzcmF1bS1MTS01MDU4LmpwZyIsInNsaWRlc2hvdyI6IjJlYjBmYWUifQ%3D%3D\">\n\t\t\t\t\t<div class=\"e-gallery-image elementor-gallery-item__image\" data-thumbnail=\"https:\/\/www.isolena.com\/wp-content\/uploads\/2026\/02\/06-gemeinschaftsraum-LM-5058-1024x684.jpg\" data-width=\"1024\" data-height=\"684\" aria-label=\"Gemeinschaftsraum (Bild: Camille Dengler)\" role=\"img\" ><\/div>\n\t\t\t\t\t\t\t\t\t\t\t<div class=\"elementor-gallery-item__overlay\"><\/div>\n\t\t\t\t\t\t\t\t\t\t\t\t\t\t<\/a>\n\t\t\t\t\t\t\t<a class=\"e-gallery-item elementor-gallery-item elementor-animated-content\" href=\"https:\/\/www.isolena.com\/wp-content\/uploads\/2026\/02\/07-gemeinschaftsraum-LM-5058.jpg\" data-elementor-open-lightbox=\"yes\" data-elementor-lightbox-slideshow=\"2eb0fae\" data-elementor-lightbox-description=\"Gemeinschaftsraum (Bild: Camille Dengler)\" data-e-action-hash=\"#elementor-action%3Aaction%3Dlightbox%26settings%3DeyJpZCI6NTg5NjksInVybCI6Imh0dHBzOlwvXC93d3cuaXNvbGVuYS5jb21cL3dwLWNvbnRlbnRcL3VwbG9hZHNcLzIwMjZcLzAyXC8wNy1nZW1laW5zY2hhZnRzcmF1bS1MTS01MDU4LmpwZyIsInNsaWRlc2hvdyI6IjJlYjBmYWUifQ%3D%3D\">\n\t\t\t\t\t<div class=\"e-gallery-image elementor-gallery-item__image\" data-thumbnail=\"https:\/\/www.isolena.com\/wp-content\/uploads\/2026\/02\/07-gemeinschaftsraum-LM-5058-1024x684.jpg\" data-width=\"1024\" data-height=\"684\" aria-label=\"Gemeinschaftsraum (Bild: Camille Dengler)\" role=\"img\" ><\/div>\n\t\t\t\t\t\t\t\t\t\t\t<div class=\"elementor-gallery-item__overlay\"><\/div>\n\t\t\t\t\t\t\t\t\t\t\t\t\t\t<\/a>\n\t\t\t\t\t<\/div>\n\t\t\t\t\t<\/div>\n\t\t\t\t<\/div>\n\t\t\t\t<\/div>\n\t\t<div class=\"elementor-element elementor-element-1184a84 e-con-full thegem-e-con-layout-elementor e-flex e-con e-child\" data-id=\"1184a84\" data-element_type=\"container\" data-e-type=\"container\" data-settings=\"{&quot;background_background&quot;:&quot;classic&quot;,&quot;thegem_container_layout&quot;:&quot;elementor&quot;}\">\r\n\t\t\t\t<div class=\"elementor-element elementor-element-bd84841 flex-horizontal-align-default flex-horizontal-align-tablet-default flex-horizontal-align-mobile-default flex-vertical-align-default flex-vertical-align-tablet-default flex-vertical-align-mobile-default elementor-invisible elementor-widget elementor-widget-text-editor\" data-id=\"bd84841\" data-element_type=\"widget\" data-e-type=\"widget\" data-settings=\"{&quot;_animation&quot;:&quot;fadeInUp&quot;}\" data-widget_type=\"text-editor.default\">\n\t\t\t\t<div class=\"elementor-widget-container\">\n\t\t\t\t\t\t\t\t\t\t\t\t<div class=\"elementor-text-editor elementor-clearfix\">\r\n\t\t\t\t\t\t<p>Ein modernes Pfadfinderheim f\u00fcr die L\u00ebtzebuerger Scouten in Ettelbruck, gebaut in  \u00f6kologischer Holzbauweise. <u>Dach, W\u00e4nde, B\u00f6den und Decken<\/u> wurden ged\u00e4mmt mit ISOLENA Schafwolld\u00e4mmung<\/u>.<\/p>\n<div style=\"margin-top: 15px\"><a href=\"\/pf\/pfadfinderheim-letzebuerger-scouten\/\" class=\"iw-refereces-button\">Mehr<\/a><\/div>\n\t\t\t\t\t\t\t<\/div>\r\n\t\t\t\t\t\t\t\t\t\t<\/div>\n\t\t\t\t<\/div>\n\t\t\t\t<div class=\"elementor-element elementor-element-2933ff0 flex-horizontal-align-default flex-horizontal-align-tablet-default flex-horizontal-align-mobile-default flex-vertical-align-default flex-vertical-align-tablet-default flex-vertical-align-mobile-default elementor-invisible elementor-widget elementor-widget-text-editor\" data-id=\"2933ff0\" data-element_type=\"widget\" data-e-type=\"widget\" data-settings=\"{&quot;_animation&quot;:&quot;fadeInUp&quot;}\" data-widget_type=\"text-editor.default\">\n\t\t\t\t<div class=\"elementor-widget-container\">\n\t\t\t\t\t\t\t\t\t\t\t\t<div class=\"elementor-text-editor elementor-clearfix\">\r\n\t\t\t\t\t\t<p>F\u00fcr die Geb\u00e4uded\u00e4mmung wurde Schafwolle aus Luxemburg zu hocheffizienter ISOLENA D\u00e4mmung verarbeitet. Unser gesunder Naturd\u00e4mmstoff bildet zusammen mit den 3-fach verglasten Holz-Alu-Fenstern eine perfekte thermische Au\u00dfenh\u00fclle.&nbsp;<\/p>\t\t\t\t\t\t\t<\/div>\r\n\t\t\t\t\t\t\t\t\t\t<\/div>\n\t\t\t\t<\/div>\n\t\t\t\t<div class=\"elementor-element elementor-element-7903d4d flex-horizontal-align-default flex-horizontal-align-tablet-default flex-horizontal-align-mobile-default flex-vertical-align-default flex-vertical-align-tablet-default flex-vertical-align-mobile-default elementor-invisible elementor-widget elementor-widget-text-editor\" data-id=\"7903d4d\" data-element_type=\"widget\" data-e-type=\"widget\" data-settings=\"{&quot;_animation&quot;:&quot;fadeInUp&quot;}\" data-widget_type=\"text-editor.default\">\n\t\t\t\t<div class=\"elementor-widget-container\">\n\t\t\t\t\t\t\t\t\t\t\t\t<div class=\"elementor-text-editor elementor-clearfix\">\r\n\t\t\t\t\t\tUmsetzung: Jonas Architectes, Bauherr: Fr\u00ebnn vun de Letzebuerger Scouten Groupe Saint S\u00e9bastien\t\t\t\t\t\t\t<\/div>\r\n\t\t\t\t\t\t\t\t\t\t<\/div>\n\t\t\t\t<\/div>\n\t\t\t\t<div class=\"elementor-element elementor-element-e194c4a flex-horizontal-align-default flex-horizontal-align-tablet-default flex-horizontal-align-mobile-default flex-vertical-align-default flex-vertical-align-tablet-default flex-vertical-align-mobile-default elementor-invisible elementor-widget elementor-widget-text-editor\" data-id=\"e194c4a\" data-element_type=\"widget\" data-e-type=\"widget\" data-settings=\"{&quot;_animation&quot;:&quot;fadeInUp&quot;}\" data-widget_type=\"text-editor.default\">\n\t\t\t\t<div class=\"elementor-widget-container\">\n\t\t\t\t\t\t\t\t\t\t\t\t<div class=\"elementor-text-editor elementor-clearfix\">\r\n\t\t\t\t\t\t<p>Bilder: Jonas Architeckten, Innenaufnahmen: Camille Dengler<\/p>\t\t\t\t\t\t\t<\/div>\r\n\t\t\t\t\t\t\t\t\t\t<\/div>\n\t\t\t\t<\/div>\n\t\t\t\t<\/div>\n\t\t<div class=\"elementor-element elementor-element-f28fe6c e-con-full thegem-e-con-layout-elementor e-flex e-con e-child\" data-id=\"f28fe6c\" data-element_type=\"container\" data-e-type=\"container\" data-settings=\"{&quot;background_background&quot;:&quot;classic&quot;,&quot;thegem_container_layout&quot;:&quot;elementor&quot;}\">\r\n\t\t\t\t<div class=\"elementor-element elementor-element-9c53adc elementor-widget__width-initial flex-horizontal-align-default flex-horizontal-align-tablet-default flex-horizontal-align-mobile-default flex-vertical-align-default flex-vertical-align-tablet-default flex-vertical-align-mobile-default elementor-widget elementor-widget-video\" data-id=\"9c53adc\" data-element_type=\"widget\" data-e-type=\"widget\" data-settings=\"{&quot;youtube_url&quot;:&quot;https:\\\/\\\/youtube.com\\\/shorts\\\/08mZXDfjjY4?feature=share&quot;,&quot;video_type&quot;:&quot;youtube&quot;,&quot;controls&quot;:&quot;yes&quot;}\" data-widget_type=\"video.default\">\n\t\t\t\t<div class=\"elementor-widget-container\">\n\t\t\t\t\t\t\t<div class=\"elementor-wrapper elementor-open-inline\">\n\t\t\t<div class=\"elementor-video\"><\/div>\t\t<\/div>\n\t\t\t\t\t\t<\/div>\n\t\t\t\t<\/div>\n\t\t\t\t<\/div>\n\t\t\t\t\t<\/div>\n\t\t\t\t<\/div>\n\t\t\t\t<\/div>\n\t\t","protected":false},"excerpt":{"rendered":"<p>Modern\u00ed skautsk\u00e9 st\u0159edisko L\u00ebtzebuerger Scouten v Ettelbrucku, postaven\u00e9 v ekologick\u00e9 d\u0159evostavb\u011b. <u>St\u0159echa, st\u011bny, podlahy a stropy<\/u> byly izolov\u00e1ny izolac\u00ed z ov\u010d\u00ed vlny ISOLENA.<\/u>.<\/p>\n<div style=\"margin-top: 15px\"><a href=\"\/cs\/pf\/skautsky-domov-letzebuerger-scouting\/\" class=\"iw-refereces-button\">V\u00edce na<\/a><\/div>","protected":false},"featured_media":58962,"menu_order":25,"comment_status":"closed","ping_status":"closed","template":"","meta":[],"thegem_portfolios":[205],"class_list":["post-58900","thegem_pf_item","type-thegem_pf_item","status-publish","has-post-thumbnail"],"yoast_head":"<!-- This site is optimized with the Yoast SEO plugin v27.1.1 - https:\/\/yoast.com\/product\/yoast-seo-wordpress\/ -->\n<title>Referenz: Pfadfinderheim, LU | ISOLENA<\/title>\n<meta name=\"description\" content=\"Beim Neubau des Pfadfinderheim in Luxemburg entstand ein modernes Geb\u00e4ude nach \u00f6kologisch Ma\u00dfst\u00e4ben mit nat\u00fcrlicher Schafwolld\u00e4mmung\" \/>\n<meta name=\"robots\" content=\"index, follow, max-snippet:-1, max-image-preview:large, max-video-preview:-1\" \/>\n<link rel=\"canonical\" href=\"https:\/\/www.isolena.com\/cs\/pf\/skautsky-domov-letzebuerger-scouting\/\" \/>\n<meta property=\"og:locale\" content=\"cs_CZ\" \/>\n<meta property=\"og:type\" content=\"article\" \/>\n<meta property=\"og:title\" content=\"Referenz: Pfadfinderheim, LU | ISOLENA\" \/>\n<meta property=\"og:description\" content=\"Beim Neubau des Pfadfinderheim in Luxemburg entstand ein modernes Geb\u00e4ude nach \u00f6kologisch Ma\u00dfst\u00e4ben mit nat\u00fcrlicher Schafwolld\u00e4mmung\" \/>\n<meta property=\"og:url\" content=\"https:\/\/www.isolena.com\/cs\/pf\/skautsky-domov-letzebuerger-scouting\/\" \/>\n<meta property=\"og:site_name\" content=\"www.isolena.com\" \/>\n<meta property=\"article:publisher\" content=\"https:\/\/www.facebook.com\/lehnerwool\/\" \/>\n<meta property=\"article:modified_time\" content=\"2026-02-25T14:26:12+00:00\" \/>\n<meta property=\"og:image\" content=\"https:\/\/www.isolena.com\/wp-content\/uploads\/2026\/02\/Bauprojekt-Pfadfinderheim-LM-5087.jpg\" \/>\n\t<meta property=\"og:image:width\" content=\"370\" \/>\n\t<meta property=\"og:image:height\" content=\"330\" \/>\n\t<meta property=\"og:image:type\" content=\"image\/jpeg\" \/>\n<meta name=\"twitter:card\" content=\"summary_large_image\" \/>\n<meta name=\"twitter:label1\" content=\"Odhadovan\u00e1 doba \u010dten\u00ed\" \/>\n\t<meta name=\"twitter:data1\" content=\"1 minuta\" \/>\n<script type=\"application\/ld+json\" class=\"yoast-schema-graph\">{\"@context\":\"https:\/\/schema.org\",\"@graph\":[{\"@type\":\"WebPage\",\"@id\":\"https:\/\/www.isolena.com\/pf\/pfadfinderheim-letzebuerger-scouten\/\",\"url\":\"https:\/\/www.isolena.com\/pf\/pfadfinderheim-letzebuerger-scouten\/\",\"name\":\"Referenz: Pfadfinderheim, LU | ISOLENA\",\"isPartOf\":{\"@id\":\"https:\/\/www.isolena.com\/de\/#website\"},\"primaryImageOfPage\":{\"@id\":\"https:\/\/www.isolena.com\/pf\/pfadfinderheim-letzebuerger-scouten\/#primaryimage\"},\"image\":{\"@id\":\"https:\/\/www.isolena.com\/pf\/pfadfinderheim-letzebuerger-scouten\/#primaryimage\"},\"thumbnailUrl\":\"https:\/\/www.isolena.com\/wp-content\/uploads\/2026\/02\/Bauprojekt-Pfadfinderheim-LM-5087.jpg\",\"datePublished\":\"2024-11-01T08:31:42+00:00\",\"dateModified\":\"2026-02-25T14:26:12+00:00\",\"description\":\"Beim Neubau des Pfadfinderheim in Luxemburg entstand ein modernes Geb\u00e4ude nach \u00f6kologisch Ma\u00dfst\u00e4ben mit nat\u00fcrlicher Schafwolld\u00e4mmung\",\"breadcrumb\":{\"@id\":\"https:\/\/www.isolena.com\/pf\/pfadfinderheim-letzebuerger-scouten\/#breadcrumb\"},\"inLanguage\":\"cs\",\"potentialAction\":[{\"@type\":\"ReadAction\",\"target\":[\"https:\/\/www.isolena.com\/pf\/pfadfinderheim-letzebuerger-scouten\/\"]}]},{\"@type\":\"ImageObject\",\"inLanguage\":\"cs\",\"@id\":\"https:\/\/www.isolena.com\/pf\/pfadfinderheim-letzebuerger-scouten\/#primaryimage\",\"url\":\"https:\/\/www.isolena.com\/wp-content\/uploads\/2026\/02\/Bauprojekt-Pfadfinderheim-LM-5087.jpg\",\"contentUrl\":\"https:\/\/www.isolena.com\/wp-content\/uploads\/2026\/02\/Bauprojekt-Pfadfinderheim-LM-5087.jpg\",\"width\":370,\"height\":330,\"caption\":\"Bauprojekt Pfadfinderheim\"},{\"@type\":\"BreadcrumbList\",\"@id\":\"https:\/\/www.isolena.com\/pf\/pfadfinderheim-letzebuerger-scouten\/#breadcrumb\",\"itemListElement\":[{\"@type\":\"ListItem\",\"position\":1,\"name\":\"Home\",\"item\":\"https:\/\/www.isolena.com\/\"},{\"@type\":\"ListItem\",\"position\":2,\"name\":\"Pfadfinderheim, LU\"}]},{\"@type\":\"WebSite\",\"@id\":\"https:\/\/www.isolena.com\/de\/#website\",\"url\":\"https:\/\/www.isolena.com\/de\/\",\"name\":\"ISOLENA - Schafwolld\u00e4mmung\",\"description\":\"\",\"publisher\":{\"@id\":\"https:\/\/www.isolena.com\/de\/#organization\"},\"potentialAction\":[{\"@type\":\"SearchAction\",\"target\":{\"@type\":\"EntryPoint\",\"urlTemplate\":\"https:\/\/www.isolena.com\/de\/?s={search_term_string}\"},\"query-input\":{\"@type\":\"PropertyValueSpecification\",\"valueRequired\":true,\"valueName\":\"search_term_string\"}}],\"inLanguage\":\"cs\"},{\"@type\":\"Organization\",\"@id\":\"https:\/\/www.isolena.com\/de\/#organization\",\"name\":\"ISOLENA Naturfaservliese GmbH\",\"url\":\"https:\/\/www.isolena.com\/de\/\",\"logo\":{\"@type\":\"ImageObject\",\"inLanguage\":\"cs\",\"@id\":\"https:\/\/www.isolena.com\/de\/#\/schema\/logo\/image\/\",\"url\":\"https:\/\/www.isolena.com\/wp-content\/uploads\/2025\/02\/isolena-logo-bubble.png\",\"contentUrl\":\"https:\/\/www.isolena.com\/wp-content\/uploads\/2025\/02\/isolena-logo-bubble.png\",\"width\":400,\"height\":235,\"caption\":\"ISOLENA Naturfaservliese GmbH\"},\"image\":{\"@id\":\"https:\/\/www.isolena.com\/de\/#\/schema\/logo\/image\/\"},\"sameAs\":[\"https:\/\/www.facebook.com\/lehnerwool\/\",\"https:\/\/www.youtube.com\/user\/LehnerWolle3\",\"https:\/\/www.instagram.com\/lehnerwool\/\"]}]}<\/script>\n<!-- \/ Yoast SEO plugin. -->","yoast_head_json":{"title":"Odkaz: Skautsk\u00e9 st\u0159edisko, LU | ISOLENA","description":"Nov\u00e9 skautsk\u00e9 st\u0159edisko v Lucemburku je modern\u00ed budova postaven\u00e1 podle ekologick\u00fdch standard\u016f s p\u0159\u00edrodn\u00ed izolac\u00ed z ov\u010d\u00ed vlny.","robots":{"index":"index","follow":"follow","max-snippet":"max-snippet:-1","max-image-preview":"max-image-preview:large","max-video-preview":"max-video-preview:-1"},"canonical":"https:\/\/www.isolena.com\/cs\/pf\/skautsky-domov-letzebuerger-scouting\/","og_locale":"cs_CZ","og_type":"article","og_title":"Referenz: Pfadfinderheim, LU | ISOLENA","og_description":"Beim Neubau des Pfadfinderheim in Luxemburg entstand ein modernes Geb\u00e4ude nach \u00f6kologisch Ma\u00dfst\u00e4ben mit nat\u00fcrlicher Schafwolld\u00e4mmung","og_url":"https:\/\/www.isolena.com\/cs\/pf\/skautsky-domov-letzebuerger-scouting\/","og_site_name":"www.isolena.com","article_publisher":"https:\/\/www.facebook.com\/lehnerwool\/","article_modified_time":"2026-02-25T14:26:12+00:00","og_image":[{"width":370,"height":330,"url":"https:\/\/www.isolena.com\/wp-content\/uploads\/2026\/02\/Bauprojekt-Pfadfinderheim-LM-5087.jpg","type":"image\/jpeg"}],"twitter_card":"summary_large_image","twitter_misc":{"Odhadovan\u00e1 doba \u010dten\u00ed":"1 minuta"},"schema":{"@context":"https:\/\/schema.org","@graph":[{"@type":"WebPage","@id":"https:\/\/www.isolena.com\/pf\/pfadfinderheim-letzebuerger-scouten\/","url":"https:\/\/www.isolena.com\/pf\/pfadfinderheim-letzebuerger-scouten\/","name":"Odkaz: Skautsk\u00e9 st\u0159edisko, LU | ISOLENA","isPartOf":{"@id":"https:\/\/www.isolena.com\/de\/#website"},"primaryImageOfPage":{"@id":"https:\/\/www.isolena.com\/pf\/pfadfinderheim-letzebuerger-scouten\/#primaryimage"},"image":{"@id":"https:\/\/www.isolena.com\/pf\/pfadfinderheim-letzebuerger-scouten\/#primaryimage"},"thumbnailUrl":"https:\/\/www.isolena.com\/wp-content\/uploads\/2026\/02\/Bauprojekt-Pfadfinderheim-LM-5087.jpg","datePublished":"2024-11-01T08:31:42+00:00","dateModified":"2026-02-25T14:26:12+00:00","description":"Nov\u00e9 skautsk\u00e9 st\u0159edisko v Lucemburku je modern\u00ed budova postaven\u00e1 podle ekologick\u00fdch standard\u016f s p\u0159\u00edrodn\u00ed izolac\u00ed z ov\u010d\u00ed vlny.","breadcrumb":{"@id":"https:\/\/www.isolena.com\/pf\/pfadfinderheim-letzebuerger-scouten\/#breadcrumb"},"inLanguage":"cs","potentialAction":[{"@type":"ReadAction","target":["https:\/\/www.isolena.com\/pf\/pfadfinderheim-letzebuerger-scouten\/"]}]},{"@type":"ImageObject","inLanguage":"cs","@id":"https:\/\/www.isolena.com\/pf\/pfadfinderheim-letzebuerger-scouten\/#primaryimage","url":"https:\/\/www.isolena.com\/wp-content\/uploads\/2026\/02\/Bauprojekt-Pfadfinderheim-LM-5087.jpg","contentUrl":"https:\/\/www.isolena.com\/wp-content\/uploads\/2026\/02\/Bauprojekt-Pfadfinderheim-LM-5087.jpg","width":370,"height":330,"caption":"Bauprojekt Pfadfinderheim"},{"@type":"BreadcrumbList","@id":"https:\/\/www.isolena.com\/pf\/pfadfinderheim-letzebuerger-scouten\/#breadcrumb","itemListElement":[{"@type":"ListItem","position":1,"name":"Home","item":"https:\/\/www.isolena.com\/"},{"@type":"ListItem","position":2,"name":"Pfadfinderheim, LU"}]},{"@type":"WebSite","@id":"https:\/\/www.isolena.com\/de\/#website","url":"https:\/\/www.isolena.com\/de\/","name":"ISOLENA - Izolace z ov\u010d\u00ed vlny","description":"","publisher":{"@id":"https:\/\/www.isolena.com\/de\/#organization"},"potentialAction":[{"@type":"SearchAction","target":{"@type":"EntryPoint","urlTemplate":"https:\/\/www.isolena.com\/de\/?s={search_term_string}"},"query-input":{"@type":"PropertyValueSpecification","valueRequired":true,"valueName":"search_term_string"}}],"inLanguage":"cs"},{"@type":"Organization","@id":"https:\/\/www.isolena.com\/de\/#organization","name":"ISOLENA Naturfaservliese GmbH","url":"https:\/\/www.isolena.com\/de\/","logo":{"@type":"ImageObject","inLanguage":"cs","@id":"https:\/\/www.isolena.com\/de\/#\/schema\/logo\/image\/","url":"https:\/\/www.isolena.com\/wp-content\/uploads\/2025\/02\/isolena-logo-bubble.png","contentUrl":"https:\/\/www.isolena.com\/wp-content\/uploads\/2025\/02\/isolena-logo-bubble.png","width":400,"height":235,"caption":"ISOLENA Naturfaservliese GmbH"},"image":{"@id":"https:\/\/www.isolena.com\/de\/#\/schema\/logo\/image\/"},"sameAs":["https:\/\/www.facebook.com\/lehnerwool\/","https:\/\/www.youtube.com\/user\/LehnerWolle3","https:\/\/www.instagram.com\/lehnerwool\/"]}]}},"_links":{"self":[{"href":"https:\/\/www.isolena.com\/cs\/wp-json\/wp\/v2\/thegem_pf_item\/58900","targetHints":{"allow":["GET"]}}],"collection":[{"href":"https:\/\/www.isolena.com\/cs\/wp-json\/wp\/v2\/thegem_pf_item"}],"about":[{"href":"https:\/\/www.isolena.com\/cs\/wp-json\/wp\/v2\/types\/thegem_pf_item"}],"replies":[{"embeddable":true,"href":"https:\/\/www.isolena.com\/cs\/wp-json\/wp\/v2\/comments?post=58900"}],"version-history":[{"count":25,"href":"https:\/\/www.isolena.com\/cs\/wp-json\/wp\/v2\/thegem_pf_item\/58900\/revisions"}],"predecessor-version":[{"id":58994,"href":"https:\/\/www.isolena.com\/cs\/wp-json\/wp\/v2\/thegem_pf_item\/58900\/revisions\/58994"}],"wp:featuredmedia":[{"embeddable":true,"href":"https:\/\/www.isolena.com\/cs\/wp-json\/wp\/v2\/media\/58962"}],"wp:attachment":[{"href":"https:\/\/www.isolena.com\/cs\/wp-json\/wp\/v2\/media?parent=58900"}],"wp:term":[{"taxonomy":"thegem_portfolios","embeddable":true,"href":"https:\/\/www.isolena.com\/cs\/wp-json\/wp\/v2\/thegem_portfolios?post=58900"}],"curies":[{"name":"wp","href":"https:\/\/api.w.org\/{rel}","templated":true}]}}