{"id":45066,"date":"2024-09-13T15:10:01","date_gmt":"2024-09-13T15:10:01","guid":{"rendered":"https:\/\/www2.isolena.com\/referenzen-2\/"},"modified":"2026-02-18T13:41:56","modified_gmt":"2026-02-18T11:41:56","slug":"hochbau","status":"publish","type":"page","link":"https:\/\/www.isolena.com\/de\/referenzen\/hochbau\/","title":{"rendered":"Hochbau"},"content":{"rendered":"\t\t<div data-elementor-type=\"wp-page\" data-elementor-id=\"45066\" class=\"elementor elementor-45066\" data-elementor-post-type=\"page\">\n\t\t\t\t<div class=\"elementor-element elementor-element-eee9988 thegem-e-con-layout-elementor e-flex e-con-boxed e-con e-parent\" data-id=\"eee9988\" data-element_type=\"container\" data-e-type=\"container\" data-settings=\"{&quot;thegem_container_layout&quot;:&quot;elementor&quot;}\">\r\n\t\t\t\t\t<div class=\"e-con-inner\">\r\n\t\t\t\t<div class=\"elementor-element elementor-element-abca94f flex-horizontal-align-default flex-horizontal-align-tablet-default flex-horizontal-align-mobile-default flex-vertical-align-default flex-vertical-align-tablet-default flex-vertical-align-mobile-default elementor-widget elementor-widget-breadcrumbs\" data-id=\"abca94f\" data-element_type=\"widget\" data-e-type=\"widget\" data-widget_type=\"breadcrumbs.default\">\n\t\t\t\t<div class=\"elementor-widget-container\">\n\t\t\t\t\t<p id=\"breadcrumbs\"><span><span><a href=\"https:\/\/www.isolena.com\/\">Home<\/a><\/span><\/span><\/p>\t\t\t\t<\/div>\n\t\t\t\t<\/div>\n\t\t\t\t\t<\/div>\n\t\t\t\t<\/div>\n\t\t<div class=\"elementor-element elementor-element-d63075a thegem-e-con-layout-elementor e-flex e-con-boxed e-con e-parent\" data-id=\"d63075a\" data-element_type=\"container\" data-e-type=\"container\" data-settings=\"{&quot;thegem_container_layout&quot;:&quot;elementor&quot;}\">\r\n\t\t\t\t\t<div class=\"e-con-inner\">\r\n\t\t\t\t<div class=\"elementor-element elementor-element-612d575a flex-horizontal-align-default flex-horizontal-align-tablet-default flex-horizontal-align-mobile-default flex-vertical-align-default flex-vertical-align-tablet-default flex-vertical-align-mobile-default elementor-invisible elementor-widget elementor-widget-heading\" data-id=\"612d575a\" data-element_type=\"widget\" data-e-type=\"widget\" data-settings=\"{&quot;_animation&quot;:&quot;fadeInUp&quot;}\" data-widget_type=\"heading.default\">\n\t\t\t\t<div class=\"elementor-widget-container\">\n\t\t\t\t\t<div class=\"default elementor-heading-title elementor-size-default\">Referenz-Projekte<\/div>\t\t\t\t<\/div>\n\t\t\t\t<\/div>\n\t\t\t\t<div class=\"elementor-element elementor-element-42d1d50 flex-horizontal-align-default flex-horizontal-align-tablet-default flex-horizontal-align-mobile-default flex-vertical-align-default flex-vertical-align-tablet-default flex-vertical-align-mobile-default elementor-widget elementor-widget-heading\" data-id=\"42d1d50\" data-element_type=\"widget\" data-e-type=\"widget\" data-widget_type=\"heading.default\">\n\t\t\t\t<div class=\"elementor-widget-container\">\n\t\t\t\t\t<h1 class=\"elementor-heading-title elementor-size-default\">D\u00e4mmung im Hochbau<\/h1>\t\t\t\t<\/div>\n\t\t\t\t<\/div>\n\t\t\t\t<div class=\"elementor-element elementor-element-9684797 flex-horizontal-align-default flex-horizontal-align-tablet-default flex-horizontal-align-mobile-default flex-vertical-align-default flex-vertical-align-tablet-default flex-vertical-align-mobile-default elementor-widget elementor-widget-text-editor\" data-id=\"9684797\" data-element_type=\"widget\" data-e-type=\"widget\" data-widget_type=\"text-editor.default\">\n\t\t\t\t<div class=\"elementor-widget-container\">\n\t\t\t\t\t\t\t\t\t\t\t\t<div class=\"elementor-text-editor elementor-clearfix\">\r\n\t\t\t\t\t\t<p>Unsere Referenzen im Hochbau zeigen eine Vielzahl erfolgreich realisierter Projekte \u2013 von Firmenzentralen \u00fcber Schulen bis hin zu Wohnh\u00e4usern und vieles mehr. Alle Bauprojekte wurden mit umweltfreundlicher ISOLENA Schafwolld\u00e4mmung umgesetzt und stellen L\u00f6sungen f\u00fcr zukunftsorientiertes und \u00f6kologisches Bauen dar.<\/p>\t\t\t\t\t\t\t<\/div>\r\n\t\t\t\t\t\t\t\t\t\t<\/div>\n\t\t\t\t<\/div>\n\t\t\t\t\t<\/div>\n\t\t\t\t<\/div>\n\t\t<div class=\"elementor-element elementor-element-855588b thegem-e-con-layout-elementor e-flex e-con-boxed e-con e-parent\" data-id=\"855588b\" data-element_type=\"container\" data-e-type=\"container\" data-settings=\"{&quot;background_background&quot;:&quot;classic&quot;,&quot;thegem_container_layout&quot;:&quot;elementor&quot;}\">\r\n\t\t\t\t\t<div class=\"e-con-inner\">\r\n\t\t\t\t<div class=\"elementor-element elementor-element-7696585 flex-horizontal-align-default flex-horizontal-align-tablet-default flex-horizontal-align-mobile-default flex-vertical-align-default flex-vertical-align-tablet-default flex-vertical-align-mobile-default elementor-invisible elementor-widget elementor-widget-button\" data-id=\"7696585\" data-element_type=\"widget\" data-e-type=\"widget\" data-settings=\"{&quot;_animation&quot;:&quot;fadeInUp&quot;}\" data-widget_type=\"button.default\">\n\t\t\t\t<div class=\"elementor-widget-container\">\n\t\t\t\t\t\t\t\t\t<div class=\"elementor-button-wrapper\">\n\t\t\t\t\t<a class=\"elementor-button elementor-button-link elementor-size-sm\" href=\"\/referenzen\/\">\n\t\t\t\t\t\t<span class=\"elementor-button-content-wrapper\">\n\t\t\t\t\t\t\t\t\t<span class=\"elementor-button-text\">Alle<\/span>\n\t\t\t\t\t<\/span>\n\t\t\t\t\t<\/a>\n\t\t\t\t<\/div>\n\t\t\t\t\t\t\t\t<\/div>\n\t\t\t\t<\/div>\n\t\t\t\t<div class=\"elementor-element elementor-element-0e3f2b9 flex-horizontal-align-default flex-horizontal-align-tablet-default flex-horizontal-align-mobile-default flex-vertical-align-default flex-vertical-align-tablet-default flex-vertical-align-mobile-default elementor-invisible elementor-widget elementor-widget-button\" data-id=\"0e3f2b9\" data-element_type=\"widget\" data-e-type=\"widget\" data-settings=\"{&quot;_animation&quot;:&quot;fadeInUp&quot;}\" data-widget_type=\"button.default\">\n\t\t\t\t<div class=\"elementor-widget-container\">\n\t\t\t\t\t\t\t\t\t<div class=\"elementor-button-wrapper\">\n\t\t\t\t\t<a class=\"elementor-button elementor-size-sm\" role=\"button\">\n\t\t\t\t\t\t<span class=\"elementor-button-content-wrapper\">\n\t\t\t\t\t\t\t\t\t<span class=\"elementor-button-text\">Hochbau<\/span>\n\t\t\t\t\t<\/span>\n\t\t\t\t\t<\/a>\n\t\t\t\t<\/div>\n\t\t\t\t\t\t\t\t<\/div>\n\t\t\t\t<\/div>\n\t\t\t\t<div class=\"elementor-element elementor-element-f601601 flex-horizontal-align-default flex-horizontal-align-tablet-default flex-horizontal-align-mobile-default flex-vertical-align-default flex-vertical-align-tablet-default flex-vertical-align-mobile-default elementor-invisible elementor-widget elementor-widget-button\" data-id=\"f601601\" data-element_type=\"widget\" data-e-type=\"widget\" data-settings=\"{&quot;_animation&quot;:&quot;fadeInUp&quot;}\" data-widget_type=\"button.default\">\n\t\t\t\t<div class=\"elementor-widget-container\">\n\t\t\t\t\t\t\t\t\t<div class=\"elementor-button-wrapper\">\n\t\t\t\t\t<a class=\"elementor-button elementor-button-link elementor-size-sm\" href=\"\/referenzen\/holzbau\/\">\n\t\t\t\t\t\t<span class=\"elementor-button-content-wrapper\">\n\t\t\t\t\t\t\t\t\t<span class=\"elementor-button-text\">Holzbau<\/span>\n\t\t\t\t\t<\/span>\n\t\t\t\t\t<\/a>\n\t\t\t\t<\/div>\n\t\t\t\t\t\t\t\t<\/div>\n\t\t\t\t<\/div>\n\t\t\t\t<div class=\"elementor-element elementor-element-57fb64e flex-horizontal-align-default flex-horizontal-align-tablet-default flex-horizontal-align-mobile-default flex-vertical-align-default flex-vertical-align-tablet-default flex-vertical-align-mobile-default elementor-invisible elementor-widget elementor-widget-button\" data-id=\"57fb64e\" data-element_type=\"widget\" data-e-type=\"widget\" data-settings=\"{&quot;_animation&quot;:&quot;fadeInUp&quot;}\" data-widget_type=\"button.default\">\n\t\t\t\t<div class=\"elementor-widget-container\">\n\t\t\t\t\t\t\t\t\t<div class=\"elementor-button-wrapper\">\n\t\t\t\t\t<a class=\"elementor-button elementor-button-link elementor-size-sm\" href=\"\/referenzen\/altbau-sanierung\/\">\n\t\t\t\t\t\t<span class=\"elementor-button-content-wrapper\">\n\t\t\t\t\t\t\t\t\t<span class=\"elementor-button-text\">Sanierung<\/span>\n\t\t\t\t\t<\/span>\n\t\t\t\t\t<\/a>\n\t\t\t\t<\/div>\n\t\t\t\t\t\t\t\t<\/div>\n\t\t\t\t<\/div>\n\t\t\t\t<div class=\"elementor-element elementor-element-d82f6f2 flex-horizontal-align-default flex-horizontal-align-tablet-default flex-horizontal-align-mobile-default flex-vertical-align-default flex-vertical-align-tablet-default flex-vertical-align-mobile-default elementor-invisible elementor-widget elementor-widget-button\" data-id=\"d82f6f2\" data-element_type=\"widget\" data-e-type=\"widget\" data-settings=\"{&quot;_animation&quot;:&quot;fadeInUp&quot;}\" data-widget_type=\"button.default\">\n\t\t\t\t<div class=\"elementor-widget-container\">\n\t\t\t\t\t\t\t\t\t<div class=\"elementor-button-wrapper\">\n\t\t\t\t\t<a class=\"elementor-button elementor-button-link elementor-size-sm\" href=\"https:\/\/www.isolena.com\/de\/referenzen\/raumakustik\/\">\n\t\t\t\t\t\t<span class=\"elementor-button-content-wrapper\">\n\t\t\t\t\t\t\t\t\t<span class=\"elementor-button-text\">Raumakustik<\/span>\n\t\t\t\t\t<\/span>\n\t\t\t\t\t<\/a>\n\t\t\t\t<\/div>\n\t\t\t\t\t\t\t\t<\/div>\n\t\t\t\t<\/div>\n\t\t\t\t<div class=\"elementor-element elementor-element-7cd82e0 flex-horizontal-align-default flex-horizontal-align-tablet-default flex-horizontal-align-mobile-default flex-vertical-align-default flex-vertical-align-tablet-default flex-vertical-align-mobile-default elementor-invisible elementor-widget elementor-widget-button\" data-id=\"7cd82e0\" data-element_type=\"widget\" data-e-type=\"widget\" data-settings=\"{&quot;_animation&quot;:&quot;fadeInUp&quot;}\" data-widget_type=\"button.default\">\n\t\t\t\t<div class=\"elementor-widget-container\">\n\t\t\t\t\t\t\t\t\t<div class=\"elementor-button-wrapper\">\n\t\t\t\t\t<a class=\"elementor-button elementor-button-link elementor-size-sm\" href=\"\/referenzen\/weitere-bauprojekte\/\">\n\t\t\t\t\t\t<span class=\"elementor-button-content-wrapper\">\n\t\t\t\t\t\t\t\t\t<span class=\"elementor-button-text\">Weiteres<\/span>\n\t\t\t\t\t<\/span>\n\t\t\t\t\t<\/a>\n\t\t\t\t<\/div>\n\t\t\t\t\t\t\t\t<\/div>\n\t\t\t\t<\/div>\n\t\t\t\t\t<\/div>\n\t\t\t\t<\/div>\n\t\t<div class=\"elementor-element elementor-element-be4528d thegem-e-con-layout-elementor e-flex e-con-boxed e-con e-parent\" data-id=\"be4528d\" data-element_type=\"container\" data-e-type=\"container\" data-settings=\"{&quot;thegem_container_layout&quot;:&quot;elementor&quot;}\">\r\n\t\t\t\t\t<div class=\"e-con-inner\">\r\n\t\t\t\t<div class=\"elementor-element elementor-element-f582bc8 flex-horizontal-align-default flex-horizontal-align-tablet-default flex-horizontal-align-mobile-default flex-vertical-align-default flex-vertical-align-tablet-default flex-vertical-align-mobile-default elementor-widget elementor-widget-thegem-portfolio\" data-id=\"f582bc8\" data-element_type=\"widget\" data-e-type=\"widget\" data-settings=\"{&quot;image_gaps&quot;:{&quot;unit&quot;:&quot;px&quot;,&quot;size&quot;:35,&quot;sizes&quot;:[]},&quot;loading_animation&quot;:&quot;yes&quot;,&quot;animation_effect&quot;:&quot;move-up&quot;,&quot;columns_desktop&quot;:&quot;3x&quot;,&quot;content_portfolios_thegem_portfolios&quot;:[&quot;hochbau&quot;],&quot;repeater_details&quot;:[{&quot;attribute_title&quot;:&quot;Credits&quot;,&quot;_id&quot;:&quot;8633d1d&quot;,&quot;attribute_type&quot;:&quot;custom_fields&quot;,&quot;attribute_taxonomies&quot;:null,&quot;attribute_custom_fields&quot;:&quot;_tg_cf_77588885&quot;,&quot;attribute_details&quot;:null,&quot;attribute_meta_type&quot;:&quot;text&quot;,&quot;attribute_price_format&quot;:null,&quot;attribute_price_format_locale&quot;:null,&quot;attribute_price_format_prefix&quot;:null,&quot;attribute_price_format_suffix&quot;:null,&quot;attribute_icon&quot;:{&quot;value&quot;:&quot;&quot;,&quot;library&quot;:&quot;&quot;}}],&quot;filters_text_labels_clear_text&quot;:&quot;Suche l\\u00f6schen&quot;,&quot;filters_text_labels_search_text&quot;:&quot;Referenzen durchsuchen&quot;,&quot;not_found_text&quot;:&quot;Es wurden keine Eintr\\u00e4ge zu deiner Suche gefunden&quot;,&quot;sorting_extended_text&quot;:&quot;Default sorting&quot;,&quot;sorting_extended_dropdown_title_text&quot;:&quot;Sort by title (A-Z)&quot;,&quot;sorting_extended_dropdown_title_desc_text&quot;:&quot;Sort by title (Z-A)&quot;,&quot;sorting_extended_dropdown_latest_text&quot;:&quot;Sort by latest&quot;,&quot;sorting_extended_dropdown_oldest_text&quot;:&quot;Sort by oldest&quot;,&quot;portfolio_uid&quot;:&quot;0e09i57&quot;,&quot;items_per_page&quot;:-1,&quot;order_by&quot;:&quot;date&quot;,&quot;order&quot;:&quot;desc&quot;,&quot;thegem_elementor_preset&quot;:&quot;alternative&quot;,&quot;title_preset&quot;:&quot;text-body&quot;,&quot;caption_container_preset&quot;:&quot;transparent&quot;,&quot;reduce_html_size&quot;:&quot;yes&quot;,&quot;search_reset_filters&quot;:&quot;yes&quot;,&quot;details_layout&quot;:&quot;inline&quot;,&quot;layout&quot;:&quot;masonry&quot;,&quot;details_style&quot;:&quot;labels&quot;,&quot;show_search_as&quot;:&quot;input&quot;,&quot;disable_portfolio_link&quot;:&quot;yes&quot;,&quot;show_search&quot;:&quot;yes&quot;,&quot;portfolio_show_details&quot;:&quot;yes&quot;,&quot;columns_tablet&quot;:&quot;2x&quot;,&quot;columns_mobile&quot;:&quot;1x&quot;,&quot;query_type&quot;:&quot;portfolios&quot;,&quot;source&quot;:[&quot;thegem_portfolios&quot;],&quot;exclude_type&quot;:&quot;manual&quot;,&quot;caption_position&quot;:&quot;page&quot;,&quot;image_hover_effect_page&quot;:&quot;default&quot;,&quot;hover_elements_size&quot;:&quot;default&quot;,&quot;portfolio_show_title&quot;:&quot;yes&quot;,&quot;portfolio_show_description&quot;:&quot;yes&quot;,&quot;portfolio_show_sets&quot;:&quot;yes&quot;,&quot;additional_meta_type&quot;:&quot;taxonomies&quot;,&quot;additional_meta_taxonomies&quot;:&quot;thegem_portfolios&quot;,&quot;additional_meta_click_behavior_meta&quot;:&quot;filtering&quot;,&quot;details_position&quot;:&quot;bottom&quot;,&quot;filter_type&quot;:&quot;default&quot;,&quot;filter_style&quot;:&quot;buttons&quot;,&quot;search_by&quot;:&quot;content&quot;,&quot;items_on_load&quot;:8,&quot;ajax_preloader_type&quot;:&quot;default&quot;,&quot;image_gaps_tablet&quot;:{&quot;unit&quot;:&quot;px&quot;,&quot;size&quot;:&quot;&quot;,&quot;sizes&quot;:[]},&quot;image_gaps_mobile&quot;:{&quot;unit&quot;:&quot;px&quot;,&quot;size&quot;:&quot;&quot;,&quot;sizes&quot;:[]},&quot;title_tag&quot;:&quot;div&quot;,&quot;description_preset&quot;:&quot;default&quot;,&quot;pagination_arrows_left_icon&quot;:{&quot;value&quot;:&quot;&quot;,&quot;library&quot;:&quot;&quot;},&quot;pagination_arrows_right_icon&quot;:{&quot;value&quot;:&quot;&quot;,&quot;library&quot;:&quot;&quot;},&quot;likes_icon&quot;:{&quot;value&quot;:&quot;&quot;,&quot;library&quot;:&quot;&quot;},&quot;details_alignment_inline&quot;:&quot;default&quot;,&quot;details_value_preset&quot;:&quot;text-body-tiny&quot;}\" data-widget_type=\"thegem-portfolio.default\">\n\t\t\t\t<div class=\"elementor-widget-container\">\n\t\t\t\t\t<div class=\"preloader save-space\"><div class=\"preloader-spin\"><\/div><\/div>\t\t\t<div class=\"portfolio-preloader-wrapper\">\n\t\t\t\t\n\t\t\t\t\n\t\t\t\t<div class=\"portfolio portfolio-grid extended-portfolio-grid no-padding portfolio-pagination-disabled portfolio-style-masonry background-style-transparent hover-default title-on-page caption-position-page hover-elements-size-default version-alternative loading-animation item-animation-move-up         portfolio-items-masonry columns-3 columns-tablet-2 columns-mobile-1       full-image  \" data-style-uid=\"f582bc8\" data-portfolio-uid=\"0e09i57\" data-current-page=\"1\" data-per-page=\"-1\" data-next-page=\"0\" data-pages-count=\"-21\" data-hover=\"default\" data-portfolio-filter=\"[]\" data-portfolio-filter-attributes=\"null\" data-portfolio-filter-search=\"\">\n\t\t\t\t\t\n\t\t\t\t\t<div class=\"portfolio-row-outer \">\n\t\t\t\t\t\n\t\t\t\t\t\t\t\t\t\t\t\t\t\t\t\t\t\t\t\t\t\t\t<div class=\"portfolio-top-panel filter-type-default panel-with-search\">\n\t\t\t\t\t\t\t\t\t\t\t\t\t\t\t\t\t\t\t\t<div class=\"portfolio-top-panel-row filter-style-buttons\">\n\t\t\t\t\t\t\t\t\t\t\t\t\t\t\t\t\t\t\t\t\t\t\t<div class=\"portfolio-top-panel-left\"><div class=\"portfolio-filter-item portfolio-selected-filters  \">\n\t<div class=\"portfolio-selected-filter-item clear-filters\">\n\t\tSuche l\u00f6schen\t<\/div>\n\t<\/div>\t\t\t\t\t\t\t\t\t\t\t\t<\/div>\n\t\t\t\t\t\t\t\t\t\t\t\t\t\t\t\t\t\t\t\t\t\t\t\t\t\t\t\t\t\t\t\t\t\t<div class=\"portfolio-top-panel-right\">\n\t\t\t\t\t\t\t\t\t\t\t\t\t\n\t\t\t\t\t\t\t\t\t\t\t\t\t\t\t\t\t\t\t\t\t\t\t\t\t\t\t<span>&nbsp;<\/span>\n\t\t\t\t\t\t\t\t\t\t\t\t\t\t<form class=\"portfolio-search-filter mobile-visible reset-filters input-style\"\n\t\t\t\t\t\t\t\t\t\t\t\t\t\t\trole=\"search\" action=\"\">\n\t\t\t\t\t\t\t\t\t\t\t\t\t\t\t<div class=\"portfolio-search-filter-form\">\n\t\t\t\t\t\t\t\t\t\t\t\t\t\t\t\t<input type=\"search\"\n\t\t\t\t\t\t\t\t\t\t\t\t\t\t\t\t\t   placeholder=\"Referenzen durchsuchen\"\n\t\t\t\t\t\t\t\t\t\t\t\t\t\t\t\t\t   value=\"\"\n\t\t\t\t\t\t\t\t\t\t\t\t\t\t\t\t\t   aria-label=\"Suche\">\n\t\t\t\t\t\t\t\t\t\t\t\t\t\t\t<\/div>\n\t\t\t\t\t\t\t\t\t\t\t\t\t\t\t<div class=\"portfolio-search-filter-button\" role=\"button\" aria-label=\"Suche\"><\/div>\n\t\t\t\t\t\t\t\t\t\t\t\t\t\t<\/form>\n\t\t\t\t\t\t\t\t\t\t\t\t\t\t\t\t\t\t\t\t\t\t\t\t\t<\/div>\n\t\t\t\t\t\t\t\t\t\t\t\t\t\t\t\t\t\t\t\t\t<\/div>\n\t\t\t\t\t\t\t\t\t\t\t\t\t\t\t\t\t\t\t<\/div>\n\t\t\t\t\t\t\t\t\n\t\t\t\t\t\t\t\t<div class=\"row portfolio-row\">\n\t\t\t\t\t\t\t\t\t<div class=\"portfolio-set clearfix\"\n\t\t\t\t\t\t\t\t\t\t data-max-row-height=\"\">\n\t\t\t\t\t\t\t\t\t\t\t<div class=\"portfolio-item hochbau col-xs-12 col-sm-12 col-md-8 double-item double-item-horizontal item-animations-not-inited portfolio-item-template appearance-type-featured_image post-42885 thegem_pf_item type-thegem_pf_item status-publish has-post-thumbnail\" data-default-sort=\"15\" data-sort-date=\"1771592425\">\r\n\t\t\t\t\t<div class=\"wrap clearfix\">\r\n\t\t\t\t<div class=\"image post-42885 thegem_pf_item type-thegem_pf_item status-publish has-post-thumbnail\">\r\n\t\t\t\t\t<div class=\"image-inner \">\r\n\t\t\t\t\t\t\t\t<picture>\n\t\t\t\t\t\t\t\t\t\t\t\t\t<img fetchpriority=\"high\" src=\"https:\/\/www.isolena.com\/wp-content\/uploads\/2024\/11\/strabag-taborama-wohnhaus-uebersicht.jpg\" width=\"776\" height=\"426\"  class=\"attachment-thegem-portfolio-masonry-double-horizontal\" alt=\"STRABAG Wohnprojekt Taborama, AT\" \/>\n\t\t<\/picture>\n\t\t\t\t\t\t\t<\/div>\r\n\r\n\t\t\t\t\t\t\t\t\t\t<div class=\"overlay click-disabled\">\r\n\t\t\t\t\t\t\t\t\t\t\t\t\t<div class=\"overlay-circle\"><\/div>\r\n\t\t\t\t\t\t\t\t\t\t\t\t\t<div class=\"links-wrapper\">\r\n\t\t\t\t\t\t\t\t\t\t\t\t\t<span class=\"set\">\n\t\t\t\t<a class=\"additional-meta\" data-filter-type=\"taxonomies\" data-attr=\"thegem_portfolios\" data-filter=\"hochbau\">Hochbau<\/a>\t\t\t\t\t<\/span>\n\t\t\t\t\r\n\t\t\t\t\t\t\t\t<div class=\"links\">\r\n\t\t\t\t\t\t\t\t\t\t\t\t\t\t\t\t\t<\/div>\r\n\t\t\t\t\t\t\t<\/div>\r\n\t\t\t\t\t\t\t\t\t\t\t<\/div>\r\n\t\t\t\t<\/div>\r\n\t\t\t\t\t\t\t\t\t<div class=\"caption click-disabled post-42885 thegem_pf_item type-thegem_pf_item status-publish has-post-thumbnail\">\r\n\t\t\t\t\t\t\t\t\t\t\t\t\t<div class=\"title\">\r\n\t\t\t\t\t\t\t\t<span class=\"text-body \">\r\n\t\t\t\t\t\t\t\t\tSTRABAG Wohnprojekt Taborama, AT\t\t\t\t\t\t\t\t<\/span>\r\n\t\t\t\t\t\t\t<\/div>\r\n\t\t\t\t\t\t\t\t\t\t\t\t\t\t<div class=\"subtitle\">\r\n\t\t\t\t\t\t\t\t<span class=\"\"><p>Das Taborama Wohnhaus hat es im wahrsten Sinne des Wortes in sich:  Es ist das erste Hochhaus \u00d6sterreichs mit nat\u00fcrlicher Schafwolle als <u>\u00f6kologische Innend\u00e4mmung<\/u>. 29.000 m\u00b2 ISOLENA D\u00e4mmstoff sorgen f\u00fcr D\u00e4mmung, gute Luft und eine erfreuliche CO2-Bilanz.<\/p>\n<div style=\"margin-top: 15px\"><a href=\"\/pf\/wohnhaus-taborama\/\" class=\"iw-refereces-button\">Zum Taborama-Projekt<\/a><\/div>\n<\/span>\r\n\t\t\t\t\t\t\t<\/div>\r\n\t\t\t\t\t\t\t\t\t\t\t<div class=\"details layout-inline details-alignment-default style-labels\">\t\t\t\t\t<div class=\"details-item\">\n\t\t\t\t\t\t\t\t\t\t\t\t<span class=\"value text-body-tiny \">\n\t\t\t\t\t\t\t<span>Bauherr: STRABAG Real Estate, Architekten: querkraft<\/span>\t\t\t\t\t\t<\/span>\n\t\t\t\t\t<\/div>\n\t\t\t\t\t<\/div>\n\t\t\t\t\t\t\t\t\t<\/div>\r\n\t\t\t\t\t\t\t<\/div>\r\n\t\t\t\t<\/div>\r\n\t<div class=\"portfolio-item hochbau col-xs-12 col-sm-6 col-md-4 item-animations-not-inited portfolio-item-template appearance-type-featured_image post-48125 thegem_pf_item type-thegem_pf_item status-publish has-post-thumbnail\" data-default-sort=\"15\" data-sort-date=\"1771586531\">\r\n\t\t\t\t\t<div class=\"wrap clearfix\">\r\n\t\t\t\t<div class=\"image post-48125 thegem_pf_item type-thegem_pf_item status-publish has-post-thumbnail\">\r\n\t\t\t\t\t<div class=\"image-inner \">\r\n\t\t\t\t\t\t\t\t<picture>\n\t\t\t\t\t\t\t\t\t\t\t\t\t\t\t\t\t\t\t<img src=\"https:\/\/www.isolena.com\/wp-content\/uploads\/2025\/04\/IW-LM-4839-Gruene-Erde-Welt-Referenz-1.png\" width=\"370\" height=\"425\"  class=\"attachment-thegem-portfolio-masonry\" alt=\"Gr\u00fcne Erde-Welt Almtal, AT\" \/>\n\t\t<\/picture>\n\t\t\t\t\t\t\t<\/div>\r\n\r\n\t\t\t\t\t\t\t\t\t\t<div class=\"overlay click-disabled\">\r\n\t\t\t\t\t\t\t\t\t\t\t\t\t<div class=\"overlay-circle\"><\/div>\r\n\t\t\t\t\t\t\t\t\t\t\t\t\t<div class=\"links-wrapper\">\r\n\t\t\t\t\t\t\t\t\t\t\t\t\t<span class=\"set\">\n\t\t\t\t<a class=\"additional-meta\" data-filter-type=\"taxonomies\" data-attr=\"thegem_portfolios\" data-filter=\"hochbau\">Hochbau<\/a>\t\t\t\t\t<\/span>\n\t\t\t\t\r\n\t\t\t\t\t\t\t\t<div class=\"links\">\r\n\t\t\t\t\t\t\t\t\t\t\t\t\t\t\t\t\t<\/div>\r\n\t\t\t\t\t\t\t<\/div>\r\n\t\t\t\t\t\t\t\t\t\t\t<\/div>\r\n\t\t\t\t<\/div>\r\n\t\t\t\t\t\t\t\t\t<div class=\"caption click-disabled post-48125 thegem_pf_item type-thegem_pf_item status-publish has-post-thumbnail\">\r\n\t\t\t\t\t\t\t\t\t\t\t\t\t<div class=\"title\">\r\n\t\t\t\t\t\t\t\t<span class=\"text-body \">\r\n\t\t\t\t\t\t\t\t\tGr\u00fcne Erde-Welt Almtal, AT\t\t\t\t\t\t\t\t<\/span>\r\n\t\t\t\t\t\t\t<\/div>\r\n\t\t\t\t\t\t\t\t\t\t\t\t\t\t<div class=\"subtitle\">\r\n\t\t\t\t\t\t\t\t<span class=\"\"><p>Die Gr\u00fcne Erde-Welt zeigt eindrucksvoll, wie Natur und Nachhaltigkeit in der Architektur harmonisch zusammenfinden. Durch den Einsatz nat\u00fcrlicher Baustoffe \u2013 wie der <u> ISOLENA Schafwolld\u00e4mmung<\/u> \u2013 wurde ein klimaneutrales Projekt realisiert und eine Oase zum Wohlf\u00fchlen geschaffen.<\/p>\n<div style=\"margin-top: 15px\"><a href=\"\/pf\/grune-erde-welt-almtal-at\/\" class=\"iw-refereces-button\"> Zum Gr\u00fcne Erde-Projekt<\/a><\/div>\n<\/span>\r\n\t\t\t\t\t\t\t<\/div>\r\n\t\t\t\t\t\t\t\t\t\t\t<div class=\"details layout-inline details-alignment-default style-labels\">\t\t\t\t\t<div class=\"details-item\">\n\t\t\t\t\t\t\t\t\t\t\t\t<span class=\"value text-body-tiny \">\n\t\t\t\t\t\t\t<span>Bauherr: Gr\u00fcne Erde GmbH, Planung: ARKADE ZT GmbH<\/span>\t\t\t\t\t\t<\/span>\n\t\t\t\t\t<\/div>\n\t\t\t\t\t<\/div>\n\t\t\t\t\t\t\t\t\t<\/div>\r\n\t\t\t\t\t\t\t<\/div>\r\n\t\t\t\t<\/div>\r\n\t<div class=\"portfolio-item hochbau col-xs-12 col-sm-6 col-md-4 item-animations-not-inited portfolio-item-template appearance-type-featured_image post-48041 thegem_pf_item type-thegem_pf_item status-publish has-post-thumbnail\" data-default-sort=\"15\" data-sort-date=\"1730927662\">\r\n\t\t\t\t\t<div class=\"wrap clearfix\">\r\n\t\t\t\t<div class=\"image post-48041 thegem_pf_item type-thegem_pf_item status-publish has-post-thumbnail\">\r\n\t\t\t\t\t<div class=\"image-inner \">\r\n\t\t\t\t\t\t\t\t<picture>\n\t\t\t\t\t\t\t\t\t\t\t\t\t\t\t\t\t\t\t<img src=\"https:\/\/www.isolena.com\/wp-content\/uploads\/2024\/11\/lm-4259_referenz_humanum_image_uebersichtsseite.jpg\" width=\"370\" height=\"425\"  class=\"attachment-thegem-portfolio-masonry\" alt=\"\u00c4rztezentrum \u201eHumanum\u201c, AT\" \/>\n\t\t<\/picture>\n\t\t\t\t\t\t\t<\/div>\r\n\r\n\t\t\t\t\t\t\t\t\t\t<div class=\"overlay click-disabled\">\r\n\t\t\t\t\t\t\t\t\t\t\t\t\t<div class=\"overlay-circle\"><\/div>\r\n\t\t\t\t\t\t\t\t\t\t\t\t\t<div class=\"links-wrapper\">\r\n\t\t\t\t\t\t\t\t\t\t\t\t\t<span class=\"set\">\n\t\t\t\t<a class=\"additional-meta\" data-filter-type=\"taxonomies\" data-attr=\"thegem_portfolios\" data-filter=\"hochbau\">Hochbau<\/a>\t\t\t\t\t<\/span>\n\t\t\t\t\r\n\t\t\t\t\t\t\t\t<div class=\"links\">\r\n\t\t\t\t\t\t\t\t\t\t\t\t\t\t\t\t\t<\/div>\r\n\t\t\t\t\t\t\t<\/div>\r\n\t\t\t\t\t\t\t\t\t\t\t<\/div>\r\n\t\t\t\t<\/div>\r\n\t\t\t\t\t\t\t\t\t<div class=\"caption click-disabled post-48041 thegem_pf_item type-thegem_pf_item status-publish has-post-thumbnail\">\r\n\t\t\t\t\t\t\t\t\t\t\t\t\t<div class=\"title\">\r\n\t\t\t\t\t\t\t\t<span class=\"text-body \">\r\n\t\t\t\t\t\t\t\t\t\u00c4rztezentrum \u201eHumanum\u201c, AT\t\t\t\t\t\t\t\t<\/span>\r\n\t\t\t\t\t\t\t<\/div>\r\n\t\t\t\t\t\t\t\t\t\t\t\t\t\t<div class=\"subtitle\">\r\n\t\t\t\t\t\t\t\t<span class=\"\"><p>Das \u00c4rzte- und Therapiezentrum \u201ehumanum\u201c in Alkoven verbindet Nachhaltigkeit mit moderner Gesundheitsversorgung: Als Innend\u00e4mmung wurde <u>nat\u00fcrliche Schafwolle<\/u> eingesetzt. Die D\u00e4mmung sorgt f\u00fcr angenehmes Raumklima und exzellente Energieeffizienz.<\/p>\n<div style=\"margin-top: 15px\"><a href=\"\/pf\/arztezentrum-humanum\/\" class=\"iw-refereces-button\">Zum Humanum-Projekt<\/a><\/div>\n<\/span>\r\n\t\t\t\t\t\t\t<\/div>\r\n\t\t\t\t\t\t\t\t\t\t\t<div class=\"details layout-inline details-alignment-default style-labels\">\t\t\t\t\t<div class=\"details-item\">\n\t\t\t\t\t\t\t\t\t\t\t\t<span class=\"value text-body-tiny \">\n\t\t\t\t\t\t\t<span>Bauherr: Raiffeisenbank Region Eferding, Architekten: Kraus Georg Architekt ZT GmbH<\/span>\t\t\t\t\t\t<\/span>\n\t\t\t\t\t<\/div>\n\t\t\t\t\t<\/div>\n\t\t\t\t\t\t\t\t\t<\/div>\r\n\t\t\t\t\t\t\t<\/div>\r\n\t\t\t\t<\/div>\r\n\t<div class=\"portfolio-item hochbau raumakustik col-xs-12 col-sm-6 col-md-4 item-animations-not-inited portfolio-item-template appearance-type-featured_image post-52592 thegem_pf_item type-thegem_pf_item status-publish has-post-thumbnail\" data-default-sort=\"25\" data-sort-date=\"1730728867\">\r\n\t\t\t\t\t<div class=\"wrap clearfix\">\r\n\t\t\t\t<div class=\"image post-52592 thegem_pf_item type-thegem_pf_item status-publish has-post-thumbnail\">\r\n\t\t\t\t\t<div class=\"image-inner \">\r\n\t\t\t\t\t\t\t\t<picture>\n\t\t\t\t\t\t\t\t\t\t\t\t\t\t\t\t\t\t\t<img loading=\"lazy\" src=\"https:\/\/www.isolena.com\/wp-content\/uploads\/2025\/04\/Dante-Gymnasium-Referenz.jpg\" width=\"370\" height=\"280\"  class=\"attachment-thegem-portfolio-masonry\" alt=\"Dante-Gymnasium, DE\" \/>\n\t\t<\/picture>\n\t\t\t\t\t\t\t<\/div>\r\n\r\n\t\t\t\t\t\t\t\t\t\t<div class=\"overlay click-disabled\">\r\n\t\t\t\t\t\t\t\t\t\t\t\t\t<div class=\"overlay-circle\"><\/div>\r\n\t\t\t\t\t\t\t\t\t\t\t\t\t<div class=\"links-wrapper\">\r\n\t\t\t\t\t\t\t\t\t\t\t\t\t<span class=\"set\">\n\t\t\t\t<a class=\"additional-meta\" data-filter-type=\"taxonomies\" data-attr=\"thegem_portfolios\" data-filter=\"hochbau\">Hochbau<\/a>, <a class=\"additional-meta\" data-filter-type=\"taxonomies\" data-attr=\"thegem_portfolios\" data-filter=\"raumakustik\">Raumakustik<\/a>\t\t\t\t\t<\/span>\n\t\t\t\t\r\n\t\t\t\t\t\t\t\t<div class=\"links\">\r\n\t\t\t\t\t\t\t\t\t\t\t\t\t\t\t\t\t<\/div>\r\n\t\t\t\t\t\t\t<\/div>\r\n\t\t\t\t\t\t\t\t\t\t\t<\/div>\r\n\t\t\t\t<\/div>\r\n\t\t\t\t\t\t\t\t\t<div class=\"caption click-disabled post-52592 thegem_pf_item type-thegem_pf_item status-publish has-post-thumbnail\">\r\n\t\t\t\t\t\t\t\t\t\t\t\t\t<div class=\"title\">\r\n\t\t\t\t\t\t\t\t<span class=\"text-body \">\r\n\t\t\t\t\t\t\t\t\tDante-Gymnasium, DE\t\t\t\t\t\t\t\t<\/span>\r\n\t\t\t\t\t\t\t<\/div>\r\n\t\t\t\t\t\t\t\t\t\t\t\t\t\t<div class=\"subtitle\">\r\n\t\t\t\t\t\t\t\t<span class=\"\"><p>In den Klassenzimmern des Dante-Gymnasiums sorgt <u>ISOLENA Optimal Plus <\/u>hinter 600\u202fm\u00b2 Streckmetalldecke f\u00fcr ein angenehm nat\u00fcrliches Raumklima und eine ruhige, konzentrierte Lernatmosph\u00e4re \u2013 damit die Natur auch innen sp\u00fcrbar wird.<\/p>\n<div style=\"margin-top: 15px\"><a href=\"\/pf\/dante-gymnasium\/\" class=\"iw-refereces-button\">Mehr<\/a><\/div>\n<\/span>\r\n\t\t\t\t\t\t\t<\/div>\r\n\t\t\t\t\t\t\t\t\t\t\t<div class=\"details layout-inline details-alignment-default style-labels\">\t\t\t\t\t<div class=\"details-item\">\n\t\t\t\t\t\t\t\t\t\t\t\t<span class=\"value text-body-tiny \">\n\t\t\t\t\t\t\t<span>Bauherr: LH  M\u00fcnchen, Baureferat H5, Planung: Klaus Friedrich, Dipl. Ing., DE; Au\u00dfenaufnahme: Anita Thomsen, Dante-Gymnasium<\/span>\t\t\t\t\t\t<\/span>\n\t\t\t\t\t<\/div>\n\t\t\t\t\t<\/div>\n\t\t\t\t\t\t\t\t\t<\/div>\r\n\t\t\t\t\t\t\t<\/div>\r\n\t\t\t\t<\/div>\r\n\t<div class=\"portfolio-item hochbau altbau-sanierung col-xs-12 col-sm-6 col-md-4 item-animations-not-inited portfolio-item-template appearance-type-featured_image post-50744 thegem_pf_item type-thegem_pf_item status-publish has-post-thumbnail\" data-default-sort=\"25\" data-sort-date=\"1730725241\">\r\n\t\t\t\t\t<div class=\"wrap clearfix\">\r\n\t\t\t\t<div class=\"image post-50744 thegem_pf_item type-thegem_pf_item status-publish has-post-thumbnail\">\r\n\t\t\t\t\t<div class=\"image-inner \">\r\n\t\t\t\t\t\t\t\t<picture>\n\t\t\t\t\t\t\t\t\t\t\t\t\t\t\t\t\t\t\t<img loading=\"lazy\" src=\"https:\/\/www.isolena.com\/wp-content\/uploads\/2024\/11\/IW-LM-4832-Referenz-Klein-Schulcampus-Marienberg.jpg\" width=\"371\" height=\"200\"  class=\"attachment-thegem-portfolio-masonry\" alt=\"Schulcampus Marienberg, AT\" \/>\n\t\t<\/picture>\n\t\t\t\t\t\t\t<\/div>\r\n\r\n\t\t\t\t\t\t\t\t\t\t<div class=\"overlay click-disabled\">\r\n\t\t\t\t\t\t\t\t\t\t\t\t\t<div class=\"overlay-circle\"><\/div>\r\n\t\t\t\t\t\t\t\t\t\t\t\t\t<div class=\"links-wrapper\">\r\n\t\t\t\t\t\t\t\t\t\t\t\t\t<span class=\"set\">\n\t\t\t\t<a class=\"additional-meta\" data-filter-type=\"taxonomies\" data-attr=\"thegem_portfolios\" data-filter=\"hochbau\">Hochbau<\/a>, <a class=\"additional-meta\" data-filter-type=\"taxonomies\" data-attr=\"thegem_portfolios\" data-filter=\"altbau-sanierung\">Sanierung<\/a>\t\t\t\t\t<\/span>\n\t\t\t\t\r\n\t\t\t\t\t\t\t\t<div class=\"links\">\r\n\t\t\t\t\t\t\t\t\t\t\t\t\t\t\t\t\t<\/div>\r\n\t\t\t\t\t\t\t<\/div>\r\n\t\t\t\t\t\t\t\t\t\t\t<\/div>\r\n\t\t\t\t<\/div>\r\n\t\t\t\t\t\t\t\t\t<div class=\"caption click-disabled post-50744 thegem_pf_item type-thegem_pf_item status-publish has-post-thumbnail\">\r\n\t\t\t\t\t\t\t\t\t\t\t\t\t<div class=\"title\">\r\n\t\t\t\t\t\t\t\t<span class=\"text-body \">\r\n\t\t\t\t\t\t\t\t\tSchulcampus Marienberg, AT\t\t\t\t\t\t\t\t<\/span>\r\n\t\t\t\t\t\t\t<\/div>\r\n\t\t\t\t\t\t\t\t\t\t\t\t\t\t<div class=\"subtitle\">\r\n\t\t\t\t\t\t\t\t<span class=\"\"><p>Im Rahmen der Generalsanierung wurde das Haus Maria Electa mit 849m\u00b2<u> Optimal Plus Schafwolld\u00e4mmung<\/u> in den abgeh\u00e4ngten Akustikdecken ausgestattet. Das Geb\u00e4ude bietet Platz f\u00fcr sechs Klassenr\u00e4ume und garantiert dank der nat\u00fcrlichen D\u00e4mmung ein hervorragendes Raumklima.<\/p>\n<div style=\"margin-top: 15px\"><a href=\"\/pf\/hlw-marienberg-haus-maria-electa\/\" class=\"iw-refereces-button\">Mehr<\/a><\/div>\n<\/span>\r\n\t\t\t\t\t\t\t<\/div>\r\n\t\t\t\t\t\t\t\t\t\t\t<div class=\"details layout-inline details-alignment-default style-labels\">\t\t\t\t\t<div class=\"details-item\">\n\t\t\t\t\t\t\t\t\t\t\t\t<span class=\"value text-body-tiny \">\n\t\t\t\t\t\t\t<span>Bauherr: Di\u00f6zese Feldkirch, Planung: Fink Thurnher Architekten, Bilder: HLW Marienberg<\/span>\t\t\t\t\t\t<\/span>\n\t\t\t\t\t<\/div>\n\t\t\t\t\t<\/div>\n\t\t\t\t\t\t\t\t\t<\/div>\r\n\t\t\t\t\t\t\t<\/div>\r\n\t\t\t\t<\/div>\r\n\t<div class=\"portfolio-item hochbau holzbau col-xs-12 col-sm-6 col-md-4 item-animations-not-inited portfolio-item-template appearance-type-featured_image post-52590 thegem_pf_item type-thegem_pf_item status-publish has-post-thumbnail\" data-default-sort=\"25\" data-sort-date=\"1730721414\">\r\n\t\t\t\t\t<div class=\"wrap clearfix\">\r\n\t\t\t\t<div class=\"image post-52590 thegem_pf_item type-thegem_pf_item status-publish has-post-thumbnail\">\r\n\t\t\t\t\t<div class=\"image-inner \">\r\n\t\t\t\t\t\t\t\t<picture>\n\t\t\t\t\t\t\t\t\t\t\t\t\t\t\t\t\t\t\t<img loading=\"lazy\" src=\"https:\/\/www.isolena.com\/wp-content\/uploads\/2025\/04\/IW-LM-4819-Kindergarten-Fahr-Referenz.jpg\" width=\"370\" height=\"280\"  class=\"attachment-thegem-portfolio-masonry\" alt=\"Kindergarten Fahr, CH\" \/>\n\t\t<\/picture>\n\t\t\t\t\t\t\t<\/div>\r\n\r\n\t\t\t\t\t\t\t\t\t\t<div class=\"overlay click-disabled\">\r\n\t\t\t\t\t\t\t\t\t\t\t\t\t<div class=\"overlay-circle\"><\/div>\r\n\t\t\t\t\t\t\t\t\t\t\t\t\t<div class=\"links-wrapper\">\r\n\t\t\t\t\t\t\t\t\t\t\t\t\t<span class=\"set\">\n\t\t\t\t<a class=\"additional-meta\" data-filter-type=\"taxonomies\" data-attr=\"thegem_portfolios\" data-filter=\"hochbau\">Hochbau<\/a>, <a class=\"additional-meta\" data-filter-type=\"taxonomies\" data-attr=\"thegem_portfolios\" data-filter=\"holzbau\">Holzbau<\/a>\t\t\t\t\t<\/span>\n\t\t\t\t\r\n\t\t\t\t\t\t\t\t<div class=\"links\">\r\n\t\t\t\t\t\t\t\t\t\t\t\t\t\t\t\t\t<\/div>\r\n\t\t\t\t\t\t\t<\/div>\r\n\t\t\t\t\t\t\t\t\t\t\t<\/div>\r\n\t\t\t\t<\/div>\r\n\t\t\t\t\t\t\t\t\t<div class=\"caption click-disabled post-52590 thegem_pf_item type-thegem_pf_item status-publish has-post-thumbnail\">\r\n\t\t\t\t\t\t\t\t\t\t\t\t\t<div class=\"title\">\r\n\t\t\t\t\t\t\t\t<span class=\"text-body \">\r\n\t\t\t\t\t\t\t\t\tKindergarten Fahr, CH\t\t\t\t\t\t\t\t<\/span>\r\n\t\t\t\t\t\t\t<\/div>\r\n\t\t\t\t\t\t\t\t\t\t\t\t\t\t<div class=\"subtitle\">\r\n\t\t\t\t\t\t\t\t<span class=\"\"><p>Der Kindergarten Fahr erf\u00fcllt mit nat\u00fcrlichen Materialien wie Holz und 450 m\u00b2 <u>Schafwolle<\/u> in den Zwischenw\u00e4nden h\u00f6chste \u00f6kologische Standards und schafft ein harmonisches Raumklima. Der Pavillonbau f\u00fcgt sich perfekt in die Umgebung ein, bietet den Kindern Raum f\u00fcr Naturerlebnisse und eine flexible Lernumgebung.<\/p>\n<\/span>\r\n\t\t\t\t\t\t\t<\/div>\r\n\t\t\t\t\t\t\t\t\t\t\t<div class=\"details layout-inline details-alignment-default style-labels\">\t\t\t\t\t<div class=\"details-item\">\n\t\t\t\t\t\t\t\t\t\t\t\t<span class=\"value text-body-tiny \">\n\t\t\t\t\t\t\t<span>Bauherr: Gemeinde St. Margrethen, Planung: Hutter N\u00fcesch Architekten AG, CH<\/span>\t\t\t\t\t\t<\/span>\n\t\t\t\t\t<\/div>\n\t\t\t\t\t<\/div>\n\t\t\t\t\t\t\t\t\t<\/div>\r\n\t\t\t\t\t\t\t<\/div>\r\n\t\t\t\t<\/div>\r\n\t<div class=\"portfolio-item hochbau raumakustik col-xs-12 col-sm-6 col-md-4 item-animations-not-inited portfolio-item-template appearance-type-featured_image post-37577 thegem_pf_item type-thegem_pf_item status-publish has-post-thumbnail\" data-default-sort=\"20\" data-sort-date=\"1730678444\">\r\n\t\t\t\t\t<div class=\"wrap clearfix\">\r\n\t\t\t\t<div class=\"image post-37577 thegem_pf_item type-thegem_pf_item status-publish has-post-thumbnail\">\r\n\t\t\t\t\t<div class=\"image-inner \">\r\n\t\t\t\t\t\t\t\t<picture>\n\t\t\t\t\t\t\t\t\t\t\t\t\t\t\t\t\t\t\t<img loading=\"lazy\" src=\"https:\/\/www.isolena.com\/wp-content\/uploads\/2023\/06\/team7-gross-01-LM-3575.png\" width=\"370\" height=\"425\"  class=\"attachment-thegem-portfolio-masonry\" alt=\"TEAM 7 Welt, AT\" \/>\n\t\t<\/picture>\n\t\t\t\t\t\t\t<\/div>\r\n\r\n\t\t\t\t\t\t\t\t\t\t<div class=\"overlay click-disabled\">\r\n\t\t\t\t\t\t\t\t\t\t\t\t\t<div class=\"overlay-circle\"><\/div>\r\n\t\t\t\t\t\t\t\t\t\t\t\t\t<div class=\"links-wrapper\">\r\n\t\t\t\t\t\t\t\t\t\t\t\t\t<span class=\"set\">\n\t\t\t\t<a class=\"additional-meta\" data-filter-type=\"taxonomies\" data-attr=\"thegem_portfolios\" data-filter=\"hochbau\">Hochbau<\/a>, <a class=\"additional-meta\" data-filter-type=\"taxonomies\" data-attr=\"thegem_portfolios\" data-filter=\"raumakustik\">Raumakustik<\/a>\t\t\t\t\t<\/span>\n\t\t\t\t\r\n\t\t\t\t\t\t\t\t<div class=\"links\">\r\n\t\t\t\t\t\t\t\t\t\t\t\t\t\t\t\t\t<\/div>\r\n\t\t\t\t\t\t\t<\/div>\r\n\t\t\t\t\t\t\t\t\t\t\t<\/div>\r\n\t\t\t\t<\/div>\r\n\t\t\t\t\t\t\t\t\t<div class=\"caption click-disabled post-37577 thegem_pf_item type-thegem_pf_item status-publish has-post-thumbnail\">\r\n\t\t\t\t\t\t\t\t\t\t\t\t\t<div class=\"title\">\r\n\t\t\t\t\t\t\t\t<span class=\"text-body \">\r\n\t\t\t\t\t\t\t\t\tTEAM 7 Welt, AT\t\t\t\t\t\t\t\t<\/span>\r\n\t\t\t\t\t\t\t<\/div>\r\n\t\t\t\t\t\t\t\t\t\t\t\t\t\t<div class=\"subtitle\">\r\n\t\t\t\t\t\t\t\t<span class=\"\"><p>Ein nachhaltiges und zukunftsweisendes Geb\u00e4ude ist mit der TEAM 7 Markenwelt entstanden. F\u00fcr <u>Schalld\u00e4mmung und Schalld\u00e4mpfung<\/u> sorgen ISOLENA und Silentum Produkte.<\/p>\n<div style=\"margin-top: 20px\"><a href=\"\/pf\/firmenzentrale-team-7\/\" class=\"iw-refereces-button\">Projektdetails<\/a><\/div>\n<\/span>\r\n\t\t\t\t\t\t\t<\/div>\r\n\t\t\t\t\t\t\t\t\t\t\t<div class=\"details layout-inline details-alignment-default style-labels\">\t\t\t\t\t<div class=\"details-item\">\n\t\t\t\t\t\t\t\t\t\t\t\t<span class=\"value text-body-tiny \">\n\t\t\t\t\t\t\t<span>Bauherr: TEAM 7 Nat\u00fcrlich Wohnen GmbH, Architekt: Matulik, Umsetzung: Wiehag Bau<\/span>\t\t\t\t\t\t<\/span>\n\t\t\t\t\t<\/div>\n\t\t\t\t\t<\/div>\n\t\t\t\t\t\t\t\t\t<\/div>\r\n\t\t\t\t\t\t\t<\/div>\r\n\t\t\t\t<\/div>\r\n\t<div class=\"portfolio-item hochbau raumakustik col-xs-12 col-sm-6 col-md-4 item-animations-not-inited portfolio-item-template appearance-type-featured_image post-50743 thegem_pf_item type-thegem_pf_item status-publish has-post-thumbnail\" data-default-sort=\"25\" data-sort-date=\"1730552432\">\r\n\t\t\t\t\t<div class=\"wrap clearfix\">\r\n\t\t\t\t<div class=\"image post-50743 thegem_pf_item type-thegem_pf_item status-publish has-post-thumbnail\">\r\n\t\t\t\t\t<div class=\"image-inner \">\r\n\t\t\t\t\t\t\t\t<picture>\n\t\t\t\t\t\t\t\t\t\t\t\t\t\t\t\t\t\t\t<img loading=\"lazy\" src=\"https:\/\/www.isolena.com\/wp-content\/uploads\/2025\/10\/IW-Referenz-Pausenraum-Weigl_neu-.jpg\" width=\"371\" height=\"200\"  class=\"attachment-thegem-portfolio-masonry\" alt=\"Pausenraum Weigl, AT\" \/>\n\t\t<\/picture>\n\t\t\t\t\t\t\t<\/div>\r\n\r\n\t\t\t\t\t\t\t\t\t\t<div class=\"overlay click-disabled\">\r\n\t\t\t\t\t\t\t\t\t\t\t\t\t<div class=\"overlay-circle\"><\/div>\r\n\t\t\t\t\t\t\t\t\t\t\t\t\t<div class=\"links-wrapper\">\r\n\t\t\t\t\t\t\t\t\t\t\t\t\t<span class=\"set\">\n\t\t\t\t<a class=\"additional-meta\" data-filter-type=\"taxonomies\" data-attr=\"thegem_portfolios\" data-filter=\"hochbau\">Hochbau<\/a>, <a class=\"additional-meta\" data-filter-type=\"taxonomies\" data-attr=\"thegem_portfolios\" data-filter=\"raumakustik\">Raumakustik<\/a>\t\t\t\t\t<\/span>\n\t\t\t\t\r\n\t\t\t\t\t\t\t\t<div class=\"links\">\r\n\t\t\t\t\t\t\t\t\t\t\t\t\t\t\t\t\t<\/div>\r\n\t\t\t\t\t\t\t<\/div>\r\n\t\t\t\t\t\t\t\t\t\t\t<\/div>\r\n\t\t\t\t<\/div>\r\n\t\t\t\t\t\t\t\t\t<div class=\"caption click-disabled post-50743 thegem_pf_item type-thegem_pf_item status-publish has-post-thumbnail\">\r\n\t\t\t\t\t\t\t\t\t\t\t\t\t<div class=\"title\">\r\n\t\t\t\t\t\t\t\t<span class=\"text-body \">\r\n\t\t\t\t\t\t\t\t\tPausenraum Weigl, AT\t\t\t\t\t\t\t\t<\/span>\r\n\t\t\t\t\t\t\t<\/div>\r\n\t\t\t\t\t\t\t\t\t\t\t\t\t\t<div class=\"subtitle\">\r\n\t\t\t\t\t\t\t\t<span class=\"\"><p>Im Pausenraum der Firma Weigl kamen die Produkte <u> Optimal Plus<\/u> und <u> Premium <\/u>als akustische Absorber in Decke und Wand zum Einsatz. &#8220;<i>Das Ergebnis ist beeindruckend: Durch diese Ma\u00dfnahmen entstand ein angenehmes Raumklima, das sp\u00fcrbar zur Wohlf\u00fchlatmosph\u00e4re beitr\u00e4gt.<\/i>&#8221; berichtet Anton Sageder.<\/p>\n<div style=\"margin-top: 15px\"><a href=\"\/pf\/pausenraum-weigl\/\" class=\"iw-refereces-button\">Mehr<\/a><\/div>\n<\/span>\r\n\t\t\t\t\t\t\t<\/div>\r\n\t\t\t\t\t\t\t\t\t\t\t<div class=\"details layout-inline details-alignment-default style-labels\">\t\t\t\t\t<div class=\"details-item\">\n\t\t\t\t\t\t\t\t\t\t\t\t<span class=\"value text-body-tiny \">\n\t\t\t\t\t\t\t<span>Bauherr: Weigl Aufz\u00fcge Ges.m.b.H & Co. KG, AT<\/span>\t\t\t\t\t\t<\/span>\n\t\t\t\t\t<\/div>\n\t\t\t\t\t<\/div>\n\t\t\t\t\t\t\t\t\t<\/div>\r\n\t\t\t\t\t\t\t<\/div>\r\n\t\t\t\t<\/div>\r\n\t<div class=\"portfolio-item hochbau raumakustik col-xs-12 col-sm-6 col-md-4 item-animations-not-inited portfolio-item-template appearance-type-featured_image post-50749 thegem_pf_item type-thegem_pf_item status-publish has-post-thumbnail\" data-default-sort=\"25\" data-sort-date=\"1730472435\">\r\n\t\t\t\t\t<div class=\"wrap clearfix\">\r\n\t\t\t\t<div class=\"image post-50749 thegem_pf_item type-thegem_pf_item status-publish has-post-thumbnail\">\r\n\t\t\t\t\t<div class=\"image-inner \">\r\n\t\t\t\t\t\t\t\t<picture>\n\t\t\t\t\t\t\t\t\t\t\t\t\t\t\t\t\t\t\t<img loading=\"lazy\" src=\"https:\/\/www.isolena.com\/wp-content\/uploads\/2025\/04\/IW-LM-4831-Kindercampus-Bludesch-Referenz.jpg\" width=\"371\" height=\"200\"  class=\"attachment-thegem-portfolio-masonry\" alt=\"Kindercampus Bludesch, AT\" \/>\n\t\t<\/picture>\n\t\t\t\t\t\t\t<\/div>\r\n\r\n\t\t\t\t\t\t\t\t\t\t<div class=\"overlay click-disabled\">\r\n\t\t\t\t\t\t\t\t\t\t\t\t\t<div class=\"overlay-circle\"><\/div>\r\n\t\t\t\t\t\t\t\t\t\t\t\t\t<div class=\"links-wrapper\">\r\n\t\t\t\t\t\t\t\t\t\t\t\t\t<span class=\"set\">\n\t\t\t\t<a class=\"additional-meta\" data-filter-type=\"taxonomies\" data-attr=\"thegem_portfolios\" data-filter=\"hochbau\">Hochbau<\/a>, <a class=\"additional-meta\" data-filter-type=\"taxonomies\" data-attr=\"thegem_portfolios\" data-filter=\"raumakustik\">Raumakustik<\/a>\t\t\t\t\t<\/span>\n\t\t\t\t\r\n\t\t\t\t\t\t\t\t<div class=\"links\">\r\n\t\t\t\t\t\t\t\t\t\t\t\t\t\t\t\t\t<\/div>\r\n\t\t\t\t\t\t\t<\/div>\r\n\t\t\t\t\t\t\t\t\t\t\t<\/div>\r\n\t\t\t\t<\/div>\r\n\t\t\t\t\t\t\t\t\t<div class=\"caption click-disabled post-50749 thegem_pf_item type-thegem_pf_item status-publish has-post-thumbnail\">\r\n\t\t\t\t\t\t\t\t\t\t\t\t\t<div class=\"title\">\r\n\t\t\t\t\t\t\t\t<span class=\"text-body \">\r\n\t\t\t\t\t\t\t\t\tKindercampus Bludesch, AT\t\t\t\t\t\t\t\t<\/span>\r\n\t\t\t\t\t\t\t<\/div>\r\n\t\t\t\t\t\t\t\t\t\t\t\t\t\t<div class=\"subtitle\">\r\n\t\t\t\t\t\t\t\t<span class=\"\"><p>Die Gemeinde Bludesch setzt auf schadstoffarmes, ressourcenschonendes und energieeffizientes Bauen. Der Kindercampus, eines der nachhaltigsten kommunalen Geb\u00e4ude in Vorarlberg, wurde nach h\u00f6chsten \u00f6kologischen Kriterien errichtet und nutzt in den Akustikdecken 970 m\u00b2 <u>Schafwolld\u00e4mmung<\/u>.<\/p>\n<\/span>\r\n\t\t\t\t\t\t\t<\/div>\r\n\t\t\t\t\t\t\t\t\t\t\t<div class=\"details layout-inline details-alignment-default style-labels\">\t\t\t\t\t<div class=\"details-item\">\n\t\t\t\t\t\t\t\t\t\t\t\t<span class=\"value text-body-tiny \">\n\t\t\t\t\t\t\t<span>Bauherr: Gemeinde Bludesch, Planung: gruber locher architekten zt gmbh, AT<\/span>\t\t\t\t\t\t<\/span>\n\t\t\t\t\t<\/div>\n\t\t\t\t\t<\/div>\n\t\t\t\t\t\t\t\t\t<\/div>\r\n\t\t\t\t\t\t\t<\/div>\r\n\t\t\t\t<\/div>\r\n\t<div class=\"portfolio-item hochbau raumakustik col-xs-12 col-sm-6 col-md-4 item-animations-not-inited portfolio-item-template appearance-type-featured_image post-50748 thegem_pf_item type-thegem_pf_item status-publish has-post-thumbnail\" data-default-sort=\"25\" data-sort-date=\"1730433498\">\r\n\t\t\t\t\t<div class=\"wrap clearfix\">\r\n\t\t\t\t<div class=\"image post-50748 thegem_pf_item type-thegem_pf_item status-publish has-post-thumbnail\">\r\n\t\t\t\t\t<div class=\"image-inner \">\r\n\t\t\t\t\t\t\t\t<picture>\n\t\t\t\t\t\t\t\t\t\t\t\t\t\t\t\t\t\t\t<img loading=\"lazy\" src=\"https:\/\/www.isolena.com\/wp-content\/uploads\/2025\/04\/IW-LM-4830-Mittelschule-Egg-Referenz.jpg\" width=\"370\" height=\"280\"  class=\"attachment-thegem-portfolio-masonry\" alt=\"Mittelschule Egg, AT\" \/>\n\t\t<\/picture>\n\t\t\t\t\t\t\t<\/div>\r\n\r\n\t\t\t\t\t\t\t\t\t\t<div class=\"overlay click-disabled\">\r\n\t\t\t\t\t\t\t\t\t\t\t\t\t<div class=\"overlay-circle\"><\/div>\r\n\t\t\t\t\t\t\t\t\t\t\t\t\t<div class=\"links-wrapper\">\r\n\t\t\t\t\t\t\t\t\t\t\t\t\t<span class=\"set\">\n\t\t\t\t<a class=\"additional-meta\" data-filter-type=\"taxonomies\" data-attr=\"thegem_portfolios\" data-filter=\"hochbau\">Hochbau<\/a>, <a class=\"additional-meta\" data-filter-type=\"taxonomies\" data-attr=\"thegem_portfolios\" data-filter=\"raumakustik\">Raumakustik<\/a>\t\t\t\t\t<\/span>\n\t\t\t\t\r\n\t\t\t\t\t\t\t\t<div class=\"links\">\r\n\t\t\t\t\t\t\t\t\t\t\t\t\t\t\t\t\t<\/div>\r\n\t\t\t\t\t\t\t<\/div>\r\n\t\t\t\t\t\t\t\t\t\t\t<\/div>\r\n\t\t\t\t<\/div>\r\n\t\t\t\t\t\t\t\t\t<div class=\"caption click-disabled post-50748 thegem_pf_item type-thegem_pf_item status-publish has-post-thumbnail\">\r\n\t\t\t\t\t\t\t\t\t\t\t\t\t<div class=\"title\">\r\n\t\t\t\t\t\t\t\t<span class=\"text-body \">\r\n\t\t\t\t\t\t\t\t\tMittelschule Egg, AT\t\t\t\t\t\t\t\t<\/span>\r\n\t\t\t\t\t\t\t<\/div>\r\n\t\t\t\t\t\t\t\t\t\t\t\t\t\t<div class=\"subtitle\">\r\n\t\t\t\t\t\t\t\t<span class=\"\"><p>In der Mittelschule Egg trifft moderne Lehre auf nat\u00fcrliche Materialien. In den abgeh\u00e4ngten Akustikdecken sorgt die Schafwolld\u00e4mmung <u>ISOLENA Optimal<\/u> f\u00fcr beste Akustik und ein angenehmes Raumklima \u2013 ideale Voraussetzungen f\u00fcr Lernen in einer naturnahen Umgebung.<\/p>\n<\/span>\r\n\t\t\t\t\t\t\t<\/div>\r\n\t\t\t\t\t\t\t\t\t\t\t<div class=\"details layout-inline details-alignment-default style-labels\">\t\t\t\t\t<div class=\"details-item\">\n\t\t\t\t\t\t\t\t\t\t\t\t<span class=\"value text-body-tiny \">\n\t\t\t\t\t\t\t<span>Bauherr: Marktgemeinde Egg, Planung: xander architektur zt gmbh, AT<\/span>\t\t\t\t\t\t<\/span>\n\t\t\t\t\t<\/div>\n\t\t\t\t\t<\/div>\n\t\t\t\t\t\t\t\t\t<\/div>\r\n\t\t\t\t\t\t\t<\/div>\r\n\t\t\t\t<\/div>\r\n\t<div class=\"portfolio-item hochbau col-xs-12 col-sm-6 col-md-4 item-animations-not-inited portfolio-item-template appearance-type-featured_image post-47851 thegem_pf_item type-thegem_pf_item status-publish has-post-thumbnail\" data-default-sort=\"25\" data-sort-date=\"1730306496\">\r\n\t\t\t\t\t<div class=\"wrap clearfix\">\r\n\t\t\t\t<div class=\"image post-47851 thegem_pf_item type-thegem_pf_item status-publish has-post-thumbnail\">\r\n\t\t\t\t\t<div class=\"image-inner \">\r\n\t\t\t\t\t\t\t\t<picture>\n\t\t\t\t\t\t\t\t\t\t\t\t\t\t\t\t\t\t\t<img loading=\"lazy\" src=\"https:\/\/www.isolena.com\/wp-content\/uploads\/2024\/10\/IW-LM-4468-Green-Cube-Projekt-DGNB-Gold.jpg\" width=\"370\" height=\"280\"  class=\"attachment-thegem-portfolio-masonry\" alt=\"STRABAG Green Cube Projekt, AT\" \/>\n\t\t<\/picture>\n\t\t\t\t\t\t\t<\/div>\r\n\r\n\t\t\t\t\t\t\t\t\t\t<div class=\"overlay click-disabled\">\r\n\t\t\t\t\t\t\t\t\t\t\t\t\t<div class=\"overlay-circle\"><\/div>\r\n\t\t\t\t\t\t\t\t\t\t\t\t\t<div class=\"links-wrapper\">\r\n\t\t\t\t\t\t\t\t\t\t\t\t\t<span class=\"set\">\n\t\t\t\t<a class=\"additional-meta\" data-filter-type=\"taxonomies\" data-attr=\"thegem_portfolios\" data-filter=\"hochbau\">Hochbau<\/a>\t\t\t\t\t<\/span>\n\t\t\t\t\r\n\t\t\t\t\t\t\t\t<div class=\"links\">\r\n\t\t\t\t\t\t\t\t\t\t\t\t\t\t\t\t\t<\/div>\r\n\t\t\t\t\t\t\t<\/div>\r\n\t\t\t\t\t\t\t\t\t\t\t<\/div>\r\n\t\t\t\t<\/div>\r\n\t\t\t\t\t\t\t\t\t<div class=\"caption click-disabled post-47851 thegem_pf_item type-thegem_pf_item status-publish has-post-thumbnail\">\r\n\t\t\t\t\t\t\t\t\t\t\t\t\t<div class=\"title\">\r\n\t\t\t\t\t\t\t\t<span class=\"text-body \">\r\n\t\t\t\t\t\t\t\t\tSTRABAG Green Cube Projekt, AT\t\t\t\t\t\t\t\t<\/span>\r\n\t\t\t\t\t\t\t<\/div>\r\n\t\t\t\t\t\t\t\t\t\t\t\t\t\t<div class=\"subtitle\">\r\n\t\t\t\t\t\t\t\t<span class=\"\"><p>Im angesagten Nordbahnviertel Wiens entsteht mit dem Green Cube ein siebenst\u00f6ckiges Geb\u00e4ude, das rund 319 servicierte Studios umfasst. In den Innenw\u00e4nden werden dabei 7.080 Quadratmeter <u> Optimal Schafwolld\u00e4mmung<\/u> integriert, die f\u00fcr hervorragende W\u00e4rmed\u00e4mmung sorgt und mithilft, die <a href=\"https:\/\/www.ogni.at\/projekte\/green-cube\/\" target=\"_blank\">DGNB-Gold Vorzertifizierung<\/a> zu erlangen.<\/p>\n<\/span>\r\n\t\t\t\t\t\t\t<\/div>\r\n\t\t\t\t\t\t\t\t\t\t\t<div class=\"details layout-inline details-alignment-default style-labels\">\t\t\t\t\t<div class=\"details-item\">\n\t\t\t\t\t\t\t\t\t\t\t\t<span class=\"value text-body-tiny \">\n\t\t\t\t\t\t\t<span>Bauherr: STRABAG Real Estate, Ausf\u00fchrung: B\u00f6hm BiB GmbH, AT<\/span>\t\t\t\t\t\t<\/span>\n\t\t\t\t\t<\/div>\n\t\t\t\t\t<\/div>\n\t\t\t\t\t\t\t\t\t<\/div>\r\n\t\t\t\t\t\t\t<\/div>\r\n\t\t\t\t<\/div>\r\n\t<div class=\"portfolio-item hochbau col-xs-12 col-sm-6 col-md-4 item-animations-not-inited portfolio-item-template appearance-type-featured_image post-47850 thegem_pf_item type-thegem_pf_item status-publish has-post-thumbnail\" data-default-sort=\"25\" data-sort-date=\"1730306376\">\r\n\t\t\t\t\t<div class=\"wrap clearfix\">\r\n\t\t\t\t<div class=\"image post-47850 thegem_pf_item type-thegem_pf_item status-publish has-post-thumbnail\">\r\n\t\t\t\t\t<div class=\"image-inner \">\r\n\t\t\t\t\t\t\t\t<picture>\n\t\t\t\t\t\t\t\t\t\t\t\t\t\t\t\t\t\t\t<img loading=\"lazy\" src=\"https:\/\/www.isolena.com\/wp-content\/uploads\/2024\/10\/Silo-Next-Bauprojekt-LM-4467.jpg\" width=\"371\" height=\"200\"  class=\"attachment-thegem-portfolio-masonry\" alt=\"&#8216;Silo Next&#8217; B\u00fcrogeb\u00e4ude, AT\" \/>\n\t\t<\/picture>\n\t\t\t\t\t\t\t<\/div>\r\n\r\n\t\t\t\t\t\t\t\t\t\t<div class=\"overlay click-disabled\">\r\n\t\t\t\t\t\t\t\t\t\t\t\t\t<div class=\"overlay-circle\"><\/div>\r\n\t\t\t\t\t\t\t\t\t\t\t\t\t<div class=\"links-wrapper\">\r\n\t\t\t\t\t\t\t\t\t\t\t\t\t<span class=\"set\">\n\t\t\t\t<a class=\"additional-meta\" data-filter-type=\"taxonomies\" data-attr=\"thegem_portfolios\" data-filter=\"hochbau\">Hochbau<\/a>\t\t\t\t\t<\/span>\n\t\t\t\t\r\n\t\t\t\t\t\t\t\t<div class=\"links\">\r\n\t\t\t\t\t\t\t\t\t\t\t\t\t\t\t\t\t<\/div>\r\n\t\t\t\t\t\t\t<\/div>\r\n\t\t\t\t\t\t\t\t\t\t\t<\/div>\r\n\t\t\t\t<\/div>\r\n\t\t\t\t\t\t\t\t\t<div class=\"caption click-disabled post-47850 thegem_pf_item type-thegem_pf_item status-publish has-post-thumbnail\">\r\n\t\t\t\t\t\t\t\t\t\t\t\t\t<div class=\"title\">\r\n\t\t\t\t\t\t\t\t<span class=\"text-body \">\r\n\t\t\t\t\t\t\t\t\t&#8216;Silo Next&#8217; B\u00fcrogeb\u00e4ude, AT\t\t\t\t\t\t\t\t<\/span>\r\n\t\t\t\t\t\t\t<\/div>\r\n\t\t\t\t\t\t\t\t\t\t\t\t\t\t<div class=\"subtitle\">\r\n\t\t\t\t\t\t\t\t<span class=\"\"><p>Im S\u00fcden Wiens wurde mit dem &#8220;Silo Next&#8221; der dritte Bauabschnitt des B\u00fcrokomplexes &#8220;Silo Offices&#8221; realisiert. \u00d6kologische Baustoffe wie <u>ISOLENA Optimal D\u00e4mmung<\/u> in den Innenw\u00e4nden leisten Ihren Beitrag zur DSGVO Gold Vorzertifizierung.<\/p>\n<div style=\"margin-top: 15px\"><a href=\"\/pf\/strabag-silo-next-projekt\/\" class=\"iw-refereces-button\">Mehr<\/a><\/div>\n<\/span>\r\n\t\t\t\t\t\t\t<\/div>\r\n\t\t\t\t\t\t\t\t\t\t\t<div class=\"details layout-inline details-alignment-default style-labels\">\t\t\t\t\t<div class=\"details-item\">\n\t\t\t\t\t\t\t\t\t\t\t\t<span class=\"value text-body-tiny \">\n\t\t\t\t\t\t\t<span>Bauherrin: STRABAG Real Estate, Ausf\u00fchrung: B\u00f6hm BiB GmbH, AT,  Bild 1 au\u00dfen \u00a9RealAgency , Bild 2  au\u00dfen \u00a9Propster <\/span>\t\t\t\t\t\t<\/span>\n\t\t\t\t\t<\/div>\n\t\t\t\t\t<\/div>\n\t\t\t\t\t\t\t\t\t<\/div>\r\n\t\t\t\t\t\t\t<\/div>\r\n\t\t\t\t<\/div>\r\n\t<div class=\"portfolio-item hochbau raumakustik col-xs-12 col-sm-6 col-md-4 item-animations-not-inited portfolio-item-template appearance-type-featured_image post-50750 thegem_pf_item type-thegem_pf_item status-publish has-post-thumbnail\" data-default-sort=\"25\" data-sort-date=\"1723126269\">\r\n\t\t\t\t\t<div class=\"wrap clearfix\">\r\n\t\t\t\t<div class=\"image post-50750 thegem_pf_item type-thegem_pf_item status-publish has-post-thumbnail\">\r\n\t\t\t\t\t<div class=\"image-inner \">\r\n\t\t\t\t\t\t\t\t<picture>\n\t\t\t\t\t\t\t\t\t\t\t\t\t\t\t\t\t\t\t<img loading=\"lazy\" src=\"https:\/\/www.isolena.com\/wp-content\/uploads\/2024\/11\/Volksschule-Reininghaus-LM-4826.jpg\" width=\"370\" height=\"280\"  class=\"attachment-thegem-portfolio-masonry\" alt=\"VS Reininghaus, AT\" \/>\n\t\t<\/picture>\n\t\t\t\t\t\t\t<\/div>\r\n\r\n\t\t\t\t\t\t\t\t\t\t<div class=\"overlay click-disabled\">\r\n\t\t\t\t\t\t\t\t\t\t\t\t\t<div class=\"overlay-circle\"><\/div>\r\n\t\t\t\t\t\t\t\t\t\t\t\t\t<div class=\"links-wrapper\">\r\n\t\t\t\t\t\t\t\t\t\t\t\t\t<span class=\"set\">\n\t\t\t\t<a class=\"additional-meta\" data-filter-type=\"taxonomies\" data-attr=\"thegem_portfolios\" data-filter=\"hochbau\">Hochbau<\/a>, <a class=\"additional-meta\" data-filter-type=\"taxonomies\" data-attr=\"thegem_portfolios\" data-filter=\"raumakustik\">Raumakustik<\/a>\t\t\t\t\t<\/span>\n\t\t\t\t\r\n\t\t\t\t\t\t\t\t<div class=\"links\">\r\n\t\t\t\t\t\t\t\t\t\t\t\t\t\t\t\t\t<\/div>\r\n\t\t\t\t\t\t\t<\/div>\r\n\t\t\t\t\t\t\t\t\t\t\t<\/div>\r\n\t\t\t\t<\/div>\r\n\t\t\t\t\t\t\t\t\t<div class=\"caption click-disabled post-50750 thegem_pf_item type-thegem_pf_item status-publish has-post-thumbnail\">\r\n\t\t\t\t\t\t\t\t\t\t\t\t\t<div class=\"title\">\r\n\t\t\t\t\t\t\t\t<span class=\"text-body \">\r\n\t\t\t\t\t\t\t\t\tVS Reininghaus, AT\t\t\t\t\t\t\t\t<\/span>\r\n\t\t\t\t\t\t\t<\/div>\r\n\t\t\t\t\t\t\t\t\t\t\t\t\t\t<div class=\"subtitle\">\r\n\t\t\t\t\t\t\t\t<span class=\"\"><p>Die VS Reininghaus ist mit 20 Klassen eine der gr\u00f6\u00dften Schulen der Steiermark und auch ein Ort, der Nachhaltigkeit und Wohlbefinden vereint \u2013 zertifiziert mit dem <a href=\"https:\/\/www.klimaaktiv.at\/volksschule-reininghaus\" target=\"_blank\">klimaaktiv Gold Standard<\/a>. Als Teil des innovativen Bildungscampus sorgen unter anderem 2.300 m\u00b2 Akustikdecke mit <u> Schafwolld\u00e4mmung<\/u> f\u00fcr ein ideales Raum- und Schulklima.<\/p>\n<\/span>\r\n\t\t\t\t\t\t\t<\/div>\r\n\t\t\t\t\t\t\t\t\t\t\t<div class=\"details layout-inline details-alignment-default style-labels\">\t\t\t\t\t<div class=\"details-item\">\n\t\t\t\t\t\t\t\t\t\t\t\t<span class=\"value text-body-tiny \">\n\t\t\t\t\t\t\t<span>Bauherr: Stadt Graz, Architekt: dreiplus Architekten ZT GmbH, AT<\/span>\t\t\t\t\t\t<\/span>\n\t\t\t\t\t<\/div>\n\t\t\t\t\t<\/div>\n\t\t\t\t\t\t\t\t\t<\/div>\r\n\t\t\t\t\t\t\t<\/div>\r\n\t\t\t\t<\/div>\r\n\t<div class=\"portfolio-item hochbau raumakustik col-xs-12 col-sm-6 col-md-4 item-animations-not-inited portfolio-item-template appearance-type-featured_image post-47848 thegem_pf_item type-thegem_pf_item status-publish has-post-thumbnail\" data-default-sort=\"25\" data-sort-date=\"1707410376\">\r\n\t\t\t\t\t<div class=\"wrap clearfix\">\r\n\t\t\t\t<div class=\"image post-47848 thegem_pf_item type-thegem_pf_item status-publish has-post-thumbnail\">\r\n\t\t\t\t\t<div class=\"image-inner \">\r\n\t\t\t\t\t\t\t\t<picture>\n\t\t\t\t\t\t\t\t\t\t\t\t\t\t\t\t\t\t\t<img loading=\"lazy\" src=\"https:\/\/www.isolena.com\/wp-content\/uploads\/2024\/02\/LM-4368-IW-SA-Referenz-Kindergarten-WZA-Klein-erstellen.jpg\" width=\"371\" height=\"200\"  class=\"attachment-thegem-portfolio-masonry\" alt=\"Kindergarten Waizenkirchen, AT\" \/>\n\t\t<\/picture>\n\t\t\t\t\t\t\t<\/div>\r\n\r\n\t\t\t\t\t\t\t\t\t\t<div class=\"overlay click-disabled\">\r\n\t\t\t\t\t\t\t\t\t\t\t\t\t<div class=\"overlay-circle\"><\/div>\r\n\t\t\t\t\t\t\t\t\t\t\t\t\t<div class=\"links-wrapper\">\r\n\t\t\t\t\t\t\t\t\t\t\t\t\t<span class=\"set\">\n\t\t\t\t<a class=\"additional-meta\" data-filter-type=\"taxonomies\" data-attr=\"thegem_portfolios\" data-filter=\"hochbau\">Hochbau<\/a>, <a class=\"additional-meta\" data-filter-type=\"taxonomies\" data-attr=\"thegem_portfolios\" data-filter=\"raumakustik\">Raumakustik<\/a>\t\t\t\t\t<\/span>\n\t\t\t\t\r\n\t\t\t\t\t\t\t\t<div class=\"links\">\r\n\t\t\t\t\t\t\t\t\t\t\t\t\t\t\t\t\t<\/div>\r\n\t\t\t\t\t\t\t<\/div>\r\n\t\t\t\t\t\t\t\t\t\t\t<\/div>\r\n\t\t\t\t<\/div>\r\n\t\t\t\t\t\t\t\t\t<div class=\"caption click-disabled post-47848 thegem_pf_item type-thegem_pf_item status-publish has-post-thumbnail\">\r\n\t\t\t\t\t\t\t\t\t\t\t\t\t<div class=\"title\">\r\n\t\t\t\t\t\t\t\t<span class=\"text-body \">\r\n\t\t\t\t\t\t\t\t\tKindergarten Waizenkirchen, AT\t\t\t\t\t\t\t\t<\/span>\r\n\t\t\t\t\t\t\t<\/div>\r\n\t\t\t\t\t\t\t\t\t\t\t\t\t\t<div class=\"subtitle\">\r\n\t\t\t\t\t\t\t\t<span class=\"\"><p>Beim regionalen Kindergartenprojekt kamen <u>ISOLENA Premium, Optimal &#038; Optimal Plus<\/u> sowohl im Dachgescho\u00df, in den Riegelw\u00e4nden bzw. in der Akustikdecke zum Einsatz. Um die Akustik zu optimieren, wurden in den Gruppenr\u00e4umen <u>Silentum Paneele <\/u> installiert.<\/p>\n<\/span>\r\n\t\t\t\t\t\t\t<\/div>\r\n\t\t\t\t\t\t\t\t\t\t\t<div class=\"details layout-inline details-alignment-default style-labels\">\t\t\t\t\t<div class=\"details-item\">\n\t\t\t\t\t\t\t\t\t\t\t\t<span class=\"value text-body-tiny \">\n\t\t\t\t\t\t\t<span>Bauherr: Gemeinde Waizenkirchen, Architekt: ehem. Architekturb\u00fcro Englmair, Umsetzung: Swietelsky AG, Thallermayr GmbH<\/span>\t\t\t\t\t\t<\/span>\n\t\t\t\t\t<\/div>\n\t\t\t\t\t<\/div>\n\t\t\t\t\t\t\t\t\t<\/div>\r\n\t\t\t\t\t\t\t<\/div>\r\n\t\t\t\t<\/div>\r\n\t<div class=\"portfolio-item hochbau raumakustik col-xs-12 col-sm-6 col-md-4 item-animations-not-inited portfolio-item-template appearance-type-featured_image post-47846 thegem_pf_item type-thegem_pf_item status-publish has-post-thumbnail\" data-default-sort=\"25\" data-sort-date=\"1707237576\">\r\n\t\t\t\t\t<div class=\"wrap clearfix\">\r\n\t\t\t\t<div class=\"image post-47846 thegem_pf_item type-thegem_pf_item status-publish has-post-thumbnail\">\r\n\t\t\t\t\t<div class=\"image-inner \">\r\n\t\t\t\t\t\t\t\t<picture>\n\t\t\t\t\t\t\t\t\t\t\t\t\t\t\t\t\t\t\t<img loading=\"lazy\" src=\"https:\/\/www.isolena.com\/wp-content\/uploads\/2024\/02\/grundschule-infanteriestrasse-LM-4231-thegem-portfolio-masonry.jpg\" width=\"754\" height=\"566\"  class=\"attachment-thegem-portfolio-masonry\" alt=\"Grundschule Infanteriestra\u00dfe, DE\" \/>\n\t\t<\/picture>\n\t\t\t\t\t\t\t<\/div>\r\n\r\n\t\t\t\t\t\t\t\t\t\t<div class=\"overlay click-disabled\">\r\n\t\t\t\t\t\t\t\t\t\t\t\t\t<div class=\"overlay-circle\"><\/div>\r\n\t\t\t\t\t\t\t\t\t\t\t\t\t<div class=\"links-wrapper\">\r\n\t\t\t\t\t\t\t\t\t\t\t\t\t<span class=\"set\">\n\t\t\t\t<a class=\"additional-meta\" data-filter-type=\"taxonomies\" data-attr=\"thegem_portfolios\" data-filter=\"hochbau\">Hochbau<\/a>, <a class=\"additional-meta\" data-filter-type=\"taxonomies\" data-attr=\"thegem_portfolios\" data-filter=\"raumakustik\">Raumakustik<\/a>\t\t\t\t\t<\/span>\n\t\t\t\t\r\n\t\t\t\t\t\t\t\t<div class=\"links\">\r\n\t\t\t\t\t\t\t\t\t\t\t\t\t\t\t\t\t<\/div>\r\n\t\t\t\t\t\t\t<\/div>\r\n\t\t\t\t\t\t\t\t\t\t\t<\/div>\r\n\t\t\t\t<\/div>\r\n\t\t\t\t\t\t\t\t\t<div class=\"caption click-disabled post-47846 thegem_pf_item type-thegem_pf_item status-publish has-post-thumbnail\">\r\n\t\t\t\t\t\t\t\t\t\t\t\t\t<div class=\"title\">\r\n\t\t\t\t\t\t\t\t<span class=\"text-body \">\r\n\t\t\t\t\t\t\t\t\tGrundschule Infanteriestra\u00dfe, DE\t\t\t\t\t\t\t\t<\/span>\r\n\t\t\t\t\t\t\t<\/div>\r\n\t\t\t\t\t\t\t\t\t\t\t\t\t\t<div class=\"subtitle\">\r\n\t\t\t\t\t\t\t\t<span class=\"\"><p>Die Stadt M\u00fcnchen hat einen m\u00f6glichst klimaneutralen, stadteigenen Geb\u00e4udebestand gesetzlich verankert. Einen Beitrag dazu leistet in dieser M\u00fcnchner Grundschule die Schafwolld\u00e4mmung ISOLENA Optimal Plus als D\u00e4mmauflage in den <u>abgeh\u00e4ngten Akustikdecken<\/u>.<\/p>\n<\/span>\r\n\t\t\t\t\t\t\t<\/div>\r\n\t\t\t\t\t\t\t\t\t\t\t<div class=\"details layout-inline details-alignment-default style-labels\">\t\t\t\t\t<div class=\"details-item\">\n\t\t\t\t\t\t\t\t\t\t\t\t<span class=\"value text-body-tiny \">\n\t\t\t\t\t\t\t<span>Bauherr: Landeshauptstadt M\u00fcnchen, Planung & Umsetzung: Behnisch Architekten<\/span>\t\t\t\t\t\t<\/span>\n\t\t\t\t\t<\/div>\n\t\t\t\t\t<\/div>\n\t\t\t\t\t\t\t\t\t<\/div>\r\n\t\t\t\t\t\t\t<\/div>\r\n\t\t\t\t<\/div>\r\n\t<div class=\"portfolio-item hochbau raumakustik col-xs-12 col-sm-6 col-md-4 item-animations-not-inited portfolio-item-template appearance-type-featured_image post-42862 thegem_pf_item type-thegem_pf_item status-publish has-post-thumbnail\" data-default-sort=\"15\" data-sort-date=\"1680134411\">\r\n\t\t\t\t\t<div class=\"wrap clearfix\">\r\n\t\t\t\t<div class=\"image post-42862 thegem_pf_item type-thegem_pf_item status-publish has-post-thumbnail\">\r\n\t\t\t\t\t<div class=\"image-inner \">\r\n\t\t\t\t\t\t\t\t<picture>\n\t\t\t\t\t\t\t\t\t\t\t\t\t\t\t\t\t\t\t<img loading=\"lazy\" src=\"https:\/\/www.isolena.com\/wp-content\/uploads\/2024\/06\/festspielhaus-bregenz-akustikdecke.jpg\" width=\"350\" height=\"265\"  class=\"attachment-thegem-portfolio-masonry\" alt=\"Festspielhaus Bregenz, AT\" \/>\n\t\t<\/picture>\n\t\t\t\t\t\t\t<\/div>\r\n\r\n\t\t\t\t\t\t\t\t\t\t<div class=\"overlay click-disabled\">\r\n\t\t\t\t\t\t\t\t\t\t\t\t\t<div class=\"overlay-circle\"><\/div>\r\n\t\t\t\t\t\t\t\t\t\t\t\t\t<div class=\"links-wrapper\">\r\n\t\t\t\t\t\t\t\t\t\t\t\t\t<span class=\"set\">\n\t\t\t\t<a class=\"additional-meta\" data-filter-type=\"taxonomies\" data-attr=\"thegem_portfolios\" data-filter=\"hochbau\">Hochbau<\/a>, <a class=\"additional-meta\" data-filter-type=\"taxonomies\" data-attr=\"thegem_portfolios\" data-filter=\"raumakustik\">Raumakustik<\/a>\t\t\t\t\t<\/span>\n\t\t\t\t\r\n\t\t\t\t\t\t\t\t<div class=\"links\">\r\n\t\t\t\t\t\t\t\t\t\t\t\t\t\t\t\t\t<\/div>\r\n\t\t\t\t\t\t\t<\/div>\r\n\t\t\t\t\t\t\t\t\t\t\t<\/div>\r\n\t\t\t\t<\/div>\r\n\t\t\t\t\t\t\t\t\t<div class=\"caption click-disabled post-42862 thegem_pf_item type-thegem_pf_item status-publish has-post-thumbnail\">\r\n\t\t\t\t\t\t\t\t\t\t\t\t\t<div class=\"title\">\r\n\t\t\t\t\t\t\t\t<span class=\"text-body \">\r\n\t\t\t\t\t\t\t\t\tFestspielhaus Bregenz, AT\t\t\t\t\t\t\t\t<\/span>\r\n\t\t\t\t\t\t\t<\/div>\r\n\t\t\t\t\t\t\t\t\t\t\t\t\t\t<div class=\"subtitle\">\r\n\t\t\t\t\t\t\t\t<span class=\"\"><p>F\u00fcr harmonische Kl\u00e4nge sorgen im Festspielhaus Bregenz talentierte K\u00fcnstler, aber auch eine <u>Akustikdecke<\/u> mit ISOLENA Schafwolld\u00e4mmung.<\/p>\n<\/span>\r\n\t\t\t\t\t\t\t<\/div>\r\n\t\t\t\t\t\t\t\t\t\t\t<div class=\"details layout-inline details-alignment-default style-labels\">\t\t\t\t\t<div class=\"details-item\">\n\t\t\t\t\t\t\t\t\t\t\t\t<span class=\"value text-body-tiny \">\n\t\t\t\t\t\t\t<span>Kunde: Amt der Landeshauptstadt Bregenz | Architekt: Architekten ZT GmbH | Umsetzung: Trockenbau GmbH M\u00fcnchen<\/span>\t\t\t\t\t\t<\/span>\n\t\t\t\t\t<\/div>\n\t\t\t\t\t<\/div>\n\t\t\t\t\t\t\t\t\t<\/div>\r\n\t\t\t\t\t\t\t<\/div>\r\n\t\t\t\t<\/div>\r\n\t<div class=\"portfolio-item hochbau altbau-sanierung col-xs-12 col-sm-6 col-md-4 item-animations-not-inited portfolio-item-template appearance-type-featured_image post-42926 thegem_pf_item type-thegem_pf_item status-publish has-post-thumbnail\" data-default-sort=\"15\" data-sort-date=\"1674604843\">\r\n\t\t\t\t\t<div class=\"wrap clearfix\">\r\n\t\t\t\t<div class=\"image post-42926 thegem_pf_item type-thegem_pf_item status-publish has-post-thumbnail\">\r\n\t\t\t\t\t<div class=\"image-inner \">\r\n\t\t\t\t\t\t\t\t<picture>\n\t\t\t\t\t\t\t\t\t\t\t\t\t\t\t\t\t\t\t<img loading=\"lazy\" src=\"https:\/\/www.isolena.com\/wp-content\/uploads\/2023\/06\/felben-gross-LM-3575.png\" width=\"370\" height=\"425\"  class=\"attachment-thegem-portfolio-masonry\" alt=\"Oberstufe Felben-Wellhausen, CH\" \/>\n\t\t<\/picture>\n\t\t\t\t\t\t\t<\/div>\r\n\r\n\t\t\t\t\t\t\t\t\t\t<div class=\"overlay click-disabled\">\r\n\t\t\t\t\t\t\t\t\t\t\t\t\t<div class=\"overlay-circle\"><\/div>\r\n\t\t\t\t\t\t\t\t\t\t\t\t\t<div class=\"links-wrapper\">\r\n\t\t\t\t\t\t\t\t\t\t\t\t\t<span class=\"set\">\n\t\t\t\t<a class=\"additional-meta\" data-filter-type=\"taxonomies\" data-attr=\"thegem_portfolios\" data-filter=\"hochbau\">Hochbau<\/a>, <a class=\"additional-meta\" data-filter-type=\"taxonomies\" data-attr=\"thegem_portfolios\" data-filter=\"altbau-sanierung\">Sanierung<\/a>\t\t\t\t\t<\/span>\n\t\t\t\t\r\n\t\t\t\t\t\t\t\t<div class=\"links\">\r\n\t\t\t\t\t\t\t\t\t\t\t\t\t\t\t\t\t<\/div>\r\n\t\t\t\t\t\t\t<\/div>\r\n\t\t\t\t\t\t\t\t\t\t\t<\/div>\r\n\t\t\t\t<\/div>\r\n\t\t\t\t\t\t\t\t\t<div class=\"caption click-disabled post-42926 thegem_pf_item type-thegem_pf_item status-publish has-post-thumbnail\">\r\n\t\t\t\t\t\t\t\t\t\t\t\t\t<div class=\"title\">\r\n\t\t\t\t\t\t\t\t<span class=\"text-body \">\r\n\t\t\t\t\t\t\t\t\tOberstufe Felben-Wellhausen, CH\t\t\t\t\t\t\t\t<\/span>\r\n\t\t\t\t\t\t\t<\/div>\r\n\t\t\t\t\t\t\t\t\t\t\t\t\t\t<div class=\"subtitle\">\r\n\t\t\t\t\t\t\t\t<span class=\"\"><p>Nach Inbetriebnahme des Neubaus der Schule folgte die b\u00f6se Entdeckung: Viel zu hohe <u>Formaldehydwerte<\/u> in den Innenr\u00e4umen! Durch Schafwolle konnten R\u00fcckbau oder Abriss vermieden werden.<\/p>\n<div style=\"margin-top: 20px\"><a href=\"\/pf\/formaldehydsanierung-schule-felben\/\" class=\"iw-refereces-button\">Projektdetails<\/a><\/div>\n<\/span>\r\n\t\t\t\t\t\t\t<\/div>\r\n\t\t\t\t\t\t\t\t\t\t\t<div class=\"details layout-inline details-alignment-default style-labels\">\t\t\t\t\t<div class=\"details-item\">\n\t\t\t\t\t\t\t\t\t\t\t\t<span class=\"value text-body-tiny \">\n\t\t\t\t\t\t\t<span>Bauherr: Schulen Frauenfeld Felben-Wellhausen; Sanierungsberatung: Bau- und Umweltchemie AG<\/span>\t\t\t\t\t\t<\/span>\n\t\t\t\t\t<\/div>\n\t\t\t\t\t<\/div>\n\t\t\t\t\t\t\t\t\t<\/div>\r\n\t\t\t\t\t\t\t<\/div>\r\n\t\t\t\t<\/div>\r\n\t<div class=\"portfolio-item hochbau raumakustik col-xs-12 col-sm-6 col-md-4 item-animations-not-inited portfolio-item-template appearance-type-featured_image post-49234 thegem_pf_item type-thegem_pf_item status-publish has-post-thumbnail\" data-default-sort=\"20\" data-sort-date=\"1674058815\">\r\n\t\t\t\t\t<div class=\"wrap clearfix\">\r\n\t\t\t\t<div class=\"image post-49234 thegem_pf_item type-thegem_pf_item status-publish has-post-thumbnail\">\r\n\t\t\t\t\t<div class=\"image-inner \">\r\n\t\t\t\t\t\t\t\t<picture>\n\t\t\t\t\t\t\t\t\t\t\t\t\t\t\t\t\t\t\t<img loading=\"lazy\" src=\"https:\/\/www.isolena.com\/wp-content\/uploads\/2023\/03\/referenz-gymnasium-dachsberg.jpg\" width=\"370\" height=\"425\"  class=\"attachment-thegem-portfolio-masonry\" alt=\"Gymnasium Dachsberg, AT\" \/>\n\t\t<\/picture>\n\t\t\t\t\t\t\t<\/div>\r\n\r\n\t\t\t\t\t\t\t\t\t\t<div class=\"overlay click-disabled\">\r\n\t\t\t\t\t\t\t\t\t\t\t\t\t<div class=\"overlay-circle\"><\/div>\r\n\t\t\t\t\t\t\t\t\t\t\t\t\t<div class=\"links-wrapper\">\r\n\t\t\t\t\t\t\t\t\t\t\t\t\t<span class=\"set\">\n\t\t\t\t<a class=\"additional-meta\" data-filter-type=\"taxonomies\" data-attr=\"thegem_portfolios\" data-filter=\"hochbau\">Hochbau<\/a>, <a class=\"additional-meta\" data-filter-type=\"taxonomies\" data-attr=\"thegem_portfolios\" data-filter=\"raumakustik\">Raumakustik<\/a>\t\t\t\t\t<\/span>\n\t\t\t\t\r\n\t\t\t\t\t\t\t\t<div class=\"links\">\r\n\t\t\t\t\t\t\t\t\t\t\t\t\t\t\t\t\t<\/div>\r\n\t\t\t\t\t\t\t<\/div>\r\n\t\t\t\t\t\t\t\t\t\t\t<\/div>\r\n\t\t\t\t<\/div>\r\n\t\t\t\t\t\t\t\t\t<div class=\"caption click-disabled post-49234 thegem_pf_item type-thegem_pf_item status-publish has-post-thumbnail\">\r\n\t\t\t\t\t\t\t\t\t\t\t\t\t<div class=\"title\">\r\n\t\t\t\t\t\t\t\t<span class=\"text-body \">\r\n\t\t\t\t\t\t\t\t\tGymnasium Dachsberg, AT\t\t\t\t\t\t\t\t<\/span>\r\n\t\t\t\t\t\t\t<\/div>\r\n\t\t\t\t\t\t\t\t\t\t\t\t\t\t<div class=\"subtitle\">\r\n\t\t\t\t\t\t\t\t<span class=\"\"><p>Um den Sch\u00fclern eine gute Lebens- und Lernumgebung zu bieten hat die Leitung des Privat-Gymnasiums Dachsberg im Zuge von Umbau- und Renovierungsarbeiten auch Hand an die <u>akustische Optimierung<\/u> gelegt.<\/p>\n<div style=\"margin-top: 20px\"><a href=\"\/pf\/turnsaal-schulraum-akustik\/\" class=\"iw-refereces-button\">Projektdetails<\/a><\/div>\n<\/span>\r\n\t\t\t\t\t\t\t<\/div>\r\n\t\t\t\t\t\t\t\t\t\t\t<div class=\"details layout-inline details-alignment-default style-labels\">\t\t\t\t\t<div class=\"details-item\">\n\t\t\t\t\t\t\t\t\t\t\t\t<span class=\"value text-body-tiny \">\n\t\t\t\t\t\t\t<span>Bauherr und Auftraggeber: Gymnasium Dachsberg | Architekt: Matulik Architekten<\/span>\t\t\t\t\t\t<\/span>\n\t\t\t\t\t<\/div>\n\t\t\t\t\t<\/div>\n\t\t\t\t\t\t\t\t\t<\/div>\r\n\t\t\t\t\t\t\t<\/div>\r\n\t\t\t\t<\/div>\r\n\t<div class=\"portfolio-item hochbau col-xs-12 col-sm-6 col-md-4 item-animations-not-inited portfolio-item-template appearance-type-featured_image post-42964 thegem_pf_item type-thegem_pf_item status-publish has-post-thumbnail\" data-default-sort=\"15\" data-sort-date=\"1672531254\">\r\n\t\t\t\t\t<div class=\"wrap clearfix\">\r\n\t\t\t\t<div class=\"image post-42964 thegem_pf_item type-thegem_pf_item status-publish has-post-thumbnail\">\r\n\t\t\t\t\t<div class=\"image-inner \">\r\n\t\t\t\t\t\t\t\t<picture>\n\t\t\t\t\t\t\t\t\t\t\t\t\t\t\t\t\t\t\t<img loading=\"lazy\" src=\"https:\/\/www.isolena.com\/wp-content\/uploads\/2023\/01\/klimaschutz-spar-DGNB-Platin.jpg\" width=\"371\" height=\"200\"  class=\"attachment-thegem-portfolio-masonry\" alt=\"Spar Klimaschutz Supermarkt, AT\" \/>\n\t\t<\/picture>\n\t\t\t\t\t\t\t<\/div>\r\n\r\n\t\t\t\t\t\t\t\t\t\t<div class=\"overlay click-disabled\">\r\n\t\t\t\t\t\t\t\t\t\t\t\t\t<div class=\"overlay-circle\"><\/div>\r\n\t\t\t\t\t\t\t\t\t\t\t\t\t<div class=\"links-wrapper\">\r\n\t\t\t\t\t\t\t\t\t\t\t\t\t<span class=\"set\">\n\t\t\t\t<a class=\"additional-meta\" data-filter-type=\"taxonomies\" data-attr=\"thegem_portfolios\" data-filter=\"hochbau\">Hochbau<\/a>\t\t\t\t\t<\/span>\n\t\t\t\t\r\n\t\t\t\t\t\t\t\t<div class=\"links\">\r\n\t\t\t\t\t\t\t\t\t\t\t\t\t\t\t\t\t<\/div>\r\n\t\t\t\t\t\t\t<\/div>\r\n\t\t\t\t\t\t\t\t\t\t\t<\/div>\r\n\t\t\t\t<\/div>\r\n\t\t\t\t\t\t\t\t\t<div class=\"caption click-disabled post-42964 thegem_pf_item type-thegem_pf_item status-publish has-post-thumbnail\">\r\n\t\t\t\t\t\t\t\t\t\t\t\t\t<div class=\"title\">\r\n\t\t\t\t\t\t\t\t<span class=\"text-body \">\r\n\t\t\t\t\t\t\t\t\tSpar Klimaschutz Supermarkt, AT\t\t\t\t\t\t\t\t<\/span>\r\n\t\t\t\t\t\t\t<\/div>\r\n\t\t\t\t\t\t\t\t\t\t\t\t\t\t<div class=\"subtitle\">\r\n\t\t\t\t\t\t\t\t<span class=\"\"><p>Mit den Klimaschutz-M\u00e4rkten setzte das Traditionsunternehmen Spar neue Standards im Bau seiner Supermarktfilialen. Die Filiale in Linz-Froschberg zeichnet sich u.a. aus durch die <u>Wandd\u00e4mmung<\/u> mit gesunder Schafwolle und ist <u><a href=\"https:\/\/www.ogni.at\/projekte\/spar-klimaschutzmarkt-linz-ziegeleistrase\/\" target=\"_blank\">DGNB-Platin zertifiziert<\/a><\/u><\/p>\n<\/span>\r\n\t\t\t\t\t\t\t<\/div>\r\n\t\t\t\t\t\t\t\t\t\t\t<div class=\"details layout-inline details-alignment-default style-labels\">\t\t\t\t\t<div class=\"details-item\">\n\t\t\t\t\t\t\t\t\t\t\t\t<span class=\"value text-body-tiny \">\n\t\t\t\t\t\t\t<span>Bauherr: Spar \u00d6sterreichische Warenhandesls-AG | Architekt: DI Reihnhold Kroh | Umsetzung: Secco Construct GmbH<\/span>\t\t\t\t\t\t<\/span>\n\t\t\t\t\t<\/div>\n\t\t\t\t\t<\/div>\n\t\t\t\t\t\t\t\t\t<\/div>\r\n\t\t\t\t\t\t\t<\/div>\r\n\t\t\t\t<\/div>\r\n\t<div class=\"portfolio-item hochbau holzbau raumakustik col-xs-12 col-sm-6 col-md-4 item-animations-not-inited portfolio-item-template appearance-type-featured_image post-42989 thegem_pf_item type-thegem_pf_item status-publish has-post-thumbnail\" data-default-sort=\"15\" data-sort-date=\"1671062454\">\r\n\t\t\t\t\t<div class=\"wrap clearfix\">\r\n\t\t\t\t<div class=\"image post-42989 thegem_pf_item type-thegem_pf_item status-publish has-post-thumbnail\">\r\n\t\t\t\t\t<div class=\"image-inner \">\r\n\t\t\t\t\t\t\t\t<picture>\n\t\t\t\t\t\t\t\t\t\t\t\t\t\t\t\t\t\t\t<img loading=\"lazy\" src=\"https:\/\/www.isolena.com\/wp-content\/uploads\/2022\/12\/gemeindezentrum-ludesch-01.jpg\" width=\"350\" height=\"265\"  class=\"attachment-thegem-portfolio-masonry\" alt=\"Gemeindezentrum Ludesch, AT\" \/>\n\t\t<\/picture>\n\t\t\t\t\t\t\t<\/div>\r\n\r\n\t\t\t\t\t\t\t\t\t\t<div class=\"overlay click-disabled\">\r\n\t\t\t\t\t\t\t\t\t\t\t\t\t<div class=\"overlay-circle\"><\/div>\r\n\t\t\t\t\t\t\t\t\t\t\t\t\t<div class=\"links-wrapper\">\r\n\t\t\t\t\t\t\t\t\t\t\t\t\t<span class=\"set\">\n\t\t\t\t<a class=\"additional-meta\" data-filter-type=\"taxonomies\" data-attr=\"thegem_portfolios\" data-filter=\"hochbau\">Hochbau<\/a>, <a class=\"additional-meta\" data-filter-type=\"taxonomies\" data-attr=\"thegem_portfolios\" data-filter=\"holzbau\">Holzbau<\/a>, <a class=\"additional-meta\" data-filter-type=\"taxonomies\" data-attr=\"thegem_portfolios\" data-filter=\"raumakustik\">Raumakustik<\/a>\t\t\t\t\t<\/span>\n\t\t\t\t\r\n\t\t\t\t\t\t\t\t<div class=\"links\">\r\n\t\t\t\t\t\t\t\t\t\t\t\t\t\t\t\t\t<\/div>\r\n\t\t\t\t\t\t\t<\/div>\r\n\t\t\t\t\t\t\t\t\t\t\t<\/div>\r\n\t\t\t\t<\/div>\r\n\t\t\t\t\t\t\t\t\t<div class=\"caption click-disabled post-42989 thegem_pf_item type-thegem_pf_item status-publish has-post-thumbnail\">\r\n\t\t\t\t\t\t\t\t\t\t\t\t\t<div class=\"title\">\r\n\t\t\t\t\t\t\t\t<span class=\"text-body \">\r\n\t\t\t\t\t\t\t\t\tGemeindezentrum Ludesch, AT\t\t\t\t\t\t\t\t<\/span>\r\n\t\t\t\t\t\t\t<\/div>\r\n\t\t\t\t\t\t\t\t\t\t\t\t\t\t<div class=\"subtitle\">\r\n\t\t\t\t\t\t\t\t<span class=\"\"><p>Das Haus wurde im Zuge des \u00f6kologisch und nachhaltig ausgerichteten \u201eHaus der Zukunft\u201c-Programmes gebaut. <u>Zwischenw\u00e4nde<\/u> und <u>Akustikdecken<\/u> sind mit gesunder ISOLENA Schafwolle ged\u00e4mmt.<\/p>\n<\/span>\r\n\t\t\t\t\t\t\t<\/div>\r\n\t\t\t\t\t\t\t\t\t\t\t<div class=\"details layout-inline details-alignment-default style-labels\">\t\t\t\t\t<div class=\"details-item\">\n\t\t\t\t\t\t\t\t\t\t\t\t<span class=\"value text-body-tiny \">\n\t\t\t\t\t\t\t<span>Bauherr: Gemeinde Ludesch | Architekt: Architekturb\u00fcro DI Hermann Kaufmann | Ausf\u00fchrend: ARGE Wucher Bauunternehmen GmbH & CO KG und SUTTER Holzbau GmbH<\/span>\t\t\t\t\t\t<\/span>\n\t\t\t\t\t<\/div>\n\t\t\t\t\t<\/div>\n\t\t\t\t\t\t\t\t\t<\/div>\r\n\t\t\t\t\t\t\t<\/div>\r\n\t\t\t\t<\/div>\r\n\t<div class=\"portfolio-item hochbau holzbau col-xs-12 col-sm-6 col-md-4 item-animations-not-inited portfolio-item-template appearance-type-featured_image post-42995 thegem_pf_item type-thegem_pf_item status-publish has-post-thumbnail\" data-default-sort=\"15\" data-sort-date=\"1669680054\">\r\n\t\t\t\t\t<div class=\"wrap clearfix\">\r\n\t\t\t\t<div class=\"image post-42995 thegem_pf_item type-thegem_pf_item status-publish has-post-thumbnail\">\r\n\t\t\t\t\t<div class=\"image-inner \">\r\n\t\t\t\t\t\t\t\t<picture>\n\t\t\t\t\t\t\t\t\t\t\t\t\t\t\t\t\t\t\t<img loading=\"lazy\" src=\"https:\/\/www.isolena.com\/wp-content\/uploads\/2022\/12\/firmengebaeude-woegerer.jpg\" width=\"350\" height=\"265\"  class=\"attachment-thegem-portfolio-masonry\" alt=\"Firmengeb\u00e4ude W\u00f6gerer, AT\" \/>\n\t\t<\/picture>\n\t\t\t\t\t\t\t<\/div>\r\n\r\n\t\t\t\t\t\t\t\t\t\t<div class=\"overlay click-disabled\">\r\n\t\t\t\t\t\t\t\t\t\t\t\t\t<div class=\"overlay-circle\"><\/div>\r\n\t\t\t\t\t\t\t\t\t\t\t\t\t<div class=\"links-wrapper\">\r\n\t\t\t\t\t\t\t\t\t\t\t\t\t<span class=\"set\">\n\t\t\t\t<a class=\"additional-meta\" data-filter-type=\"taxonomies\" data-attr=\"thegem_portfolios\" data-filter=\"hochbau\">Hochbau<\/a>, <a class=\"additional-meta\" data-filter-type=\"taxonomies\" data-attr=\"thegem_portfolios\" data-filter=\"holzbau\">Holzbau<\/a>\t\t\t\t\t<\/span>\n\t\t\t\t\r\n\t\t\t\t\t\t\t\t<div class=\"links\">\r\n\t\t\t\t\t\t\t\t\t\t\t\t\t\t\t\t\t<\/div>\r\n\t\t\t\t\t\t\t<\/div>\r\n\t\t\t\t\t\t\t\t\t\t\t<\/div>\r\n\t\t\t\t<\/div>\r\n\t\t\t\t\t\t\t\t\t<div class=\"caption click-disabled post-42995 thegem_pf_item type-thegem_pf_item status-publish has-post-thumbnail\">\r\n\t\t\t\t\t\t\t\t\t\t\t\t\t<div class=\"title\">\r\n\t\t\t\t\t\t\t\t<span class=\"text-body \">\r\n\t\t\t\t\t\t\t\t\tFirmengeb\u00e4ude W\u00f6gerer, AT\t\t\t\t\t\t\t\t<\/span>\r\n\t\t\t\t\t\t\t<\/div>\r\n\t\t\t\t\t\t\t\t\t\t\t\t\t\t<div class=\"subtitle\">\r\n\t\t\t\t\t\t\t\t<span class=\"\"><p>Im Inneren des Firmengeb\u00e4udes der Firma W\u00f6gerer GmbH l\u00e4sst es sich gesund durchatmen: Die <u>Innenw\u00e4nde<\/u> sind mit gesunder, nachhaltiger Schafwolld\u00e4mmung ausgestattet.<\/p>\n<\/span>\r\n\t\t\t\t\t\t\t<\/div>\r\n\t\t\t\t\t\t\t\t\t\t\t<div class=\"details layout-inline details-alignment-default style-labels\">\t\t\t\t\t<div class=\"details-item\">\n\t\t\t\t\t\t\t\t\t\t\t\t<span class=\"value text-body-tiny \">\n\t\t\t\t\t\t\t<span>Bauherr: W\u00f6gerer GmbH | Architekt: Hertl Architekten ZT GmbH | Ausf\u00fchrend: Holzbau Aigner GmbH<\/span>\t\t\t\t\t\t<\/span>\n\t\t\t\t\t<\/div>\n\t\t\t\t\t<\/div>\n\t\t\t\t\t\t\t\t\t<\/div>\r\n\t\t\t\t\t\t\t<\/div>\r\n\t\t\t\t<\/div>\r\n\n\t\t\t\t\t\t\t\t\t<\/div><!-- .portflio-set -->\n\t\t\t\t\t\t\t\t\t\t\t\t\t\t\t\t\t\t\t<div class=\"portfolio-item-size-container\">\n\t\t\t\t\t\t\t\t\t\t\t\t<div class=\"portfolio-item col-xs-12 col-sm-6 col-md-4 item-animations-not-inited portfolio-item-template appearance-type-featured_image post-42995 thegem_pf_item type-thegem_pf_item status-publish has-post-thumbnail\">\r\n\t\t\t<\/div>\r\n\t\t\t\t\t\t\t\t\t\t<\/div>\n\t\t\t\t\t\t\t\t\t\t\t\t\t\t\t\t\t<\/div><!-- .row-->\n\n\t\t\t\t\t\t\t\t\n\t\t\t\t\t\t\t\t\n\t\t\t\t\t<\/div><!-- .full-width -->\n\t\t\t\t<\/div><!-- .portfolio-->\n\t\t\t<\/div><!-- .portfolio-preloader-wrapper-->\n\t\t\t\t\t\t<\/div>\n\t\t\t\t<\/div>\n\t\t\t\t\t<\/div>\n\t\t\t\t<\/div>\n\t\t\t\t<\/div>\n\t\t","protected":false},"excerpt":{"rendered":"<p>Referenz-Projekte D\u00e4mmung im Hochbau Unsere Referenzen im Hochbau zeigen eine Vielzahl erfolgreich realisierter Projekte \u2013 von Firmenzentralen \u00fcber Schulen bis&#8230;<\/p>\n","protected":false},"author":1,"featured_media":0,"parent":37069,"menu_order":10,"comment_status":"closed","ping_status":"closed","template":"page-fullwidth.php","meta":{"footnotes":""},"class_list":["post-45066","page","type-page","status-publish"],"yoast_head":"<!-- This site is optimized with the Yoast SEO plugin v27.1.1 - https:\/\/yoast.com\/product\/yoast-seo-wordpress\/ -->\n<title>Hochbau Referenzen Schafwolld\u00e4mmung | ISOLENA<\/title>\n<meta name=\"description\" content=\"Schafwolld\u00e4mmung ist f\u00fcr den Hochbau die richtige Wahl: Im Hotel, im Supermarkt, im Gemeindezentrum oder auch im Wohnhaus.\" \/>\n<meta name=\"robots\" content=\"index, follow, max-snippet:-1, max-image-preview:large, max-video-preview:-1\" \/>\n<link rel=\"canonical\" href=\"https:\/\/www.isolena.com\/de\/referenzen\/hochbau\/\" \/>\n<meta property=\"og:locale\" content=\"de_DE\" \/>\n<meta property=\"og:type\" content=\"article\" \/>\n<meta property=\"og:title\" content=\"Hochbau Referenzen Schafwolld\u00e4mmung | ISOLENA\" \/>\n<meta property=\"og:description\" content=\"Schafwolld\u00e4mmung ist f\u00fcr den Hochbau die richtige Wahl: Im Hotel, im Supermarkt, im Gemeindezentrum oder auch im Wohnhaus.\" \/>\n<meta property=\"og:url\" content=\"https:\/\/www.isolena.com\/de\/referenzen\/hochbau\/\" \/>\n<meta property=\"og:site_name\" content=\"www.isolena.com\" \/>\n<meta property=\"article:publisher\" content=\"https:\/\/www.facebook.com\/lehnerwool\/\" \/>\n<meta property=\"article:modified_time\" content=\"2026-02-18T11:41:56+00:00\" \/>\n<meta property=\"og:image\" content=\"https:\/\/www.isolena.com\/wp-content\/uploads\/2024\/11\/strabag-taborama-wohnhaus-uebersicht.jpg\" \/>\n<meta name=\"twitter:card\" content=\"summary_large_image\" \/>\n<meta name=\"twitter:label1\" content=\"Gesch\u00e4tzte Lesezeit\" \/>\n\t<meta name=\"twitter:data1\" content=\"9\u00a0Minuten\" \/>\n<script type=\"application\/ld+json\" class=\"yoast-schema-graph\">{\"@context\":\"https:\/\/schema.org\",\"@graph\":[{\"@type\":\"WebPage\",\"@id\":\"https:\/\/www.isolena.com\/de\/referenzen\/hochbau\/\",\"url\":\"https:\/\/www.isolena.com\/de\/referenzen\/hochbau\/\",\"name\":\"Hochbau Referenzen Schafwolld\u00e4mmung | ISOLENA\",\"isPartOf\":{\"@id\":\"https:\/\/www.isolena.com\/de\/#website\"},\"primaryImageOfPage\":{\"@id\":\"https:\/\/www.isolena.com\/de\/referenzen\/hochbau\/#primaryimage\"},\"image\":{\"@id\":\"https:\/\/www.isolena.com\/de\/referenzen\/hochbau\/#primaryimage\"},\"thumbnailUrl\":\"https:\/\/www.isolena.com\/wp-content\/uploads\/2024\/11\/strabag-taborama-wohnhaus-uebersicht.jpg\",\"datePublished\":\"2024-09-13T15:10:01+00:00\",\"dateModified\":\"2026-02-18T11:41:56+00:00\",\"description\":\"Schafwolld\u00e4mmung ist f\u00fcr den Hochbau die richtige Wahl: Im Hotel, im Supermarkt, im Gemeindezentrum oder auch im Wohnhaus.\",\"breadcrumb\":{\"@id\":\"https:\/\/www.isolena.com\/de\/referenzen\/hochbau\/#breadcrumb\"},\"inLanguage\":\"de\",\"potentialAction\":[{\"@type\":\"ReadAction\",\"target\":[\"https:\/\/www.isolena.com\/de\/referenzen\/hochbau\/\"]}]},{\"@type\":\"ImageObject\",\"inLanguage\":\"de\",\"@id\":\"https:\/\/www.isolena.com\/de\/referenzen\/hochbau\/#primaryimage\",\"url\":\"https:\/\/www.isolena.com\/wp-content\/uploads\/2024\/11\/strabag-taborama-wohnhaus-uebersicht.jpg\",\"contentUrl\":\"https:\/\/www.isolena.com\/wp-content\/uploads\/2024\/11\/strabag-taborama-wohnhaus-uebersicht.jpg\"},{\"@type\":\"BreadcrumbList\",\"@id\":\"https:\/\/www.isolena.com\/de\/referenzen\/hochbau\/#breadcrumb\",\"itemListElement\":[{\"@type\":\"ListItem\",\"position\":1,\"name\":\"Home\",\"item\":\"https:\/\/www.isolena.com\/\"},{\"@type\":\"ListItem\",\"position\":2,\"name\":\"Referenzen\",\"item\":\"https:\/\/www.isolena.com\/referenzen\/\"},{\"@type\":\"ListItem\",\"position\":3,\"name\":\"Hochbau\"}]},{\"@type\":\"WebSite\",\"@id\":\"https:\/\/www.isolena.com\/de\/#website\",\"url\":\"https:\/\/www.isolena.com\/de\/\",\"name\":\"ISOLENA - Schafwolld\u00e4mmung\",\"description\":\"\",\"publisher\":{\"@id\":\"https:\/\/www.isolena.com\/de\/#organization\"},\"potentialAction\":[{\"@type\":\"SearchAction\",\"target\":{\"@type\":\"EntryPoint\",\"urlTemplate\":\"https:\/\/www.isolena.com\/de\/?s={search_term_string}\"},\"query-input\":{\"@type\":\"PropertyValueSpecification\",\"valueRequired\":true,\"valueName\":\"search_term_string\"}}],\"inLanguage\":\"de\"},{\"@type\":\"Organization\",\"@id\":\"https:\/\/www.isolena.com\/de\/#organization\",\"name\":\"ISOLENA Naturfaservliese GmbH\",\"url\":\"https:\/\/www.isolena.com\/de\/\",\"logo\":{\"@type\":\"ImageObject\",\"inLanguage\":\"de\",\"@id\":\"https:\/\/www.isolena.com\/de\/#\/schema\/logo\/image\/\",\"url\":\"https:\/\/www.isolena.com\/wp-content\/uploads\/2025\/02\/isolena-logo-bubble.png\",\"contentUrl\":\"https:\/\/www.isolena.com\/wp-content\/uploads\/2025\/02\/isolena-logo-bubble.png\",\"width\":400,\"height\":235,\"caption\":\"ISOLENA Naturfaservliese GmbH\"},\"image\":{\"@id\":\"https:\/\/www.isolena.com\/de\/#\/schema\/logo\/image\/\"},\"sameAs\":[\"https:\/\/www.facebook.com\/lehnerwool\/\",\"https:\/\/www.youtube.com\/user\/LehnerWolle3\",\"https:\/\/www.instagram.com\/lehnerwool\/\"]}]}<\/script>\n<!-- \/ Yoast SEO plugin. -->","yoast_head_json":{"title":"Hochbau Referenzen Schafwolld\u00e4mmung | ISOLENA","description":"Schafwolld\u00e4mmung ist f\u00fcr den Hochbau die richtige Wahl: Im Hotel, im Supermarkt, im Gemeindezentrum oder auch im Wohnhaus.","robots":{"index":"index","follow":"follow","max-snippet":"max-snippet:-1","max-image-preview":"max-image-preview:large","max-video-preview":"max-video-preview:-1"},"canonical":"https:\/\/www.isolena.com\/de\/referenzen\/hochbau\/","og_locale":"de_DE","og_type":"article","og_title":"Hochbau Referenzen Schafwolld\u00e4mmung | ISOLENA","og_description":"Schafwolld\u00e4mmung ist f\u00fcr den Hochbau die richtige Wahl: Im Hotel, im Supermarkt, im Gemeindezentrum oder auch im Wohnhaus.","og_url":"https:\/\/www.isolena.com\/de\/referenzen\/hochbau\/","og_site_name":"www.isolena.com","article_publisher":"https:\/\/www.facebook.com\/lehnerwool\/","article_modified_time":"2026-02-18T11:41:56+00:00","og_image":[{"url":"https:\/\/www.isolena.com\/wp-content\/uploads\/2024\/11\/strabag-taborama-wohnhaus-uebersicht.jpg","type":"","width":"","height":""}],"twitter_card":"summary_large_image","twitter_misc":{"Gesch\u00e4tzte Lesezeit":"9\u00a0Minuten"},"schema":{"@context":"https:\/\/schema.org","@graph":[{"@type":"WebPage","@id":"https:\/\/www.isolena.com\/de\/referenzen\/hochbau\/","url":"https:\/\/www.isolena.com\/de\/referenzen\/hochbau\/","name":"Hochbau Referenzen Schafwolld\u00e4mmung | ISOLENA","isPartOf":{"@id":"https:\/\/www.isolena.com\/de\/#website"},"primaryImageOfPage":{"@id":"https:\/\/www.isolena.com\/de\/referenzen\/hochbau\/#primaryimage"},"image":{"@id":"https:\/\/www.isolena.com\/de\/referenzen\/hochbau\/#primaryimage"},"thumbnailUrl":"https:\/\/www.isolena.com\/wp-content\/uploads\/2024\/11\/strabag-taborama-wohnhaus-uebersicht.jpg","datePublished":"2024-09-13T15:10:01+00:00","dateModified":"2026-02-18T11:41:56+00:00","description":"Schafwolld\u00e4mmung ist f\u00fcr den Hochbau die richtige Wahl: Im Hotel, im Supermarkt, im Gemeindezentrum oder auch im Wohnhaus.","breadcrumb":{"@id":"https:\/\/www.isolena.com\/de\/referenzen\/hochbau\/#breadcrumb"},"inLanguage":"de","potentialAction":[{"@type":"ReadAction","target":["https:\/\/www.isolena.com\/de\/referenzen\/hochbau\/"]}]},{"@type":"ImageObject","inLanguage":"de","@id":"https:\/\/www.isolena.com\/de\/referenzen\/hochbau\/#primaryimage","url":"https:\/\/www.isolena.com\/wp-content\/uploads\/2024\/11\/strabag-taborama-wohnhaus-uebersicht.jpg","contentUrl":"https:\/\/www.isolena.com\/wp-content\/uploads\/2024\/11\/strabag-taborama-wohnhaus-uebersicht.jpg"},{"@type":"BreadcrumbList","@id":"https:\/\/www.isolena.com\/de\/referenzen\/hochbau\/#breadcrumb","itemListElement":[{"@type":"ListItem","position":1,"name":"Home","item":"https:\/\/www.isolena.com\/"},{"@type":"ListItem","position":2,"name":"Referenzen","item":"https:\/\/www.isolena.com\/referenzen\/"},{"@type":"ListItem","position":3,"name":"Hochbau"}]},{"@type":"WebSite","@id":"https:\/\/www.isolena.com\/de\/#website","url":"https:\/\/www.isolena.com\/de\/","name":"ISOLENA - Schafwolld\u00e4mmung","description":"","publisher":{"@id":"https:\/\/www.isolena.com\/de\/#organization"},"potentialAction":[{"@type":"SearchAction","target":{"@type":"EntryPoint","urlTemplate":"https:\/\/www.isolena.com\/de\/?s={search_term_string}"},"query-input":{"@type":"PropertyValueSpecification","valueRequired":true,"valueName":"search_term_string"}}],"inLanguage":"de"},{"@type":"Organization","@id":"https:\/\/www.isolena.com\/de\/#organization","name":"ISOLENA Naturfaservliese GmbH","url":"https:\/\/www.isolena.com\/de\/","logo":{"@type":"ImageObject","inLanguage":"de","@id":"https:\/\/www.isolena.com\/de\/#\/schema\/logo\/image\/","url":"https:\/\/www.isolena.com\/wp-content\/uploads\/2025\/02\/isolena-logo-bubble.png","contentUrl":"https:\/\/www.isolena.com\/wp-content\/uploads\/2025\/02\/isolena-logo-bubble.png","width":400,"height":235,"caption":"ISOLENA Naturfaservliese GmbH"},"image":{"@id":"https:\/\/www.isolena.com\/de\/#\/schema\/logo\/image\/"},"sameAs":["https:\/\/www.facebook.com\/lehnerwool\/","https:\/\/www.youtube.com\/user\/LehnerWolle3","https:\/\/www.instagram.com\/lehnerwool\/"]}]}},"_links":{"self":[{"href":"https:\/\/www.isolena.com\/de\/wp-json\/wp\/v2\/pages\/45066","targetHints":{"allow":["GET"]}}],"collection":[{"href":"https:\/\/www.isolena.com\/de\/wp-json\/wp\/v2\/pages"}],"about":[{"href":"https:\/\/www.isolena.com\/de\/wp-json\/wp\/v2\/types\/page"}],"author":[{"embeddable":true,"href":"https:\/\/www.isolena.com\/de\/wp-json\/wp\/v2\/users\/1"}],"replies":[{"embeddable":true,"href":"https:\/\/www.isolena.com\/de\/wp-json\/wp\/v2\/comments?post=45066"}],"version-history":[{"count":76,"href":"https:\/\/www.isolena.com\/de\/wp-json\/wp\/v2\/pages\/45066\/revisions"}],"predecessor-version":[{"id":58776,"href":"https:\/\/www.isolena.com\/de\/wp-json\/wp\/v2\/pages\/45066\/revisions\/58776"}],"up":[{"embeddable":true,"href":"https:\/\/www.isolena.com\/de\/wp-json\/wp\/v2\/pages\/37069"}],"wp:attachment":[{"href":"https:\/\/www.isolena.com\/de\/wp-json\/wp\/v2\/media?parent=45066"}],"curies":[{"name":"wp","href":"https:\/\/api.w.org\/{rel}","templated":true}]}}